{"id":46,"date":"2025-11-27T20:47:52","date_gmt":"2025-11-27T19:47:52","guid":{"rendered":"http:\/\/www.polstersbuchwelten.de\/?page_id=46"},"modified":"2026-03-20T21:00:12","modified_gmt":"2026-03-20T20:00:12","slug":"kinderbuecher","status":"publish","type":"page","link":"https:\/\/www.polstersbuchwelten.de\/index.php\/kinderbuecher\/","title":{"rendered":"Kinderb\u00fccher"},"content":{"rendered":"\n<div class=\"wp-block-columns is-layout-flex wp-container-core-columns-is-layout-9d6595d7 wp-block-columns-is-layout-flex\">\n<div class=\"wp-block-column is-layout-flow wp-block-column-is-layout-flow\">\n<figure class=\"wp-block-image size-large\"><img loading=\"lazy\" decoding=\"async\" width=\"643\" height=\"1024\" src=\"http:\/\/www.polstersbuchwelten.de\/wp-content\/uploads\/2025\/11\/Bild-18-643x1024.jpeg\" alt=\"\" class=\"wp-image-94\" srcset=\"https:\/\/www.polstersbuchwelten.de\/wp-content\/uploads\/2025\/11\/Bild-18-643x1024.jpeg 643w, https:\/\/www.polstersbuchwelten.de\/wp-content\/uploads\/2025\/11\/Bild-18-188x300.jpeg 188w, https:\/\/www.polstersbuchwelten.de\/wp-content\/uploads\/2025\/11\/Bild-18-768x1223.jpeg 768w, https:\/\/www.polstersbuchwelten.de\/wp-content\/uploads\/2025\/11\/Bild-18-964x1536.jpeg 964w, https:\/\/www.polstersbuchwelten.de\/wp-content\/uploads\/2025\/11\/Bild-18-1286x2048.jpeg 1286w, https:\/\/www.polstersbuchwelten.de\/wp-content\/uploads\/2025\/11\/Bild-18.jpeg 1594w\" sizes=\"auto, (max-width: 643px) 100vw, 643px\" \/><\/figure>\n<\/div>\n\n\n\n<div class=\"wp-block-column is-layout-flow wp-block-column-is-layout-flow\">\n<h4 class=\"wp-block-heading has-text-align-center\">Niklas ist neun Jahre alt, liebt Fu\u00dfball, R\u00e4tsel und spannende Abenteuer. Doch an seinem Geburtstag ver\u00e4ndert sich alles: Hinter den Himbeerb\u00fcschen im Garten begegnet er Bao &#8211; einem echten Panda! Schnell wird klar: Bao ist kein gew\u00f6hnlicher Panda. Gemeinsam entdecken die beiden das Herz des Waldes, begegnen Kobolden, singenden Steinen, einem einsamen Drachen und sogar einem freundlichen Riesen. Mit Neugier, Mut und jeder Menge Teamgeist meistern Niklas und seine Freunde jedes Abenteuer &#8211; ob im Klassenzimmer, auf dem Fu\u00dfballplatz oder in einer magischen H\u00f6hle. Ein Kinderbuch voller Fantasie, Freundschaft und Spannung &#8211; f\u00fcr alle Kinder, die gerne lachen, staunen und sich verzaubern lassen.<\/h4>\n<\/div>\n\n\n\n<div class=\"wp-block-column is-layout-flow wp-block-column-is-layout-flow\">\n<figure class=\"wp-block-image size-full\"><img loading=\"lazy\" decoding=\"async\" width=\"197\" height=\"32\" src=\"http:\/\/www.polstersbuchwelten.de\/wp-content\/uploads\/2025\/11\/Bild-1.jpeg\" alt=\"\" class=\"wp-image-84\"\/><\/figure>\n\n\n\n<figure class=\"wp-block-image size-full is-resized\"><a href=\"https:\/\/www.thalia.de\/shop\/home\/artikeldetails\/A1076880421\" target=\"_blank\" rel=\" noreferrer noopener\"><img loading=\"lazy\" decoding=\"async\" width=\"500\" height=\"159\" src=\"http:\/\/www.polstersbuchwelten.de\/wp-content\/uploads\/2025\/11\/IMG_0989.jpeg\" alt=\"\" class=\"wp-image-104\" style=\"width:191px;height:auto\" srcset=\"https:\/\/www.polstersbuchwelten.de\/wp-content\/uploads\/2025\/11\/IMG_0989.jpeg 500w, https:\/\/www.polstersbuchwelten.de\/wp-content\/uploads\/2025\/11\/IMG_0989-300x95.jpeg 300w\" sizes=\"auto, (max-width: 500px) 100vw, 500px\" \/><\/a><\/figure>\n\n\n\n<figure class=\"wp-block-image size-full is-resized\"><a href=\"https:\/\/www.amazon.de\/Niklas-geheimnisvolle-Panda-J\u00f6rg-Polster\/dp\/369517028X\/ref=sr_1_5?__mk_de_DE=\u00c5M\u00c5\u017d\u00d5\u00d1&amp;crid=29UWTE9WBPK2D&amp;dib=eyJ2IjoiMSJ9.XrlKY70N2cOwUcgNQhvCfgtr_GL3YWkTd-lxpyP3Iag-ZG8985-JPg8Birx-9AdLrZv-rg0FKZY_DiLbiW-rByl5ZtTTQP5wyV_-rtIdb0mL-otN9JUscqCf4shC12Uw4EMYTbJmLjAdVeq3vx3cty9GsWCwWacLQIa-oeve6xXJuNvAz0GN8IJYmkPVW3CoHTzIs0FP9ZvQXLQQGfabYaptElXiFM-9DUKiPyeg5ww.a-n9LdkZuMmvgmVxtnB1tz4uuWMoBl_d-CmY0kUv4Iw&amp;dib_tag=se&amp;keywords=j\u00f6rg+polster&amp;qid=1764368516&amp;sprefix=j\u00f6rg+polster%2Caps%2C93&amp;sr=8-5\" target=\"_blank\" rel=\" noreferrer noopener\"><img loading=\"lazy\" decoding=\"async\" width=\"280\" height=\"120\" src=\"http:\/\/www.polstersbuchwelten.de\/wp-content\/uploads\/2025\/11\/IMG_0988.jpeg\" alt=\"\" class=\"wp-image-105\" style=\"width:180px;height:auto\"\/><\/a><\/figure>\n\n\n\n<figure class=\"wp-block-image size-full is-resized\"><a href=\"https:\/\/www.buecher.de\/artikel\/buch\/niklas-und-der-geheimnisvolle-panda\/75466701\/\" target=\"_blank\" rel=\" noreferrer noopener\"><img loading=\"lazy\" decoding=\"async\" width=\"411\" height=\"128\" src=\"http:\/\/www.polstersbuchwelten.de\/wp-content\/uploads\/2025\/11\/IMG_0991.jpeg\" alt=\"\" class=\"wp-image-106\" style=\"width:188px;height:auto\" srcset=\"https:\/\/www.polstersbuchwelten.de\/wp-content\/uploads\/2025\/11\/IMG_0991.jpeg 411w, https:\/\/www.polstersbuchwelten.de\/wp-content\/uploads\/2025\/11\/IMG_0991-300x93.jpeg 300w\" sizes=\"auto, (max-width: 411px) 100vw, 411px\" \/><\/a><\/figure>\n\n\n\n<figure class=\"wp-block-image size-full is-resized\"><a href=\"https:\/\/www.hugendubel.de\/de\/buch_gebunden\/joerg_polster-niklas_und_der_geheimnisvolle_panda-51759978-produkt-details.html\" target=\"_blank\" rel=\" noreferrer noopener\"><img loading=\"lazy\" decoding=\"async\" width=\"404\" height=\"150\" src=\"http:\/\/www.polstersbuchwelten.de\/wp-content\/uploads\/2025\/11\/IMG_0990.jpeg\" alt=\"\" class=\"wp-image-103\" style=\"width:175px;height:auto\" srcset=\"https:\/\/www.polstersbuchwelten.de\/wp-content\/uploads\/2025\/11\/IMG_0990.jpeg 404w, https:\/\/www.polstersbuchwelten.de\/wp-content\/uploads\/2025\/11\/IMG_0990-300x111.jpeg 300w\" sizes=\"auto, (max-width: 404px) 100vw, 404px\" \/><\/a><\/figure>\n<\/div>\n<\/div>\n\n\n\n<hr class=\"wp-block-separator alignfull has-alpha-channel-opacity\"\/>\n\n\n\n<div class=\"wp-block-columns is-layout-flex wp-container-core-columns-is-layout-9d6595d7 wp-block-columns-is-layout-flex\">\n<div class=\"wp-block-column is-layout-flow wp-block-column-is-layout-flow\">\n<h4 class=\"wp-block-heading has-text-align-center\">Die Fortsetzung von &#8222;Niklas und der geheimnisvolle Panda&#8220; &#8211; Das Abenteuer geht weiter! Niklas ist ein ganz normaler Junge, doch eines Tages ver\u00e4ndert sich alles, als er den geheimnisvollen Panda Bao kennenlernte. Niklas und seine Freunde, der weise Riese, der flauschige Panda Bao und der mutige Drache Funke, begeben sich auf ein neues aufregendes Abenteuer. In diesem geheimen, magischen Wald erwarten sie unerforschte Wunder und Herausforderungen, die sie st\u00e4rker und mutiger machen. Gemeinsam entdecken sie einen Wald, in dem die B\u00e4ume sprechen, die Luft nach Magie duftet und jede Ecke ein Geheimnis birgt. Doch der Wald ist nicht nur ein Ort des Staunens &#8211; er ist auch der Schl\u00fcssel zu einer verlorenen Macht, die tief in der Erde verborgen liegt. Um die Magie zu retten und das Gleichgewicht wiederherzustellen, m\u00fcssen Niklas und seine Gef\u00e4hrten ihre \u00c4ngste \u00fcberwinden und lernen, dass wahre St\u00e4rke nicht nur in Magie, sondern in der Freundschaft und dem Vertrauen ineinander liegt.<\/h4>\n<\/div>\n\n\n\n<div class=\"wp-block-column is-layout-flow wp-block-column-is-layout-flow\">\n<figure class=\"wp-block-image size-large\"><img loading=\"lazy\" decoding=\"async\" width=\"643\" height=\"1024\" src=\"http:\/\/www.polstersbuchwelten.de\/wp-content\/uploads\/2025\/12\/2067AC38971278834662AEA8AEEC21F26A90F2EC36A61F9C347396B290EEECC1-643x1024.jpg\" alt=\"\" class=\"wp-image-263\" srcset=\"https:\/\/www.polstersbuchwelten.de\/wp-content\/uploads\/2025\/12\/2067AC38971278834662AEA8AEEC21F26A90F2EC36A61F9C347396B290EEECC1-643x1024.jpg 643w, https:\/\/www.polstersbuchwelten.de\/wp-content\/uploads\/2025\/12\/2067AC38971278834662AEA8AEEC21F26A90F2EC36A61F9C347396B290EEECC1-188x300.jpg 188w, https:\/\/www.polstersbuchwelten.de\/wp-content\/uploads\/2025\/12\/2067AC38971278834662AEA8AEEC21F26A90F2EC36A61F9C347396B290EEECC1-768x1223.jpg 768w, https:\/\/www.polstersbuchwelten.de\/wp-content\/uploads\/2025\/12\/2067AC38971278834662AEA8AEEC21F26A90F2EC36A61F9C347396B290EEECC1-964x1536.jpg 964w, https:\/\/www.polstersbuchwelten.de\/wp-content\/uploads\/2025\/12\/2067AC38971278834662AEA8AEEC21F26A90F2EC36A61F9C347396B290EEECC1-1286x2048.jpg 1286w, https:\/\/www.polstersbuchwelten.de\/wp-content\/uploads\/2025\/12\/2067AC38971278834662AEA8AEEC21F26A90F2EC36A61F9C347396B290EEECC1.jpg 1594w\" sizes=\"auto, (max-width: 643px) 100vw, 643px\" \/><\/figure>\n<\/div>\n\n\n\n<div class=\"wp-block-column is-layout-flow wp-block-column-is-layout-flow\">\n<figure class=\"wp-block-image size-full\"><a href=\"https:\/\/buchshop.bod.de\/niklas-bao-und-das-verschwinden-der-magie-joerg-polster-9783695177400\" target=\"_blank\" rel=\" noreferrer noopener\"><img loading=\"lazy\" decoding=\"async\" width=\"197\" height=\"32\" src=\"http:\/\/www.polstersbuchwelten.de\/wp-content\/uploads\/2025\/11\/Bild-1.jpeg\" alt=\"\" class=\"wp-image-84\"\/><\/a><\/figure>\n\n\n\n<figure class=\"wp-block-image size-full is-resized\"><a href=\"https:\/\/www.thalia.de\/shop\/home\/artikeldetails\/A1077724073\" target=\"_blank\" rel=\" noreferrer noopener\"><img loading=\"lazy\" decoding=\"async\" width=\"500\" height=\"159\" src=\"http:\/\/www.polstersbuchwelten.de\/wp-content\/uploads\/2025\/11\/IMG_0989.jpeg\" alt=\"\" class=\"wp-image-104\" style=\"width:191px;height:auto\" srcset=\"https:\/\/www.polstersbuchwelten.de\/wp-content\/uploads\/2025\/11\/IMG_0989.jpeg 500w, https:\/\/www.polstersbuchwelten.de\/wp-content\/uploads\/2025\/11\/IMG_0989-300x95.jpeg 300w\" sizes=\"auto, (max-width: 500px) 100vw, 500px\" \/><\/a><\/figure>\n\n\n\n<figure class=\"wp-block-image size-full is-resized\"><a href=\"https:\/\/www.amazon.de\/dp\/3695177403\/ref=sr_1_19?dib=eyJ2IjoiMSJ9.vWxNwWj7zpQHfsp--I897UTEypx-EKSkSZ81zK1_-2rOvs5jb8D0w50sjgUeh0YWurI1s5lo1avtsqetO-5B4Q.GewOVkF2dMlXgSC8CQT075FG6GDPJc_JTO80_eOjOf0&amp;dib_tag=se&amp;keywords=J%C3%B6rg+Polster&amp;qid=1765958360&amp;sr=8-19&amp;xpid=eI-qjZpszf9Zr\" target=\"_blank\" rel=\" noreferrer noopener\"><img loading=\"lazy\" decoding=\"async\" width=\"280\" height=\"120\" src=\"http:\/\/www.polstersbuchwelten.de\/wp-content\/uploads\/2025\/11\/IMG_0988.jpeg\" alt=\"\" class=\"wp-image-105\" style=\"width:180px;height:auto\"\/><\/a><\/figure>\n\n\n\n<figure class=\"wp-block-image size-full is-resized\"><a href=\"https:\/\/www.buecher.de\/artikel\/buch\/niklas-bao-und-das-verschwinden-der-magie\/76117371\/\" target=\"_blank\" rel=\" noreferrer noopener\"><img loading=\"lazy\" decoding=\"async\" width=\"411\" height=\"128\" src=\"http:\/\/www.polstersbuchwelten.de\/wp-content\/uploads\/2025\/11\/IMG_0991.jpeg\" alt=\"\" class=\"wp-image-106\" style=\"width:188px;height:auto\" srcset=\"https:\/\/www.polstersbuchwelten.de\/wp-content\/uploads\/2025\/11\/IMG_0991.jpeg 411w, https:\/\/www.polstersbuchwelten.de\/wp-content\/uploads\/2025\/11\/IMG_0991-300x93.jpeg 300w\" sizes=\"auto, (max-width: 411px) 100vw, 411px\" \/><\/a><\/figure>\n\n\n\n<figure class=\"wp-block-image size-full is-resized\"><a href=\"https:\/\/www.hugendubel.de\/de\/buch_gebunden\/joerg_polster-niklas_bao_und_das_verschwinden_der_magie-52296533-produkt-details.html?_gl=1*e4yvn7*_up*MQ..*_gs*MQ..&amp;gclid=EAIaIQobChMI35SBpJXEkQMVSpCDBx0bRTigEAAYASAAEgLqavD_BwE&amp;gbraid=0AAAAADi36RDzQVrZ2sX3FLBe-Wr4j1Ydu\" target=\"_blank\" rel=\" noreferrer noopener\"><img loading=\"lazy\" decoding=\"async\" width=\"404\" height=\"150\" src=\"http:\/\/www.polstersbuchwelten.de\/wp-content\/uploads\/2025\/11\/IMG_0990.jpeg\" alt=\"\" class=\"wp-image-103\" style=\"width:175px;height:auto\" srcset=\"https:\/\/www.polstersbuchwelten.de\/wp-content\/uploads\/2025\/11\/IMG_0990.jpeg 404w, https:\/\/www.polstersbuchwelten.de\/wp-content\/uploads\/2025\/11\/IMG_0990-300x111.jpeg 300w\" sizes=\"auto, (max-width: 404px) 100vw, 404px\" \/><\/a><\/figure>\n<\/div>\n<\/div>\n\n\n\n<hr class=\"wp-block-separator alignfull has-alpha-channel-opacity is-style-wide\"\/>\n\n\n\n<div class=\"wp-block-columns is-layout-flex wp-container-core-columns-is-layout-9d6595d7 wp-block-columns-is-layout-flex\">\n<div class=\"wp-block-column is-layout-flow wp-block-column-is-layout-flow\">\n<figure class=\"wp-block-image size-large\"><img loading=\"lazy\" decoding=\"async\" width=\"643\" height=\"1024\" src=\"http:\/\/www.polstersbuchwelten.de\/wp-content\/uploads\/2025\/11\/Bild-17-643x1024.jpeg\" alt=\"\" class=\"wp-image-93\" srcset=\"https:\/\/www.polstersbuchwelten.de\/wp-content\/uploads\/2025\/11\/Bild-17-643x1024.jpeg 643w, https:\/\/www.polstersbuchwelten.de\/wp-content\/uploads\/2025\/11\/Bild-17-188x300.jpeg 188w, https:\/\/www.polstersbuchwelten.de\/wp-content\/uploads\/2025\/11\/Bild-17-768x1223.jpeg 768w, https:\/\/www.polstersbuchwelten.de\/wp-content\/uploads\/2025\/11\/Bild-17-964x1536.jpeg 964w, https:\/\/www.polstersbuchwelten.de\/wp-content\/uploads\/2025\/11\/Bild-17-1286x2048.jpeg 1286w, https:\/\/www.polstersbuchwelten.de\/wp-content\/uploads\/2025\/11\/Bild-17.jpeg 1594w\" sizes=\"auto, (max-width: 643px) 100vw, 643px\" \/><\/figure>\n<\/div>\n\n\n\n<div class=\"wp-block-column is-layout-flow wp-block-column-is-layout-flow\">\n<h4 class=\"wp-block-heading has-text-align-center\">Ein Hund mit Sp\u00fcrnase &#8211; und Herz! Piper ist keine gew\u00f6hnliche Bolonka-Dame. Sie ist Hundedetektivin &#8211; klug, neugierig und immer bereit, ein R\u00e4tsel zu l\u00f6sen. Gemeinsam mit ihrem Herrchen Niklas stolpert sie von einem Abenteuer ins n\u00e4chste: verschwundene Fahrr\u00e4der, gestohlene W\u00fcrstchen, geheimnisvolle Laternen, ein gestohlenes Schulfoto und sogar eine verschwundene Schulglocke! Ob Waschb\u00e4r, Marmeladendieb oder Laternenbande &#8211; Piper bleibt mit ihrer feinen Nase jeder Spur auf der F\u00e4hrte. Und mit Witz, Mut und einer Portion Hundelogik bringt sie Licht ins Dunkel. Doch Achtung: Nicht immer ist der Schuldige, wer zuerst verd\u00e4chtig wirkt&#8230; Humorvoll, spannend und voller Herz &#8211; ein Buch zum Mitfiebern, Lachen und Staunen f\u00fcr neugierige Kinder. Piper, die Hundedetektivin. Jeder Fall ein Abenteuer!<\/h4>\n<\/div>\n\n\n\n<div class=\"wp-block-column is-layout-flow wp-block-column-is-layout-flow\">\n<figure class=\"wp-block-image size-full\"><a href=\"https:\/\/buchshop.bod.de\/piper-die-hundedetektivin-joerg-polster-9783819209000\" target=\"_blank\" rel=\" noreferrer noopener\"><img loading=\"lazy\" decoding=\"async\" width=\"197\" height=\"32\" src=\"http:\/\/www.polstersbuchwelten.de\/wp-content\/uploads\/2025\/11\/Bild-1.jpeg\" alt=\"\" class=\"wp-image-84\"\/><\/a><\/figure>\n\n\n\n<figure class=\"wp-block-image size-full is-resized\"><a href=\"https:\/\/www.thalia.de\/shop\/home\/artikeldetails\/A1076917713\" target=\"_blank\" rel=\" noreferrer noopener\"><img loading=\"lazy\" decoding=\"async\" width=\"500\" height=\"159\" src=\"http:\/\/www.polstersbuchwelten.de\/wp-content\/uploads\/2025\/11\/IMG_0989.jpeg\" alt=\"\" class=\"wp-image-104\" style=\"width:191px;height:auto\" srcset=\"https:\/\/www.polstersbuchwelten.de\/wp-content\/uploads\/2025\/11\/IMG_0989.jpeg 500w, https:\/\/www.polstersbuchwelten.de\/wp-content\/uploads\/2025\/11\/IMG_0989-300x95.jpeg 300w\" sizes=\"auto, (max-width: 500px) 100vw, 500px\" \/><\/a><\/figure>\n\n\n\n<figure class=\"wp-block-image size-full is-resized\"><a href=\"https:\/\/www.amazon.de\/Piper-die-Hundedetektivin-Tierisch-spannende\/dp\/381920900X\/ref=sr_1_4?__mk_de_DE=\u00c5M\u00c5\u017d\u00d5\u00d1&amp;crid=29UWTE9WBPK2D&amp;dib=eyJ2IjoiMSJ9.XrlKY70N2cOwUcgNQhvCfgtr_GL3YWkTd-lxpyP3Iag-ZG8985-JPg8Birx-9AdLrZv-rg0FKZY_DiLbiW-rByl5ZtTTQP5wyV_-rtIdb0mL-otN9JUscqCf4shC12Uw4EMYTbJmLjAdVeq3vx3cty9GsWCwWacLQIa-oeve6xXJuNvAz0GN8IJYmkPVW3CoHTzIs0FP9ZvQXLQQGfabYaptElXiFM-9DUKiPyeg5ww.a-n9LdkZuMmvgmVxtnB1tz4uuWMoBl_d-CmY0kUv4Iw&amp;dib_tag=se&amp;keywords=j\u00f6rg+polster&amp;qid=1764368516&amp;sprefix=j\u00f6rg+polster%2Caps%2C93&amp;sr=8-4\" target=\"_blank\" rel=\" noreferrer noopener\"><img loading=\"lazy\" decoding=\"async\" width=\"280\" height=\"120\" src=\"http:\/\/www.polstersbuchwelten.de\/wp-content\/uploads\/2025\/11\/IMG_0988.jpeg\" alt=\"\" class=\"wp-image-105\" style=\"width:180px;height:auto\"\/><\/a><\/figure>\n\n\n\n<figure class=\"wp-block-image size-full is-resized\"><a href=\"https:\/\/www.buecher.de\/artikel\/buch\/piper-die-hundedetektivin\/75499353\/\" target=\"_blank\" rel=\" noreferrer noopener\"><img loading=\"lazy\" decoding=\"async\" width=\"411\" height=\"128\" src=\"http:\/\/www.polstersbuchwelten.de\/wp-content\/uploads\/2025\/11\/IMG_0991.jpeg\" alt=\"\" class=\"wp-image-106\" style=\"width:188px;height:auto\" srcset=\"https:\/\/www.polstersbuchwelten.de\/wp-content\/uploads\/2025\/11\/IMG_0991.jpeg 411w, https:\/\/www.polstersbuchwelten.de\/wp-content\/uploads\/2025\/11\/IMG_0991-300x93.jpeg 300w\" sizes=\"auto, (max-width: 411px) 100vw, 411px\" \/><\/a><\/figure>\n\n\n\n<figure class=\"wp-block-image size-full is-resized\"><a href=\"https:\/\/www.hugendubel.de\/de\/buch_gebunden\/joerg_polster-piper_die_hundedetektivin-51781700-produkt-details.html\" target=\"_blank\" rel=\" noreferrer noopener\"><img loading=\"lazy\" decoding=\"async\" width=\"404\" height=\"150\" src=\"http:\/\/www.polstersbuchwelten.de\/wp-content\/uploads\/2025\/11\/IMG_0990.jpeg\" alt=\"\" class=\"wp-image-103\" style=\"width:175px;height:auto\" srcset=\"https:\/\/www.polstersbuchwelten.de\/wp-content\/uploads\/2025\/11\/IMG_0990.jpeg 404w, https:\/\/www.polstersbuchwelten.de\/wp-content\/uploads\/2025\/11\/IMG_0990-300x111.jpeg 300w\" sizes=\"auto, (max-width: 404px) 100vw, 404px\" \/><\/a><\/figure>\n<\/div>\n<\/div>\n\n\n\n<hr class=\"wp-block-separator alignfull has-alpha-channel-opacity\"\/>\n\n\n\n<div class=\"wp-block-columns is-layout-flex wp-container-core-columns-is-layout-9d6595d7 wp-block-columns-is-layout-flex\">\n<div class=\"wp-block-column is-layout-flow wp-block-column-is-layout-flow\">\n<h4 class=\"wp-block-heading has-text-align-center\">Piper ist wieder im Einsatz &#8211; und ihre Sp\u00fcrnase hat jede Menge zu tun!<br>Kaum scheint es ruhig geworden zu sein, tauchen neue R\u00e4tsel auf. Ein Rucksack verschwindet spurlos, geheimnisvolle Pfotenabdr\u00fccke f\u00fchren durch den Park, und im Mondlicht sieht pl\u00f6tzlich alles ein bisschen anders aus. Zum Gl\u00fcck hat Piper nicht nur eine feine Nase, sondern auch ein gro\u00dfes Herz &#8211; und Niklas an ihrer Seite.<br>Gemeinsam beobachten sie genau, h\u00f6ren aufmerksam zu und folgen jeder noch so kleinen Spur. Denn Piper wei\u00df: Hinter jedem R\u00e4tsel steckt eine Geschichte. Und manchmal ist die L\u00f6sung n\u00e4her, als man denkt.<br>In diesen neuen Abenteuern erleben Piper und Niklas spannende Momente, kleine \u00dcberraschungen und gro\u00dfe Wiedersehen. Mit Geduld, Mut und einer ordentlichen Portion Detektivgeschick zeigen sie, dass man auch mit kleinen Pfoten Gro\u00dfes erreichen kann.<br>Ein warmherziges und spannendes Detektivbuch f\u00fcr Kinder ab 6 Jahren &#8211; ideal zum Vorlesen und Selberlesen.<\/h4>\n<\/div>\n\n\n\n<div class=\"wp-block-column is-layout-flow wp-block-column-is-layout-flow\">\n<figure class=\"wp-block-image size-large\"><img loading=\"lazy\" decoding=\"async\" width=\"643\" height=\"1024\" src=\"https:\/\/www.polstersbuchwelten.de\/wp-content\/uploads\/2026\/03\/IMG_1476-1-643x1024.jpeg\" alt=\"\" class=\"wp-image-306\" srcset=\"https:\/\/www.polstersbuchwelten.de\/wp-content\/uploads\/2026\/03\/IMG_1476-1-643x1024.jpeg 643w, https:\/\/www.polstersbuchwelten.de\/wp-content\/uploads\/2026\/03\/IMG_1476-1-188x300.jpeg 188w, https:\/\/www.polstersbuchwelten.de\/wp-content\/uploads\/2026\/03\/IMG_1476-1-768x1223.jpeg 768w, https:\/\/www.polstersbuchwelten.de\/wp-content\/uploads\/2026\/03\/IMG_1476-1-964x1536.jpeg 964w, https:\/\/www.polstersbuchwelten.de\/wp-content\/uploads\/2026\/03\/IMG_1476-1-1286x2048.jpeg 1286w, https:\/\/www.polstersbuchwelten.de\/wp-content\/uploads\/2026\/03\/IMG_1476-1.jpeg 1594w\" sizes=\"auto, (max-width: 643px) 100vw, 643px\" \/><\/figure>\n<\/div>\n\n\n\n<div class=\"wp-block-column is-layout-flow wp-block-column-is-layout-flow\">\n<figure class=\"wp-block-image size-full\"><a href=\"https:\/\/buchshop.bod.de\/piper-die-hundedetektivin-teil-2-joerg-polster-9783695747825\" target=\"_blank\" rel=\" noreferrer noopener\"><img loading=\"lazy\" decoding=\"async\" width=\"197\" height=\"32\" src=\"http:\/\/www.polstersbuchwelten.de\/wp-content\/uploads\/2025\/11\/Bild-1.jpeg\" alt=\"\" class=\"wp-image-84\"\/><\/a><\/figure>\n\n\n\n<figure class=\"wp-block-image size-full is-resized\"><a href=\"https:\/\/www.thalia.de\/shop\/home\/artikeldetails\/A1078484137\" target=\"_blank\" rel=\" noreferrer noopener\"><img loading=\"lazy\" decoding=\"async\" width=\"500\" height=\"159\" src=\"http:\/\/www.polstersbuchwelten.de\/wp-content\/uploads\/2025\/11\/IMG_0989.jpeg\" alt=\"\" class=\"wp-image-104\" style=\"width:191px;height:auto\" srcset=\"https:\/\/www.polstersbuchwelten.de\/wp-content\/uploads\/2025\/11\/IMG_0989.jpeg 500w, https:\/\/www.polstersbuchwelten.de\/wp-content\/uploads\/2025\/11\/IMG_0989-300x95.jpeg 300w\" sizes=\"auto, (max-width: 500px) 100vw, 500px\" \/><\/a><\/figure>\n\n\n\n<figure class=\"wp-block-image size-full is-resized\"><a href=\"https:\/\/www.amazon.de\/dp\/369574782X\/ref=sr_1_3?__mk_de_DE=\u00c5M\u00c5\u017d\u00d5\u00d1&amp;crid=3PTZFC6N3VA4Q&amp;dib=eyJ2IjoiMSJ9.VcCuFqyRVpT3e3zRDPDoEco24ycmZuZYkwMd5Oa9CjWqDloCKyEU6ceLMeq72c9WhGpPsJ2DkmESQPA56UXR0yBOYUj1PbM3YBm7Cgcpw9bnwCyGlI8Qi1e3oGIOqUlnDBW55DorzLjZwUQGlr_-zB5JUm4OZFdcexNm1Tc7ZF9zh_Krj6fu1NIwzznkmPQmASabHTl-Hf5mZShcfmFdJMHSX7Im73DXOpV9Uhqm2LE.tEFCpo5b23esJGukdAwxY64_3uYfrhmXxjPkfwdOFqc&amp;dib_tag=se&amp;keywords=Piper+die+hundedetektivin&amp;qid=1772806007&amp;sprefix=piper+die+hundedetektivin%2Caps%2C151&amp;sr=8-3\" target=\"_blank\" rel=\" noreferrer noopener\"><img loading=\"lazy\" decoding=\"async\" width=\"280\" height=\"120\" src=\"http:\/\/www.polstersbuchwelten.de\/wp-content\/uploads\/2025\/11\/IMG_0988.jpeg\" alt=\"\" class=\"wp-image-105\" style=\"width:180px;height:auto\"\/><\/a><\/figure>\n\n\n\n<figure class=\"wp-block-image size-full is-resized\"><a href=\"https:\/\/www.buecher.de\/shop\/home\/artikeldetails\/A1078484137\" target=\"_blank\" rel=\" noreferrer noopener\"><img loading=\"lazy\" decoding=\"async\" width=\"411\" height=\"128\" src=\"http:\/\/www.polstersbuchwelten.de\/wp-content\/uploads\/2025\/11\/IMG_0991.jpeg\" alt=\"\" class=\"wp-image-106\" style=\"width:188px;height:auto\" srcset=\"https:\/\/www.polstersbuchwelten.de\/wp-content\/uploads\/2025\/11\/IMG_0991.jpeg 411w, https:\/\/www.polstersbuchwelten.de\/wp-content\/uploads\/2025\/11\/IMG_0991-300x93.jpeg 300w\" sizes=\"auto, (max-width: 411px) 100vw, 411px\" \/><\/a><\/figure>\n\n\n\n<figure class=\"wp-block-image size-full is-resized\"><a href=\"https:\/\/www.hugendubel.de\/de\/buch_gebunden\/joerg_polster-piper_die_hundedetektivin_teil_2-52704458-produkt-details.html\" target=\"_blank\" rel=\" noreferrer noopener\"><img loading=\"lazy\" decoding=\"async\" width=\"404\" height=\"150\" src=\"http:\/\/www.polstersbuchwelten.de\/wp-content\/uploads\/2025\/11\/IMG_0990.jpeg\" alt=\"\" class=\"wp-image-103\" style=\"width:175px;height:auto\" srcset=\"https:\/\/www.polstersbuchwelten.de\/wp-content\/uploads\/2025\/11\/IMG_0990.jpeg 404w, https:\/\/www.polstersbuchwelten.de\/wp-content\/uploads\/2025\/11\/IMG_0990-300x111.jpeg 300w\" sizes=\"auto, (max-width: 404px) 100vw, 404px\" \/><\/a><\/figure>\n<\/div>\n<\/div>\n\n\n\n<hr class=\"wp-block-separator alignfull has-alpha-channel-opacity\"\/>\n\n\n\n<div class=\"wp-block-columns is-layout-flex wp-container-core-columns-is-layout-9d6595d7 wp-block-columns-is-layout-flex\">\n<div class=\"wp-block-column is-layout-flow wp-block-column-is-layout-flow\">\n<figure class=\"wp-block-image size-large\"><img loading=\"lazy\" decoding=\"async\" width=\"643\" height=\"1024\" src=\"https:\/\/www.polstersbuchwelten.de\/wp-content\/uploads\/2026\/03\/IMG_1477-643x1024.jpeg\" alt=\"\" class=\"wp-image-307\" srcset=\"https:\/\/www.polstersbuchwelten.de\/wp-content\/uploads\/2026\/03\/IMG_1477-643x1024.jpeg 643w, https:\/\/www.polstersbuchwelten.de\/wp-content\/uploads\/2026\/03\/IMG_1477-188x300.jpeg 188w, https:\/\/www.polstersbuchwelten.de\/wp-content\/uploads\/2026\/03\/IMG_1477-768x1223.jpeg 768w, https:\/\/www.polstersbuchwelten.de\/wp-content\/uploads\/2026\/03\/IMG_1477-964x1536.jpeg 964w, https:\/\/www.polstersbuchwelten.de\/wp-content\/uploads\/2026\/03\/IMG_1477-1286x2048.jpeg 1286w, https:\/\/www.polstersbuchwelten.de\/wp-content\/uploads\/2026\/03\/IMG_1477.jpeg 1594w\" sizes=\"auto, (max-width: 643px) 100vw, 643px\" \/><\/figure>\n<\/div>\n\n\n\n<div class=\"wp-block-column is-layout-flow wp-block-column-is-layout-flow\">\n<h4 class=\"wp-block-heading has-text-align-center\">Manche Geheimnisse sind nicht laut.<br>Sie fl\u00fcstern nur ganz leise.<br>Als Piper und Niklas einem geheimnisvollen Haus begegnen, einer Uhr, die pl\u00f6tzlich falsch geht, und Spuren, die nicht auf den ersten Blick zu verstehen sind, merken sie schnell: Dieser Fall braucht besonders viel Geduld.<br>Mit ihrer feinen Sp\u00fcrnase entdeckt Piper Hinweise, die anderen entgehen. Sie sp\u00fcrt Unsicherheit, h\u00f6rt zwischen den Worten und erkennt, wenn jemand Hilfe braucht &#8211; auch wenn es niemand laut ausspricht.<br>Nicht jedes R\u00e4tsel wird mit einer Taschenlampe gel\u00f6st. Manchmal ist Zuh\u00f6ren wichtiger als Suchen. Und manchmal braucht es Mut, um das Richtige zu tun.<br>Dieses neue Abenteuer zeigt, dass echte Detektivarbeit auch leise sein kann &#8211; und dass Vertrauen oft der wichtigste Schl\u00fcssel ist.<br>Ein gef\u00fchlvolles und zugleich spannendes Kinderbuch f\u00fcr kleine Sp\u00fcrnasen ab 6 Jahren.<\/h4>\n<\/div>\n\n\n\n<div class=\"wp-block-column is-layout-flow wp-block-column-is-layout-flow\">\n<figure class=\"wp-block-image size-full is-resized\"><a href=\"https:\/\/buchshop.bod.de\/piper-die-hundedetektivin-teil-3-joerg-polster-9783695732449\" target=\"_blank\" rel=\" noreferrer noopener\"><img loading=\"lazy\" decoding=\"async\" width=\"197\" height=\"32\" src=\"http:\/\/www.polstersbuchwelten.de\/wp-content\/uploads\/2025\/11\/Bild-1.jpeg\" alt=\"\" class=\"wp-image-84\" style=\"aspect-ratio:6.159257449926722;width:197px;height:auto\"\/><\/a><\/figure>\n\n\n\n<figure class=\"wp-block-image size-full is-resized\"><a href=\"https:\/\/www.thalia.de\/shop\/home\/artikeldetails\/A1078484119\" target=\"_blank\" rel=\" noreferrer noopener\"><img loading=\"lazy\" decoding=\"async\" width=\"500\" height=\"159\" src=\"http:\/\/www.polstersbuchwelten.de\/wp-content\/uploads\/2025\/11\/IMG_0989.jpeg\" alt=\"\" class=\"wp-image-104\" style=\"width:191px;height:auto\" srcset=\"https:\/\/www.polstersbuchwelten.de\/wp-content\/uploads\/2025\/11\/IMG_0989.jpeg 500w, https:\/\/www.polstersbuchwelten.de\/wp-content\/uploads\/2025\/11\/IMG_0989-300x95.jpeg 300w\" sizes=\"auto, (max-width: 500px) 100vw, 500px\" \/><\/a><\/figure>\n\n\n\n<figure class=\"wp-block-image size-full is-resized\"><a href=\"https:\/\/www.amazon.de\/dp\/369573244X\/ref=sr_1_2?__mk_de_DE=\u00c5M\u00c5\u017d\u00d5\u00d1&amp;crid=3PTZFC6N3VA4Q&amp;dib=eyJ2IjoiMSJ9.VcCuFqyRVpT3e3zRDPDoEco24ycmZuZYkwMd5Oa9CjWqDloCKyEU6ceLMeq72c9WhGpPsJ2DkmESQPA56UXR0yBOYUj1PbM3YBm7Cgcpw9bnwCyGlI8Qi1e3oGIOqUlnDBW55DorzLjZwUQGlr_-zB5JUm4OZFdcexNm1Tc7ZF9zh_Krj6fu1NIwzznkmPQmASabHTl-Hf5mZShcfmFdJMHSX7Im73DXOpV9Uhqm2LE.tEFCpo5b23esJGukdAwxY64_3uYfrhmXxjPkfwdOFqc&amp;dib_tag=se&amp;keywords=Piper+die+hundedetektivin&amp;qid=1772806007&amp;sprefix=piper+die+hundedetektivin%2Caps%2C151&amp;sr=8-2\" target=\"_blank\" rel=\" noreferrer noopener\"><img loading=\"lazy\" decoding=\"async\" width=\"280\" height=\"120\" src=\"http:\/\/www.polstersbuchwelten.de\/wp-content\/uploads\/2025\/11\/IMG_0988.jpeg\" alt=\"\" class=\"wp-image-105\" style=\"width:180px;height:auto\"\/><\/a><\/figure>\n\n\n\n<figure class=\"wp-block-image size-full is-resized\"><a href=\"https:\/\/www.buecher.de\/shop\/home\/artikeldetails\/A1078484119\" target=\"_blank\" rel=\" noreferrer noopener\"><img loading=\"lazy\" decoding=\"async\" width=\"411\" height=\"128\" src=\"http:\/\/www.polstersbuchwelten.de\/wp-content\/uploads\/2025\/11\/IMG_0991.jpeg\" alt=\"\" class=\"wp-image-106\" style=\"width:188px;height:auto\" srcset=\"https:\/\/www.polstersbuchwelten.de\/wp-content\/uploads\/2025\/11\/IMG_0991.jpeg 411w, https:\/\/www.polstersbuchwelten.de\/wp-content\/uploads\/2025\/11\/IMG_0991-300x93.jpeg 300w\" sizes=\"auto, (max-width: 411px) 100vw, 411px\" \/><\/a><\/figure>\n\n\n\n<figure class=\"wp-block-image size-full is-resized\"><a href=\"https:\/\/www.hugendubel.de\/de\/buch_gebunden\/joerg_polster-piper_die_hundedetektivin_teil_3-52703447-produkt-details.html\" target=\"_blank\" rel=\" noreferrer noopener\"><img loading=\"lazy\" decoding=\"async\" width=\"404\" height=\"150\" src=\"http:\/\/www.polstersbuchwelten.de\/wp-content\/uploads\/2025\/11\/IMG_0990.jpeg\" alt=\"\" class=\"wp-image-103\" style=\"width:175px;height:auto\" srcset=\"https:\/\/www.polstersbuchwelten.de\/wp-content\/uploads\/2025\/11\/IMG_0990.jpeg 404w, https:\/\/www.polstersbuchwelten.de\/wp-content\/uploads\/2025\/11\/IMG_0990-300x111.jpeg 300w\" sizes=\"auto, (max-width: 404px) 100vw, 404px\" \/><\/a><\/figure>\n<\/div>\n<\/div>\n\n\n\n<hr class=\"wp-block-separator has-alpha-channel-opacity\"\/>\n\n\n\n<div class=\"wp-block-columns is-layout-flex wp-container-core-columns-is-layout-9d6595d7 wp-block-columns-is-layout-flex\">\n<div class=\"wp-block-column is-layout-flow wp-block-column-is-layout-flow\">\n<h4 class=\"wp-block-heading has-text-align-center\">Manche Spuren verschwinden im Regen.<br>Andere bleiben f\u00fcr immer.<br>In diesem besonderen Band erlebt Piper Abenteuer, die nicht nur spannend, sondern auch wichtig sind. Ob geheimnisvolle Funde, unerwartete Begegnungen oder Entscheidungen, die Mut verlangen &#8211; Piper und Niklas stehen zusammen und geben nicht auf.<br>Mit klarem Blick, ruhigem Herz und ihrer unbestechlichen Sp\u00fcrnase folgt Piper Hinweisen, die sie zu \u00fcberraschenden L\u00f6sungen f\u00fchren. Dabei zeigt sie, dass Zusammenhalt, Freundschaft und Vertrauen st\u00e4rker sind als jedes R\u00e4tsel.<br>Diese Geschichten erz\u00e4hlen davon, wie man gemeinsam schwierige Wege geht und warum manche Pfotenabdr\u00fccke im Herzen bleiben.<br>Ein bewegendes und zugleich spannendes Detektivabenteuer f\u00fcr Kinder ab 6 Jahren &#8211; voller W\u00e4rme, Spannung und tierisch guter Freundschaft.<\/h4>\n<\/div>\n\n\n\n<div class=\"wp-block-column is-layout-flow wp-block-column-is-layout-flow\">\n<figure class=\"wp-block-image size-large\"><img loading=\"lazy\" decoding=\"async\" width=\"643\" height=\"1024\" src=\"https:\/\/www.polstersbuchwelten.de\/wp-content\/uploads\/2026\/03\/IMG_1478-643x1024.jpeg\" alt=\"\" class=\"wp-image-308\" srcset=\"https:\/\/www.polstersbuchwelten.de\/wp-content\/uploads\/2026\/03\/IMG_1478-643x1024.jpeg 643w, https:\/\/www.polstersbuchwelten.de\/wp-content\/uploads\/2026\/03\/IMG_1478-188x300.jpeg 188w, https:\/\/www.polstersbuchwelten.de\/wp-content\/uploads\/2026\/03\/IMG_1478-768x1223.jpeg 768w, https:\/\/www.polstersbuchwelten.de\/wp-content\/uploads\/2026\/03\/IMG_1478-964x1536.jpeg 964w, https:\/\/www.polstersbuchwelten.de\/wp-content\/uploads\/2026\/03\/IMG_1478-1286x2048.jpeg 1286w, https:\/\/www.polstersbuchwelten.de\/wp-content\/uploads\/2026\/03\/IMG_1478.jpeg 1594w\" sizes=\"auto, (max-width: 643px) 100vw, 643px\" \/><\/figure>\n<\/div>\n\n\n\n<div class=\"wp-block-column is-layout-flow wp-block-column-is-layout-flow\">\n<figure class=\"wp-block-image size-full is-resized\"><a href=\"https:\/\/buchshop.bod.de\/piper-die-hundedetektivin-teil-4-joerg-polster-9783695745159\" target=\"_blank\" rel=\" noreferrer noopener\"><img loading=\"lazy\" decoding=\"async\" width=\"197\" height=\"32\" src=\"http:\/\/www.polstersbuchwelten.de\/wp-content\/uploads\/2025\/11\/Bild-1.jpeg\" alt=\"\" class=\"wp-image-84\" style=\"aspect-ratio:6.159257449926722;width:197px;height:auto\"\/><\/a><\/figure>\n\n\n\n<figure class=\"wp-block-image size-full is-resized\"><a href=\"https:\/\/www.thalia.de\/shop\/home\/artikeldetails\/A1078483315\" target=\"_blank\" rel=\" noreferrer noopener\"><img loading=\"lazy\" decoding=\"async\" width=\"500\" height=\"159\" src=\"http:\/\/www.polstersbuchwelten.de\/wp-content\/uploads\/2025\/11\/IMG_0989.jpeg\" alt=\"\" class=\"wp-image-104\" style=\"width:191px;height:auto\" srcset=\"https:\/\/www.polstersbuchwelten.de\/wp-content\/uploads\/2025\/11\/IMG_0989.jpeg 500w, https:\/\/www.polstersbuchwelten.de\/wp-content\/uploads\/2025\/11\/IMG_0989-300x95.jpeg 300w\" sizes=\"auto, (max-width: 500px) 100vw, 500px\" \/><\/a><\/figure>\n\n\n\n<figure class=\"wp-block-image size-full is-resized\"><a href=\"https:\/\/www.amazon.de\/dp\/3695745150\/ref=sr_1_4?__mk_de_DE=\u00c5M\u00c5\u017d\u00d5\u00d1&amp;crid=3PTZFC6N3VA4Q&amp;dib=eyJ2IjoiMSJ9.VcCuFqyRVpT3e3zRDPDoEco24ycmZuZYkwMd5Oa9CjWqDloCKyEU6ceLMeq72c9WhGpPsJ2DkmESQPA56UXR0yBOYUj1PbM3YBm7Cgcpw9bnwCyGlI8Qi1e3oGIOqUlnDBW55DorzLjZwUQGlr_-zB5JUm4OZFdcexNm1Tc7ZF9zh_Krj6fu1NIwzznkmPQmASabHTl-Hf5mZShcfmFdJMHSX7Im73DXOpV9Uhqm2LE.tEFCpo5b23esJGukdAwxY64_3uYfrhmXxjPkfwdOFqc&amp;dib_tag=se&amp;keywords=Piper+die+hundedetektivin&amp;qid=1772806007&amp;sprefix=piper+die+hundedetektivin%2Caps%2C151&amp;sr=8-4\" target=\"_blank\" rel=\" noreferrer noopener\"><img loading=\"lazy\" decoding=\"async\" width=\"280\" height=\"120\" src=\"http:\/\/www.polstersbuchwelten.de\/wp-content\/uploads\/2025\/11\/IMG_0988.jpeg\" alt=\"\" class=\"wp-image-105\" style=\"width:180px;height:auto\"\/><\/a><\/figure>\n\n\n\n<figure class=\"wp-block-image size-full is-resized\"><a href=\"https:\/\/www.buecher.de\/shop\/home\/artikeldetails\/A1078483315\" target=\"_blank\" rel=\" noreferrer noopener\"><img loading=\"lazy\" decoding=\"async\" width=\"411\" height=\"128\" src=\"http:\/\/www.polstersbuchwelten.de\/wp-content\/uploads\/2025\/11\/IMG_0991.jpeg\" alt=\"\" class=\"wp-image-106\" style=\"width:188px;height:auto\" srcset=\"https:\/\/www.polstersbuchwelten.de\/wp-content\/uploads\/2025\/11\/IMG_0991.jpeg 411w, https:\/\/www.polstersbuchwelten.de\/wp-content\/uploads\/2025\/11\/IMG_0991-300x93.jpeg 300w\" sizes=\"auto, (max-width: 411px) 100vw, 411px\" \/><\/a><\/figure>\n\n\n\n<figure class=\"wp-block-image size-full is-resized\"><a href=\"https:\/\/www.hugendubel.de\/de\/buch_gebunden\/joerg_polster-piper_die_hundedetektivin_teil_4-52703342-produkt-details.html\" target=\"_blank\" rel=\" noreferrer noopener\"><img loading=\"lazy\" decoding=\"async\" width=\"404\" height=\"150\" src=\"http:\/\/www.polstersbuchwelten.de\/wp-content\/uploads\/2025\/11\/IMG_0990.jpeg\" alt=\"\" class=\"wp-image-103\" style=\"width:175px;height:auto\" srcset=\"https:\/\/www.polstersbuchwelten.de\/wp-content\/uploads\/2025\/11\/IMG_0990.jpeg 404w, https:\/\/www.polstersbuchwelten.de\/wp-content\/uploads\/2025\/11\/IMG_0990-300x111.jpeg 300w\" sizes=\"auto, (max-width: 404px) 100vw, 404px\" \/><\/a><\/figure>\n<\/div>\n<\/div>\n\n\n\n<hr class=\"wp-block-separator alignfull has-alpha-channel-opacity is-style-wide\"\/>\n\n\n\n<div class=\"wp-block-columns is-layout-flex wp-container-core-columns-is-layout-9d6595d7 wp-block-columns-is-layout-flex\">\n<div class=\"wp-block-column is-layout-flow wp-block-column-is-layout-flow\">\n<figure class=\"wp-block-image size-large\"><img loading=\"lazy\" decoding=\"async\" width=\"643\" height=\"1024\" src=\"http:\/\/www.polstersbuchwelten.de\/wp-content\/uploads\/2025\/11\/Bild-16-643x1024.jpeg\" alt=\"\" class=\"wp-image-92\" srcset=\"https:\/\/www.polstersbuchwelten.de\/wp-content\/uploads\/2025\/11\/Bild-16-643x1024.jpeg 643w, https:\/\/www.polstersbuchwelten.de\/wp-content\/uploads\/2025\/11\/Bild-16-188x300.jpeg 188w, https:\/\/www.polstersbuchwelten.de\/wp-content\/uploads\/2025\/11\/Bild-16-768x1223.jpeg 768w, https:\/\/www.polstersbuchwelten.de\/wp-content\/uploads\/2025\/11\/Bild-16-964x1536.jpeg 964w, https:\/\/www.polstersbuchwelten.de\/wp-content\/uploads\/2025\/11\/Bild-16-1286x2048.jpeg 1286w, https:\/\/www.polstersbuchwelten.de\/wp-content\/uploads\/2025\/11\/Bild-16.jpeg 1594w\" sizes=\"auto, (max-width: 643px) 100vw, 643px\" \/><\/figure>\n<\/div>\n\n\n\n<div class=\"wp-block-column is-layout-flow wp-block-column-is-layout-flow\">\n<h4 class=\"wp-block-heading has-text-align-center\">Ein Winter voller Geheimnisse &#8211; und ein Junge, der den Mut hat, ihnen zu folgen. Als in einer verschneiten Dezembernacht ein geheimnisvolles Leuchten vor seinem Fenster erscheint, ahnt Niklas nicht, dass sein Leben sich ver\u00e4ndern wird. Gemeinsam mit seinem Hund Piper folgt er der Spur durch Magdeburg &#8211; vorbei am Dom, \u00fcber den Alten Markt bis tief in den Elbauenpark. Dort entdeckt er uralte R\u00e4tsel, begegnet einer sprechenden Schneeeule und einem W\u00e4chter aus Eis. Und schlie\u00dflich h\u00e4lt er das Schicksal eines ganzen Weihnachtswunders in seinen H\u00e4nden. Doch wahre Magie verlangt Mut, Vertrauen &#8211; und ein Herz, das bereit ist, zu teilen. Wird es Niklas gelingen, das Weihnachtslicht zur\u00fcckzubringen und die ganze Stadt in ein gro\u00dfes Leuchten zu tauchen? Eine m\u00e4rchenhafte Weihnachtsgeschichte \u00fcber Hoffnung, Zusammenhalt und den Zauber, der in jedem von uns steckt &#8211; f\u00fcr kleine und gro\u00dfe Leser.<\/h4>\n<\/div>\n\n\n\n<div class=\"wp-block-column is-layout-flow wp-block-column-is-layout-flow\">\n<figure class=\"wp-block-image size-full\"><a href=\"https:\/\/buchshop.bod.de\/niklas-und-das-geheimnisvolle-weihnachtslicht-joerg-polster-9783819276606\" target=\"_blank\" rel=\" noreferrer noopener\"><img loading=\"lazy\" decoding=\"async\" width=\"197\" height=\"32\" src=\"http:\/\/www.polstersbuchwelten.de\/wp-content\/uploads\/2025\/11\/Bild-1.jpeg\" alt=\"\" class=\"wp-image-84\"\/><\/a><\/figure>\n\n\n\n<figure class=\"wp-block-image size-full is-resized\"><a href=\"https:\/\/www.thalia.de\/shop\/home\/artikeldetails\/A1077058689\" target=\"_blank\" rel=\" noreferrer noopener\"><img loading=\"lazy\" decoding=\"async\" width=\"500\" height=\"159\" src=\"http:\/\/www.polstersbuchwelten.de\/wp-content\/uploads\/2025\/11\/IMG_0989.jpeg\" alt=\"\" class=\"wp-image-104\" style=\"width:191px;height:auto\" srcset=\"https:\/\/www.polstersbuchwelten.de\/wp-content\/uploads\/2025\/11\/IMG_0989.jpeg 500w, https:\/\/www.polstersbuchwelten.de\/wp-content\/uploads\/2025\/11\/IMG_0989-300x95.jpeg 300w\" sizes=\"auto, (max-width: 500px) 100vw, 500px\" \/><\/a><\/figure>\n\n\n\n<figure class=\"wp-block-image size-full is-resized\"><a href=\"https:\/\/www.amazon.de\/Niklas-das-geheimnisvolle-Weihnachtslicht-Weihnachtsgeschichte\/dp\/3819276602\/ref=sr_1_3?__mk_de_DE=\u00c5M\u00c5\u017d\u00d5\u00d1&amp;crid=29UWTE9WBPK2D&amp;dib=eyJ2IjoiMSJ9.XrlKY70N2cOwUcgNQhvCfgtr_GL3YWkTd-lxpyP3Iag-ZG8985-JPg8Birx-9AdLrZv-rg0FKZY_DiLbiW-rByl5ZtTTQP5wyV_-rtIdb0mL-otN9JUscqCf4shC12Uw4EMYTbJmLjAdVeq3vx3cty9GsWCwWacLQIa-oeve6xXJuNvAz0GN8IJYmkPVW3CoHTzIs0FP9ZvQXLQQGfabYaptElXiFM-9DUKiPyeg5ww.a-n9LdkZuMmvgmVxtnB1tz4uuWMoBl_d-CmY0kUv4Iw&amp;dib_tag=se&amp;keywords=j\u00f6rg+polster&amp;qid=1764368516&amp;sprefix=j\u00f6rg+polster%2Caps%2C93&amp;sr=8-3\" target=\"_blank\" rel=\" noreferrer noopener\"><img loading=\"lazy\" decoding=\"async\" width=\"280\" height=\"120\" src=\"http:\/\/www.polstersbuchwelten.de\/wp-content\/uploads\/2025\/11\/IMG_0988.jpeg\" alt=\"\" class=\"wp-image-105\" style=\"width:180px;height:auto\"\/><\/a><\/figure>\n\n\n\n<figure class=\"wp-block-image size-full is-resized\"><a href=\"https:\/\/www.buecher.de\/artikel\/buch\/niklas-und-das-geheimnisvolle-weihnachtslicht\/75599431\/\" target=\"_blank\" rel=\" noreferrer noopener\"><img loading=\"lazy\" decoding=\"async\" width=\"411\" height=\"128\" src=\"http:\/\/www.polstersbuchwelten.de\/wp-content\/uploads\/2025\/11\/IMG_0991.jpeg\" alt=\"\" class=\"wp-image-106\" style=\"width:188px;height:auto\" srcset=\"https:\/\/www.polstersbuchwelten.de\/wp-content\/uploads\/2025\/11\/IMG_0991.jpeg 411w, https:\/\/www.polstersbuchwelten.de\/wp-content\/uploads\/2025\/11\/IMG_0991-300x93.jpeg 300w\" sizes=\"auto, (max-width: 411px) 100vw, 411px\" \/><\/a><\/figure>\n\n\n\n<figure class=\"wp-block-image size-full is-resized\"><a href=\"https:\/\/www.hugendubel.de\/de\/buch_gebunden\/joerg_polster-niklas_und_das_geheimnisvolle_weihnachtslicht-51864720-produkt-details.html\" target=\"_blank\" rel=\" noreferrer noopener\"><img loading=\"lazy\" decoding=\"async\" width=\"404\" height=\"150\" src=\"http:\/\/www.polstersbuchwelten.de\/wp-content\/uploads\/2025\/11\/IMG_0990.jpeg\" alt=\"\" class=\"wp-image-103\" style=\"width:175px;height:auto\" srcset=\"https:\/\/www.polstersbuchwelten.de\/wp-content\/uploads\/2025\/11\/IMG_0990.jpeg 404w, https:\/\/www.polstersbuchwelten.de\/wp-content\/uploads\/2025\/11\/IMG_0990-300x111.jpeg 300w\" sizes=\"auto, (max-width: 404px) 100vw, 404px\" \/><\/a><\/figure>\n<\/div>\n<\/div>\n\n\n\n<hr class=\"wp-block-separator alignfull has-alpha-channel-opacity is-style-wide\"\/>\n\n\n\n<div class=\"wp-block-columns is-layout-flex wp-container-core-columns-is-layout-9d6595d7 wp-block-columns-is-layout-flex\">\n<div class=\"wp-block-column is-layout-flow wp-block-column-is-layout-flow\">\n<h4 class=\"wp-block-heading has-text-align-center\">In Magdeburg geschehen pl\u00f6tzlich seltsame Dinge: Licht leuchtet unter dem Domplatz, Schatten bewegen sich von selbst &#8211; und nur vier Kinder scheinen zu wissen, warum. Eric, Mia, Jonas und Lina sind Freunde, wie sie unterschiedlicher nicht sein k\u00f6nnten. Mia sitzt im Rollstuhl, doch sie ist schneller als jeder andere. Jonas ist blind, aber er h\u00f6rt, was sonst niemand wahrnimmt. Lina ist taub, doch ihre wachsamen Augen entgehen keine Bewegung. Und Eric? Er hat den Mut, den alle brauchen. Gemeinsam entdecken sie die geheimen Orte der Stadt &#8211; vom Domplatz bis zum Rotehornpark, von den unterirdischen G\u00e4ngen bis zur Gr\u00fcnen Zitadelle &#8211; und sto\u00dfen auf ein uraltes Geheimnis, das Magdeburg seit Jahrhunderten h\u00fctet. Ein spannendes, warmherziges Abenteuer \u00fcber Freundschaft, Mut und die St\u00e4rke, anders zu sein. Denn manchmal sind gerade die, die nicht alles k\u00f6nnen, zu Dingen f\u00e4hig, die niemand sonst schafft.<\/h4>\n<\/div>\n\n\n\n<div class=\"wp-block-column is-layout-flow wp-block-column-is-layout-flow\">\n<figure class=\"wp-block-image size-large\"><img loading=\"lazy\" decoding=\"async\" width=\"643\" height=\"1024\" src=\"http:\/\/www.polstersbuchwelten.de\/wp-content\/uploads\/2025\/11\/Bild-14-643x1024.jpeg\" alt=\"\" class=\"wp-image-90\" srcset=\"https:\/\/www.polstersbuchwelten.de\/wp-content\/uploads\/2025\/11\/Bild-14-643x1024.jpeg 643w, https:\/\/www.polstersbuchwelten.de\/wp-content\/uploads\/2025\/11\/Bild-14-188x300.jpeg 188w, https:\/\/www.polstersbuchwelten.de\/wp-content\/uploads\/2025\/11\/Bild-14-768x1223.jpeg 768w, https:\/\/www.polstersbuchwelten.de\/wp-content\/uploads\/2025\/11\/Bild-14-964x1536.jpeg 964w, https:\/\/www.polstersbuchwelten.de\/wp-content\/uploads\/2025\/11\/Bild-14-1286x2048.jpeg 1286w, https:\/\/www.polstersbuchwelten.de\/wp-content\/uploads\/2025\/11\/Bild-14.jpeg 1594w\" sizes=\"auto, (max-width: 643px) 100vw, 643px\" \/><\/figure>\n<\/div>\n\n\n\n<div class=\"wp-block-column is-layout-flow wp-block-column-is-layout-flow\">\n<figure class=\"wp-block-image size-full\"><a href=\"https:\/\/buchshop.bod.de\/eric-und-seine-besonderen-freunde-joerg-polster-9783695103706\" target=\"_blank\" rel=\" noreferrer noopener\"><img loading=\"lazy\" decoding=\"async\" width=\"197\" height=\"32\" src=\"http:\/\/www.polstersbuchwelten.de\/wp-content\/uploads\/2025\/11\/Bild-1.jpeg\" alt=\"\" class=\"wp-image-84\"\/><\/a><\/figure>\n\n\n\n<figure class=\"wp-block-image size-full is-resized\"><a href=\"https:\/\/www.thalia.de\/shop\/home\/artikeldetails\/A1077304466\" target=\"_blank\" rel=\" noreferrer noopener\"><img loading=\"lazy\" decoding=\"async\" width=\"500\" height=\"159\" src=\"http:\/\/www.polstersbuchwelten.de\/wp-content\/uploads\/2025\/11\/IMG_0989.jpeg\" alt=\"\" class=\"wp-image-104\" style=\"width:191px;height:auto\" srcset=\"https:\/\/www.polstersbuchwelten.de\/wp-content\/uploads\/2025\/11\/IMG_0989.jpeg 500w, https:\/\/www.polstersbuchwelten.de\/wp-content\/uploads\/2025\/11\/IMG_0989-300x95.jpeg 300w\" sizes=\"auto, (max-width: 500px) 100vw, 500px\" \/><\/a><\/figure>\n\n\n\n<figure class=\"wp-block-image size-full is-resized\"><a href=\"https:\/\/www.amazon.de\/Eric-seine-besonderen-Freunde-Kinder-Abenteuer-Geschichte\/dp\/3695103701\/ref=sr_1_14?__mk_de_DE=\u00c5M\u00c5\u017d\u00d5\u00d1&amp;crid=29UWTE9WBPK2D&amp;dib=eyJ2IjoiMSJ9.XrlKY70N2cOwUcgNQhvCfgtr_GL3YWkTd-lxpyP3Iag-ZG8985-JPg8Birx-9AdLrZv-rg0FKZY_DiLbiW-rByl5ZtTTQP5wyV_-rtIdb0mL-otN9JUscqCf4shC12Uw4EMYTbJmLjAdVeq3vx3cty9GsWCwWacLQIa-oeve6xXJuNvAz0GN8IJYmkPVW3CoHTzIs0FP9ZvQXLQQGfabYaptElXiFM-9DUKiPyeg5ww.a-n9LdkZuMmvgmVxtnB1tz4uuWMoBl_d-CmY0kUv4Iw&amp;dib_tag=se&amp;keywords=j\u00f6rg+polster&amp;qid=1764368516&amp;sprefix=j\u00f6rg+polster%2Caps%2C93&amp;sr=8-14\" target=\"_blank\" rel=\" noreferrer noopener\"><img loading=\"lazy\" decoding=\"async\" width=\"280\" height=\"120\" src=\"http:\/\/www.polstersbuchwelten.de\/wp-content\/uploads\/2025\/11\/IMG_0988.jpeg\" alt=\"\" class=\"wp-image-105\" style=\"width:180px;height:auto\"\/><\/a><\/figure>\n\n\n\n<figure class=\"wp-block-image size-full is-resized\"><a href=\"https:\/\/www.buecher.de\/artikel\/buch\/eric-und-seine-besonderen-freunde\/75817894\/\" target=\"_blank\" rel=\" noreferrer noopener\"><img loading=\"lazy\" decoding=\"async\" width=\"411\" height=\"128\" src=\"http:\/\/www.polstersbuchwelten.de\/wp-content\/uploads\/2025\/11\/IMG_0991.jpeg\" alt=\"\" class=\"wp-image-106\" style=\"width:188px;height:auto\" srcset=\"https:\/\/www.polstersbuchwelten.de\/wp-content\/uploads\/2025\/11\/IMG_0991.jpeg 411w, https:\/\/www.polstersbuchwelten.de\/wp-content\/uploads\/2025\/11\/IMG_0991-300x93.jpeg 300w\" sizes=\"auto, (max-width: 411px) 100vw, 411px\" \/><\/a><\/figure>\n\n\n\n<figure class=\"wp-block-image size-full is-resized\"><a href=\"https:\/\/www.hugendubel.de\/de\/taschenbuch\/joerg_polster-eric_und_seine_besonderen_freunde-52046019-produkt-details.html\" target=\"_blank\" rel=\" noreferrer noopener\"><img loading=\"lazy\" decoding=\"async\" width=\"404\" height=\"150\" src=\"http:\/\/www.polstersbuchwelten.de\/wp-content\/uploads\/2025\/11\/IMG_0990.jpeg\" alt=\"\" class=\"wp-image-103\" style=\"width:175px;height:auto\" srcset=\"https:\/\/www.polstersbuchwelten.de\/wp-content\/uploads\/2025\/11\/IMG_0990.jpeg 404w, https:\/\/www.polstersbuchwelten.de\/wp-content\/uploads\/2025\/11\/IMG_0990-300x111.jpeg 300w\" sizes=\"auto, (max-width: 404px) 100vw, 404px\" \/><\/a><\/figure>\n<\/div>\n<\/div>\n\n\n\n<hr class=\"wp-block-separator alignfull has-alpha-channel-opacity is-style-wide\"\/>\n\n\n\n<div class=\"wp-block-columns is-layout-flex wp-container-core-columns-is-layout-9d6595d7 wp-block-columns-is-layout-flex\">\n<div class=\"wp-block-column is-layout-flow wp-block-column-is-layout-flow\">\n<figure class=\"wp-block-image size-large\"><img loading=\"lazy\" decoding=\"async\" width=\"643\" height=\"1024\" src=\"http:\/\/www.polstersbuchwelten.de\/wp-content\/uploads\/2025\/11\/Bild-15-643x1024.jpeg\" alt=\"\" class=\"wp-image-91\" srcset=\"https:\/\/www.polstersbuchwelten.de\/wp-content\/uploads\/2025\/11\/Bild-15-643x1024.jpeg 643w, https:\/\/www.polstersbuchwelten.de\/wp-content\/uploads\/2025\/11\/Bild-15-188x300.jpeg 188w, https:\/\/www.polstersbuchwelten.de\/wp-content\/uploads\/2025\/11\/Bild-15-768x1223.jpeg 768w, https:\/\/www.polstersbuchwelten.de\/wp-content\/uploads\/2025\/11\/Bild-15-964x1536.jpeg 964w, https:\/\/www.polstersbuchwelten.de\/wp-content\/uploads\/2025\/11\/Bild-15-1286x2048.jpeg 1286w, https:\/\/www.polstersbuchwelten.de\/wp-content\/uploads\/2025\/11\/Bild-15.jpeg 1594w\" sizes=\"auto, (max-width: 643px) 100vw, 643px\" \/><\/figure>\n<\/div>\n\n\n\n<div class=\"wp-block-column is-layout-flow wp-block-column-is-layout-flow\">\n<h4 class=\"wp-block-heading has-text-align-center\">Nachdem Niklas mit Omi und Opi im herbstlichen K\u00fchlungsborn Steine am Strand gesammelt hat, entdeckt er in einem kleinen Laden sieben flauschige Wesen &#8211; die Labubus. Jedes ist anders: rot wie Liebe, orange wie Freude, gr\u00fcn wie Ruhe, blau wie Hoffnung, pink-gelb wie Freundschaft, lila wie Gl\u00fcck &#8211; und eines geheimnisvoll schwarz-grau, mit Regenbogenglitzer. Doch Niklas ahnt nicht, dass die Labubus zum Leben erwachen k\u00f6nnen. In stillen N\u00e4chten und leuchtenden Tr\u00e4umen begleiten sie ihn, helfen ihm bei Sorgen, Mutproben und Herzensfragen &#8211; und zeigen ihm, dass in jedem Kind ein ganzer Regenbogen steckt. Eine warmherzige, farbenfrohe Geschichte \u00fcber Freundschaft, Gef\u00fchle und das Vertrauen in sich selbst. Ein Buch voller Magie, Trost und Hoffnung &#8211; f\u00fcr Kinder ab 6 Jahren und alle, die an das Gute im Herzen glauben.<\/h4>\n<\/div>\n\n\n\n<div class=\"wp-block-column is-layout-flow wp-block-column-is-layout-flow\">\n<figure class=\"wp-block-image size-full\"><a href=\"https:\/\/buchshop.bod.de\/niklas-und-die-labubus-joerg-polster-9783695184064\" target=\"_blank\" rel=\" noreferrer noopener\"><img loading=\"lazy\" decoding=\"async\" width=\"197\" height=\"32\" src=\"http:\/\/www.polstersbuchwelten.de\/wp-content\/uploads\/2025\/11\/Bild-1.jpeg\" alt=\"\" class=\"wp-image-84\"\/><\/a><\/figure>\n\n\n\n<figure class=\"wp-block-image size-full is-resized\"><a href=\"https:\/\/www.thalia.de\/shop\/home\/artikeldetails\/A1077336450\" target=\"_blank\" rel=\" noreferrer noopener\"><img loading=\"lazy\" decoding=\"async\" width=\"500\" height=\"159\" src=\"http:\/\/www.polstersbuchwelten.de\/wp-content\/uploads\/2025\/11\/IMG_0989.jpeg\" alt=\"\" class=\"wp-image-104\" style=\"width:191px;height:auto\" srcset=\"https:\/\/www.polstersbuchwelten.de\/wp-content\/uploads\/2025\/11\/IMG_0989.jpeg 500w, https:\/\/www.polstersbuchwelten.de\/wp-content\/uploads\/2025\/11\/IMG_0989-300x95.jpeg 300w\" sizes=\"auto, (max-width: 500px) 100vw, 500px\" \/><\/a><\/figure>\n\n\n\n<figure class=\"wp-block-image size-full is-resized\"><a href=\"https:\/\/www.amazon.de\/Niklas-die-Labubus-Sieben-Meer\/dp\/369518406X\/ref=sr_1_12?__mk_de_DE=\u00c5M\u00c5\u017d\u00d5\u00d1&amp;crid=29UWTE9WBPK2D&amp;dib=eyJ2IjoiMSJ9.XrlKY70N2cOwUcgNQhvCfgtr_GL3YWkTd-lxpyP3Iag-ZG8985-JPg8Birx-9AdLrZv-rg0FKZY_DiLbiW-rByl5ZtTTQP5wyV_-rtIdb0mL-otN9JUscqCf4shC12Uw4EMYTbJmLjAdVeq3vx3cty9GsWCwWacLQIa-oeve6xXJuNvAz0GN8IJYmkPVW3CoHTzIs0FP9ZvQXLQQGfabYaptElXiFM-9DUKiPyeg5ww.a-n9LdkZuMmvgmVxtnB1tz4uuWMoBl_d-CmY0kUv4Iw&amp;dib_tag=se&amp;keywords=j\u00f6rg+polster&amp;qid=1764368516&amp;sprefix=j\u00f6rg+polster%2Caps%2C93&amp;sr=8-12\" target=\"_blank\" rel=\" noreferrer noopener\"><img loading=\"lazy\" decoding=\"async\" width=\"280\" height=\"120\" src=\"http:\/\/www.polstersbuchwelten.de\/wp-content\/uploads\/2025\/11\/IMG_0988.jpeg\" alt=\"\" class=\"wp-image-105\" style=\"width:180px;height:auto\"\/><\/a><\/figure>\n\n\n\n<figure class=\"wp-block-image size-full is-resized\"><a href=\"https:\/\/www.buecher.de\/artikel\/buch\/niklas-und-die-labubus\/75844408\/\" target=\"_blank\" rel=\" noreferrer noopener\"><img loading=\"lazy\" decoding=\"async\" width=\"411\" height=\"128\" src=\"http:\/\/www.polstersbuchwelten.de\/wp-content\/uploads\/2025\/11\/IMG_0991.jpeg\" alt=\"\" class=\"wp-image-106\" style=\"width:188px;height:auto\" srcset=\"https:\/\/www.polstersbuchwelten.de\/wp-content\/uploads\/2025\/11\/IMG_0991.jpeg 411w, https:\/\/www.polstersbuchwelten.de\/wp-content\/uploads\/2025\/11\/IMG_0991-300x93.jpeg 300w\" sizes=\"auto, (max-width: 411px) 100vw, 411px\" \/><\/a><\/figure>\n\n\n\n<figure class=\"wp-block-image size-full is-resized\"><a href=\"https:\/\/www.hugendubel.de\/de\/buch_gebunden\/joerg_polster-niklas_und_die_labubus-52069300-produkt-details.html\" target=\"_blank\" rel=\" noreferrer noopener\"><img loading=\"lazy\" decoding=\"async\" width=\"404\" height=\"150\" src=\"http:\/\/www.polstersbuchwelten.de\/wp-content\/uploads\/2025\/11\/IMG_0990.jpeg\" alt=\"\" class=\"wp-image-103\" style=\"width:175px;height:auto\" srcset=\"https:\/\/www.polstersbuchwelten.de\/wp-content\/uploads\/2025\/11\/IMG_0990.jpeg 404w, https:\/\/www.polstersbuchwelten.de\/wp-content\/uploads\/2025\/11\/IMG_0990-300x111.jpeg 300w\" sizes=\"auto, (max-width: 404px) 100vw, 404px\" \/><\/a><\/figure>\n<\/div>\n<\/div>\n\n\n\n<hr class=\"wp-block-separator alignfull has-alpha-channel-opacity is-style-wide\"\/>\n\n\n\n<div class=\"wp-block-columns is-layout-flex wp-container-core-columns-is-layout-9d6595d7 wp-block-columns-is-layout-flex\">\n<div class=\"wp-block-column is-layout-flow wp-block-column-is-layout-flow\">\n<h4 class=\"wp-block-heading\">In diesem Jahr ist Weihnachten anders. Der Schnee bleibt aus, die Lichter wirken matt, und selbst die Vorfreude f\u00fchlt sich irgendwie verloren an. Der neunj\u00e4hrige Niklas sp\u00fcrt, dass etwas nicht stimmt &#8211; als h\u00e4tte die Welt ein wichtiges Geheimnis vergessen. Als er einem geheimnisvollen alten Mann im roten Mantel begegnet, \u00f6ffnet sich f\u00fcr Niklas die T\u00fcr zu einer Welt, die es eigentlich nicht geben d\u00fcrfte: einem Ort, an dem W\u00fcnsche leben, Tr\u00e4ume leuchten und Weihnachten seinen Ursprung hat. Doch dieses Wunderland ist in Gefahr. Gemeinsam mit Santa, den Sternenkindern und einem ganz besonderen Rentier begibt sich Niklas auf eine Reise voller Magie, Freundschaft und leiser Wunder. Eine Reise, die ihn dorthin f\u00fchrt, wo Hoffnung geboren wird &#8211; und wo selbst das Vergessene eine zweite Chance bekommt. Diese Geschichte erz\u00e4hlt davon, dass Weihnachten nicht im Kalender wohnt, sondern in Herzen. Dass ein einziges Kind ausreichen kann, um ein Wunder zu bewirken. Und dass es manchmal nur einen mutigen Traum braucht, um die Welt wieder zum Leuchten zu bringen. Ein warmes Weihnachtsm\u00e4rchen zum Vorlesen, Tr\u00e4umen und Wiederfinden &#8211; f\u00fcr Kinder und Erwachsene, die an Wunder glauben (oder es wieder lernen m\u00f6chten).<\/h4>\n<\/div>\n\n\n\n<div class=\"wp-block-column is-layout-flow wp-block-column-is-layout-flow\">\n<figure class=\"wp-block-image size-large\"><img loading=\"lazy\" decoding=\"async\" width=\"643\" height=\"1024\" src=\"https:\/\/www.polstersbuchwelten.de\/wp-content\/uploads\/2025\/12\/Santa-643x1024.jpg\" alt=\"\" class=\"wp-image-262\" srcset=\"https:\/\/www.polstersbuchwelten.de\/wp-content\/uploads\/2025\/12\/Santa-643x1024.jpg 643w, https:\/\/www.polstersbuchwelten.de\/wp-content\/uploads\/2025\/12\/Santa-188x300.jpg 188w, https:\/\/www.polstersbuchwelten.de\/wp-content\/uploads\/2025\/12\/Santa-768x1223.jpg 768w, https:\/\/www.polstersbuchwelten.de\/wp-content\/uploads\/2025\/12\/Santa-964x1536.jpg 964w, https:\/\/www.polstersbuchwelten.de\/wp-content\/uploads\/2025\/12\/Santa-1286x2048.jpg 1286w, https:\/\/www.polstersbuchwelten.de\/wp-content\/uploads\/2025\/12\/Santa.jpg 1594w\" sizes=\"auto, (max-width: 643px) 100vw, 643px\" \/><\/figure>\n<\/div>\n\n\n\n<div class=\"wp-block-column is-layout-flow wp-block-column-is-layout-flow\">\n<figure class=\"wp-block-image size-full\"><a href=\"https:\/\/buchshop.bod.de\/niklas-und-das-vergessene-weihnachten-joerg-polster-9783695187164\" target=\"_blank\" rel=\" noreferrer noopener\"><img loading=\"lazy\" decoding=\"async\" width=\"197\" height=\"32\" src=\"http:\/\/www.polstersbuchwelten.de\/wp-content\/uploads\/2025\/11\/Bild-1.jpeg\" alt=\"\" class=\"wp-image-84\"\/><\/a><\/figure>\n\n\n\n<figure class=\"wp-block-image size-full is-resized\"><a href=\"https:\/\/www.thalia.de\/shop\/home\/artikeldetails\/A1077723158\" target=\"_blank\" rel=\" noreferrer noopener\"><img loading=\"lazy\" decoding=\"async\" width=\"500\" height=\"159\" src=\"http:\/\/www.polstersbuchwelten.de\/wp-content\/uploads\/2025\/11\/IMG_0989.jpeg\" alt=\"\" class=\"wp-image-104\" style=\"width:191px;height:auto\" srcset=\"https:\/\/www.polstersbuchwelten.de\/wp-content\/uploads\/2025\/11\/IMG_0989.jpeg 500w, https:\/\/www.polstersbuchwelten.de\/wp-content\/uploads\/2025\/11\/IMG_0989-300x95.jpeg 300w\" sizes=\"auto, (max-width: 500px) 100vw, 500px\" \/><\/a><\/figure>\n\n\n\n<figure class=\"wp-block-image size-full is-resized\"><a href=\"https:\/\/www.amazon.de\/dp\/3695187166\/ref=sr_1_21?dib=eyJ2IjoiMSJ9.vWxNwWj7zpQHfsp--I897UTEypx-EKSkSZ81zK1_-2rOvs5jb8D0w50sjgUeh0YWurI1s5lo1avtsqetO-5B4Q.GewOVkF2dMlXgSC8CQT075FG6GDPJc_JTO80_eOjOf0&amp;dib_tag=se&amp;keywords=J%C3%B6rg+Polster&amp;qid=1765958360&amp;sr=8-21&amp;xpid=eI-qjZpszf9Zr\" target=\"_blank\" rel=\" noreferrer noopener\"><img loading=\"lazy\" decoding=\"async\" width=\"280\" height=\"120\" src=\"http:\/\/www.polstersbuchwelten.de\/wp-content\/uploads\/2025\/11\/IMG_0988.jpeg\" alt=\"\" class=\"wp-image-105\" style=\"width:180px;height:auto\"\/><\/a><\/figure>\n\n\n\n<figure class=\"wp-block-image size-full is-resized\"><a href=\"https:\/\/www.buecher.de\/artikel\/buch\/niklas-und-das-vergessene-weihnachten\/76117703\/\" target=\"_blank\" rel=\" noreferrer noopener\"><img loading=\"lazy\" decoding=\"async\" width=\"411\" height=\"128\" src=\"http:\/\/www.polstersbuchwelten.de\/wp-content\/uploads\/2025\/11\/IMG_0991.jpeg\" alt=\"\" class=\"wp-image-106\" style=\"width:188px;height:auto\" srcset=\"https:\/\/www.polstersbuchwelten.de\/wp-content\/uploads\/2025\/11\/IMG_0991.jpeg 411w, https:\/\/www.polstersbuchwelten.de\/wp-content\/uploads\/2025\/11\/IMG_0991-300x93.jpeg 300w\" sizes=\"auto, (max-width: 411px) 100vw, 411px\" \/><\/a><\/figure>\n\n\n\n<figure class=\"wp-block-image size-full is-resized\"><a href=\"https:\/\/www.hugendubel.de\/de\/buch_gebunden\/joerg_polster-niklas_und_das_vergessene_weihnachten-52296422-produkt-details.html\" target=\"_blank\" rel=\" noreferrer noopener\"><img loading=\"lazy\" decoding=\"async\" width=\"404\" height=\"150\" src=\"http:\/\/www.polstersbuchwelten.de\/wp-content\/uploads\/2025\/11\/IMG_0990.jpeg\" alt=\"\" class=\"wp-image-103\" style=\"width:175px;height:auto\" srcset=\"https:\/\/www.polstersbuchwelten.de\/wp-content\/uploads\/2025\/11\/IMG_0990.jpeg 404w, https:\/\/www.polstersbuchwelten.de\/wp-content\/uploads\/2025\/11\/IMG_0990-300x111.jpeg 300w\" sizes=\"auto, (max-width: 404px) 100vw, 404px\" \/><\/a><\/figure>\n<\/div>\n<\/div>\n\n\n\n<hr class=\"wp-block-separator alignfull has-alpha-channel-opacity is-style-wide\"\/>\n\n\n\n<div class=\"wp-block-columns is-layout-flex wp-container-core-columns-is-layout-9d6595d7 wp-block-columns-is-layout-flex\">\n<div class=\"wp-block-column is-layout-flow wp-block-column-is-layout-flow\">\n<figure class=\"wp-block-image size-large\"><img loading=\"lazy\" decoding=\"async\" width=\"643\" height=\"1024\" src=\"https:\/\/www.polstersbuchwelten.de\/wp-content\/uploads\/2026\/03\/IMG_8125-643x1024.jpeg\" alt=\"\" class=\"wp-image-321\" srcset=\"https:\/\/www.polstersbuchwelten.de\/wp-content\/uploads\/2026\/03\/IMG_8125-643x1024.jpeg 643w, https:\/\/www.polstersbuchwelten.de\/wp-content\/uploads\/2026\/03\/IMG_8125-188x300.jpeg 188w, https:\/\/www.polstersbuchwelten.de\/wp-content\/uploads\/2026\/03\/IMG_8125-768x1223.jpeg 768w, https:\/\/www.polstersbuchwelten.de\/wp-content\/uploads\/2026\/03\/IMG_8125-964x1536.jpeg 964w, https:\/\/www.polstersbuchwelten.de\/wp-content\/uploads\/2026\/03\/IMG_8125-1286x2048.jpeg 1286w, https:\/\/www.polstersbuchwelten.de\/wp-content\/uploads\/2026\/03\/IMG_8125.jpeg 1594w\" sizes=\"auto, (max-width: 643px) 100vw, 643px\" \/><\/figure>\n<\/div>\n\n\n\n<div class=\"wp-block-column is-layout-flow wp-block-column-is-layout-flow\">\n<h4 class=\"wp-block-heading has-text-align-center\">Unter der alten Linde auf dem Dorfplatz versammeln sich Abend f\u00fcr Abend Kinder,<br>wenn der Tag langsam zur Ruhe kommt.<br>Wenn der Wind leise durch die Zweige streicht<br>und am Himmel die Sterne erscheinen,<br>beginnt Jakob zu erz\u00e4hlen &#8230;<br>Seine\u00a0<em>M\u00e4rchen<\/em>\u00a0handeln von mutigen Kindern,<br>klugen Tieren und Menschen<br>mit einem guten Herzen.<br>Sie erz\u00e4hlen von Freundschaft, Hoffnung<br>und den kleinen Wundern des Lebens.<br>Ein warmes Vorlesebuch<br>f\u00fcr Kinder und die ganze Familie.<\/h4>\n<\/div>\n\n\n\n<div class=\"wp-block-column is-layout-flow wp-block-column-is-layout-flow\">\n<figure class=\"wp-block-image size-full\"><a href=\"https:\/\/buchshop.bod.de\/niklas-und-das-vergessene-weihnachten-joerg-polster-9783695187164\" target=\"_blank\" rel=\" noreferrer noopener\"><img loading=\"lazy\" decoding=\"async\" width=\"197\" height=\"32\" src=\"http:\/\/www.polstersbuchwelten.de\/wp-content\/uploads\/2025\/11\/Bild-1.jpeg\" alt=\"\" class=\"wp-image-84\"\/><\/a><\/figure>\n\n\n\n<figure class=\"wp-block-image size-full is-resized\"><a href=\"https:\/\/www.thalia.de\/shop\/home\/artikeldetails\/A1078684374\" target=\"_blank\" rel=\" noreferrer noopener\"><img loading=\"lazy\" decoding=\"async\" width=\"500\" height=\"159\" src=\"http:\/\/www.polstersbuchwelten.de\/wp-content\/uploads\/2025\/11\/IMG_0989.jpeg\" alt=\"\" class=\"wp-image-104\" style=\"width:191px;height:auto\" srcset=\"https:\/\/www.polstersbuchwelten.de\/wp-content\/uploads\/2025\/11\/IMG_0989.jpeg 500w, https:\/\/www.polstersbuchwelten.de\/wp-content\/uploads\/2025\/11\/IMG_0989-300x95.jpeg 300w\" sizes=\"auto, (max-width: 500px) 100vw, 500px\" \/><\/a><\/figure>\n\n\n\n<figure class=\"wp-block-image size-full is-resized\"><a href=\"https:\/\/www.amazon.de\/dp\/3695735139\/ref=sr_1_1?__mk_de_DE=\u00c5M\u00c5\u017d\u00d5\u00d1&amp;crid=3GEKPQH49C126&amp;dib=eyJ2IjoiMSJ9.A_gBpk8ThXlsjgwG4nlOaD5dfzkY-KBnXadGvUcyIZNdqyRi5Nub2aSI37bmqbzFKWOlMYl7MatbFCQnya5d-9q930d_2Ixs3G5M8bSfge5OKSoGC8n6-BjyVHmtHLCWgDy_H2ROtIifMomPcnZastXmr-TizzS3iO6uYx6H7lAI7QO7QakVonu96Z7A7ehDq0bE-OPelYmU7t0v9dqckXxbWkAMitkHQk8NTF6oRyM.hhYvCFf8oGaUDj57EfiyKFkMf2FHAMdpHtynA6R7ezs&amp;dib_tag=se&amp;keywords=M\u00e4rchen+und+Geschichten+unter+der+Linde&amp;qid=1773752474&amp;sprefix=m\u00e4rchen+und+geschichten+unter+der+linde%2Caps%2C122&amp;sr=8-1\" target=\"_blank\" rel=\" noreferrer noopener\"><img loading=\"lazy\" decoding=\"async\" width=\"280\" height=\"120\" src=\"http:\/\/www.polstersbuchwelten.de\/wp-content\/uploads\/2025\/11\/IMG_0988.jpeg\" alt=\"\" class=\"wp-image-105\" style=\"width:180px;height:auto\"\/><\/a><\/figure>\n\n\n\n<figure class=\"wp-block-image size-full is-resized\"><a href=\"https:\/\/www.buecher.de\/shop\/home\/artikeldetails\/A1078684374\" target=\"_blank\" rel=\" noreferrer noopener\"><img loading=\"lazy\" decoding=\"async\" width=\"411\" height=\"128\" src=\"http:\/\/www.polstersbuchwelten.de\/wp-content\/uploads\/2025\/11\/IMG_0991.jpeg\" alt=\"\" class=\"wp-image-106\" style=\"width:188px;height:auto\" srcset=\"https:\/\/www.polstersbuchwelten.de\/wp-content\/uploads\/2025\/11\/IMG_0991.jpeg 411w, https:\/\/www.polstersbuchwelten.de\/wp-content\/uploads\/2025\/11\/IMG_0991-300x93.jpeg 300w\" sizes=\"auto, (max-width: 411px) 100vw, 411px\" \/><\/a><\/figure>\n\n\n\n<figure class=\"wp-block-image size-full is-resized\"><a href=\"https:\/\/www.hugendubel.de\/de\/buch_gebunden\/joerg_polster-maerchen_und_geschichten_unter_der_linde-52790888-produkt-details.html\" target=\"_blank\" rel=\" noreferrer noopener\"><img loading=\"lazy\" decoding=\"async\" width=\"404\" height=\"150\" src=\"http:\/\/www.polstersbuchwelten.de\/wp-content\/uploads\/2025\/11\/IMG_0990.jpeg\" alt=\"\" class=\"wp-image-103\" style=\"width:175px;height:auto\" srcset=\"https:\/\/www.polstersbuchwelten.de\/wp-content\/uploads\/2025\/11\/IMG_0990.jpeg 404w, https:\/\/www.polstersbuchwelten.de\/wp-content\/uploads\/2025\/11\/IMG_0990-300x111.jpeg 300w\" sizes=\"auto, (max-width: 404px) 100vw, 404px\" \/><\/a><\/figure>\n<\/div>\n<\/div>\n\n\n\n<hr class=\"wp-block-separator alignfull has-alpha-channel-opacity\"\/>\n","protected":false},"excerpt":{"rendered":"<p>Niklas ist neun Jahre alt, liebt Fu\u00dfball, R\u00e4tsel und spannende Abenteuer. Doch an seinem Geburtstag ver\u00e4ndert sich alles: Hinter den Himbeerb\u00fcschen im Garten begegnet er Bao &#8211; einem echten Panda! Schnell wird klar: Bao ist kein gew\u00f6hnlicher Panda. Gemeinsam entdecken die beiden das Herz des Waldes, begegnen Kobolden, singenden Steinen, einem einsamen Drachen und sogar [&hellip;]<\/p>\n","protected":false},"author":1,"featured_media":0,"parent":0,"menu_order":0,"comment_status":"closed","ping_status":"closed","template":"","meta":{"footnotes":""},"class_list":["post-46","page","type-page","status-publish","hentry","entry"],"_links":{"self":[{"href":"https:\/\/www.polstersbuchwelten.de\/index.php\/wp-json\/wp\/v2\/pages\/46","targetHints":{"allow":["GET"]}}],"collection":[{"href":"https:\/\/www.polstersbuchwelten.de\/index.php\/wp-json\/wp\/v2\/pages"}],"about":[{"href":"https:\/\/www.polstersbuchwelten.de\/index.php\/wp-json\/wp\/v2\/types\/page"}],"author":[{"embeddable":true,"href":"https:\/\/www.polstersbuchwelten.de\/index.php\/wp-json\/wp\/v2\/users\/1"}],"replies":[{"embeddable":true,"href":"https:\/\/www.polstersbuchwelten.de\/index.php\/wp-json\/wp\/v2\/comments?post=46"}],"version-history":[{"count":19,"href":"https:\/\/www.polstersbuchwelten.de\/index.php\/wp-json\/wp\/v2\/pages\/46\/revisions"}],"predecessor-version":[{"id":323,"href":"https:\/\/www.polstersbuchwelten.de\/index.php\/wp-json\/wp\/v2\/pages\/46\/revisions\/323"}],"wp:attachment":[{"href":"https:\/\/www.polstersbuchwelten.de\/index.php\/wp-json\/wp\/v2\/media?parent=46"}],"curies":[{"name":"wp","href":"https:\/\/api.w.org\/{rel}","templated":true}]}}