{"id":44,"date":"2025-11-27T20:47:35","date_gmt":"2025-11-27T19:47:35","guid":{"rendered":"http:\/\/www.polstersbuchwelten.de\/?page_id=44"},"modified":"2026-04-09T11:28:10","modified_gmt":"2026-04-09T09:28:10","slug":"romane","status":"publish","type":"page","link":"https:\/\/www.polstersbuchwelten.de\/index.php\/romane\/","title":{"rendered":"Romane"},"content":{"rendered":"\n<div class=\"wp-block-columns is-layout-flex wp-container-core-columns-is-layout-9d6595d7 wp-block-columns-is-layout-flex\">\n<div class=\"wp-block-column is-layout-flow wp-block-column-is-layout-flow\">\n<figure class=\"wp-block-image size-large\"><img loading=\"lazy\" decoding=\"async\" width=\"647\" height=\"1024\" src=\"http:\/\/www.polstersbuchwelten.de\/wp-content\/uploads\/2025\/11\/Bild-7-647x1024.jpeg\" alt=\"\" class=\"wp-image-96\" srcset=\"https:\/\/www.polstersbuchwelten.de\/wp-content\/uploads\/2025\/11\/Bild-7-647x1024.jpeg 647w, https:\/\/www.polstersbuchwelten.de\/wp-content\/uploads\/2025\/11\/Bild-7-189x300.jpeg 189w, https:\/\/www.polstersbuchwelten.de\/wp-content\/uploads\/2025\/11\/Bild-7-768x1216.jpeg 768w, https:\/\/www.polstersbuchwelten.de\/wp-content\/uploads\/2025\/11\/Bild-7-970x1536.jpeg 970w, https:\/\/www.polstersbuchwelten.de\/wp-content\/uploads\/2025\/11\/Bild-7-1293x2048.jpeg 1293w, https:\/\/www.polstersbuchwelten.de\/wp-content\/uploads\/2025\/11\/Bild-7.jpeg 1417w\" sizes=\"auto, (max-width: 647px) 100vw, 647px\" \/><\/figure>\n<\/div>\n\n\n\n<div class=\"wp-block-column is-layout-flow wp-block-column-is-layout-flow\">\n<h3 class=\"wp-block-heading has-text-align-center\">Ein Land, das f\u00e4llt. Dieser Roman erz\u00e4hlt die Geschichte eines Landes, das f\u00e4llt &#8211; und wieder aufsteht. Deutschland, wenige Jahre nach dem demokratischen Umbruch: Eine rechtsorientierte Regierung \u00fcbernimmt die Macht, die Verfassung zerbricht, die Gesellschaft schweigt. Doch im Schatten wachsen Widerstand, Mut &#8211; und eine leise, aber unaufhaltsame Erinnerung. Mohamed, Georg und Leila geh\u00f6ren zu jenen, die sich nicht beugen. Ihre Geschichte ist ein bewegendes Zeugnis \u00fcber Menschlichkeit im Angesicht der Diktatur. Er beginnt zwei Jahre nach der Macht\u00fcbernahme der rechtsorientierten NAF in Deutschland. Ein Roman \u00fcber das Ende der Demokratie &#8211; und den langen Weg zur\u00fcck. Ein Roman, der ersch\u00fcttert, erinnert und Hoffnung gibt. Ein Buch, das m\u00f6gliche Szenen aufzeigt und fragt: Was bleibt, wenn alles f\u00e4llt?<\/h3>\n<\/div>\n\n\n\n<div class=\"wp-block-column is-layout-flow wp-block-column-is-layout-flow\">\n<figure class=\"wp-block-image size-full\"><a href=\"https:\/\/buchshop.bod.de\/ein-volk-eine-wahl-ein-neues-land-joerg-polster-9783819281495\" target=\"_blank\" rel=\" noreferrer noopener\"><img loading=\"lazy\" decoding=\"async\" width=\"197\" height=\"32\" src=\"http:\/\/www.polstersbuchwelten.de\/wp-content\/uploads\/2025\/11\/Bild-1.jpeg\" alt=\"\" class=\"wp-image-84\"\/><\/a><\/figure>\n\n\n<div class=\"wp-block-image\">\n<figure class=\"alignleft size-full is-resized\"><a href=\"https:\/\/www.thalia.de\/shop\/home\/artikeldetails\/A1076255707\" target=\"_blank\" rel=\" noreferrer noopener\"><img loading=\"lazy\" decoding=\"async\" width=\"500\" height=\"159\" src=\"http:\/\/www.polstersbuchwelten.de\/wp-content\/uploads\/2025\/11\/IMG_0989.jpeg\" alt=\"\" class=\"wp-image-104\" style=\"width:191px;height:auto\" srcset=\"https:\/\/www.polstersbuchwelten.de\/wp-content\/uploads\/2025\/11\/IMG_0989.jpeg 500w, https:\/\/www.polstersbuchwelten.de\/wp-content\/uploads\/2025\/11\/IMG_0989-300x95.jpeg 300w\" sizes=\"auto, (max-width: 500px) 100vw, 500px\" \/><\/a><\/figure>\n<\/div>\n\n\n<figure class=\"wp-block-image size-full is-resized\"><a href=\"https:\/\/www.amazon.de\/Volk-eine-Wahl-neues-Land\/dp\/3819281495\/ref=sr_1_19?__mk_de_DE=\u00c5M\u00c5\u017d\u00d5\u00d1&amp;crid=29UWTE9WBPK2D&amp;dib=eyJ2IjoiMSJ9.5704LT9bPKtH2BIyRJ1b7qQSH0dayDd6jT0TQY7oN69wWvK3La5e9GMdtdOZ-TZIpw6dP64M6_gxgXQdt0Kang.undzu_73JDjqLVVhxKe1JBWCtDSiRfoFadywC8ygXkE&amp;dib_tag=se&amp;keywords=j\u00f6rg+polster&amp;qid=1764367633&amp;sprefix=j\u00f6rg+polster%2Caps%2C93&amp;sr=8-19&amp;xpid=Jn1x0nOBq0DKS\" target=\"_blank\" rel=\" noreferrer noopener\"><img loading=\"lazy\" decoding=\"async\" width=\"280\" height=\"120\" src=\"http:\/\/www.polstersbuchwelten.de\/wp-content\/uploads\/2025\/11\/IMG_0988.jpeg\" alt=\"\" class=\"wp-image-105\" style=\"width:180px;height:auto\"\/><\/a><\/figure>\n\n\n\n<figure class=\"wp-block-image size-full is-resized\"><a href=\"https:\/\/www.buecher.de\/artikel\/buch\/ein-volk-eine-wahl-ein-neues-land\/74381138\/\" target=\"_blank\" rel=\" noreferrer noopener\"><img loading=\"lazy\" decoding=\"async\" width=\"411\" height=\"128\" src=\"http:\/\/www.polstersbuchwelten.de\/wp-content\/uploads\/2025\/11\/IMG_0991.jpeg\" alt=\"\" class=\"wp-image-106\" style=\"width:188px;height:auto\" srcset=\"https:\/\/www.polstersbuchwelten.de\/wp-content\/uploads\/2025\/11\/IMG_0991.jpeg 411w, https:\/\/www.polstersbuchwelten.de\/wp-content\/uploads\/2025\/11\/IMG_0991-300x93.jpeg 300w\" sizes=\"auto, (max-width: 411px) 100vw, 411px\" \/><\/a><\/figure>\n\n\n\n<figure class=\"wp-block-image size-full is-resized\"><a href=\"https:\/\/www.hugendubel.de\/de\/taschenbuch\/joerg_polster-ein_volk_eine_wahl_ein_neues_land-50826898-produkt-details.html\" target=\"_blank\" rel=\" noreferrer noopener\"><img loading=\"lazy\" decoding=\"async\" width=\"404\" height=\"150\" src=\"http:\/\/www.polstersbuchwelten.de\/wp-content\/uploads\/2025\/11\/IMG_0990.jpeg\" alt=\"\" class=\"wp-image-103\" style=\"width:175px;height:auto\" srcset=\"https:\/\/www.polstersbuchwelten.de\/wp-content\/uploads\/2025\/11\/IMG_0990.jpeg 404w, https:\/\/www.polstersbuchwelten.de\/wp-content\/uploads\/2025\/11\/IMG_0990-300x111.jpeg 300w\" sizes=\"auto, (max-width: 404px) 100vw, 404px\" \/><\/a><\/figure>\n<\/div>\n<\/div>\n\n\n\n<hr class=\"wp-block-separator alignfull has-alpha-channel-opacity\"\/>\n\n\n\n<div class=\"wp-block-columns is-layout-flex wp-container-core-columns-is-layout-9d6595d7 wp-block-columns-is-layout-flex\">\n<div class=\"wp-block-column is-layout-flow wp-block-column-is-layout-flow\">\n<h3 class=\"wp-block-heading has-text-align-center\">Ausreden sind wie Salz in der Suppe des Alltags: In kleinen Mengen machen sie das Leben schmackhafter, zu viel davon kann einem aber den Appetit verderben. In diesem Buch sammelte der Autor die sch\u00f6nsten, kuriosesten und oft erstaunlich einfallsreichen Ausreden, die M\u00e4nner und Frauen im Alltag benutzen &#8211; und schaute ihnen etwas tiefer unter die Haube. Zwischen den Lachern oder Schmunzlern finden Sie hier psychologische Hintergr\u00fcnde, warum wir Ausreden benutzen, welche inneren Mechanismen dabei am Werk sind und wie wir damit umgehen k\u00f6nnen. Denn: Wer die Psychologie einer Ausrede versteht, schmunzelt nicht nur dar\u00fcber &#8211; er erkennt sich selbst darin. Dieses Buch ist nicht dazu gedacht, Schuld zu verteilen &#8211; sondern zu zeigen, dass wir Menschen alle kreative Meister im Erfinden von &#8222;Warum-jetzt-nicht&#8220;-Gr\u00fcnden sind.<\/h3>\n<\/div>\n\n\n\n<div class=\"wp-block-column is-layout-flow wp-block-column-is-layout-flow\">\n<figure class=\"wp-block-image size-large\"><img loading=\"lazy\" decoding=\"async\" width=\"647\" height=\"1024\" src=\"http:\/\/www.polstersbuchwelten.de\/wp-content\/uploads\/2025\/11\/Bild-11-647x1024.jpeg\" alt=\"\" class=\"wp-image-97\" srcset=\"https:\/\/www.polstersbuchwelten.de\/wp-content\/uploads\/2025\/11\/Bild-11-647x1024.jpeg 647w, https:\/\/www.polstersbuchwelten.de\/wp-content\/uploads\/2025\/11\/Bild-11-189x300.jpeg 189w, https:\/\/www.polstersbuchwelten.de\/wp-content\/uploads\/2025\/11\/Bild-11-768x1216.jpeg 768w, https:\/\/www.polstersbuchwelten.de\/wp-content\/uploads\/2025\/11\/Bild-11-970x1536.jpeg 970w, https:\/\/www.polstersbuchwelten.de\/wp-content\/uploads\/2025\/11\/Bild-11-1293x2048.jpeg 1293w, https:\/\/www.polstersbuchwelten.de\/wp-content\/uploads\/2025\/11\/Bild-11.jpeg 1417w\" sizes=\"auto, (max-width: 647px) 100vw, 647px\" \/><\/figure>\n<\/div>\n\n\n\n<div class=\"wp-block-column is-layout-flow wp-block-column-is-layout-flow\">\n<figure class=\"wp-block-image size-full\"><a href=\"https:\/\/buchshop.bod.de\/schatz-das-ist-nicht-so-wie-es-aussieht-joerg-polster-9783819211454\" target=\"_blank\" rel=\" noreferrer noopener\"><img loading=\"lazy\" decoding=\"async\" width=\"197\" height=\"32\" src=\"http:\/\/www.polstersbuchwelten.de\/wp-content\/uploads\/2025\/11\/Bild-1.jpeg\" alt=\"\" class=\"wp-image-84\"\/><\/a><\/figure>\n\n\n\n<figure class=\"wp-block-image size-full is-resized\"><a href=\"https:\/\/www.thalia.de\/shop\/home\/artikeldetails\/A1076696699\" target=\"_blank\" rel=\" noreferrer noopener\"><img loading=\"lazy\" decoding=\"async\" width=\"500\" height=\"159\" src=\"http:\/\/www.polstersbuchwelten.de\/wp-content\/uploads\/2025\/11\/IMG_0989.jpeg\" alt=\"\" class=\"wp-image-104\" style=\"width:191px;height:auto\" srcset=\"https:\/\/www.polstersbuchwelten.de\/wp-content\/uploads\/2025\/11\/IMG_0989.jpeg 500w, https:\/\/www.polstersbuchwelten.de\/wp-content\/uploads\/2025\/11\/IMG_0989-300x95.jpeg 300w\" sizes=\"auto, (max-width: 500px) 100vw, 500px\" \/><\/a><\/figure>\n\n\n\n<figure class=\"wp-block-image size-full is-resized\"><a href=\"https:\/\/www.amazon.de\/Schatz-das-ist-nicht-aussieht\/dp\/3819211454\/ref=sr_1_15?__mk_de_DE=\u00c5M\u00c5\u017d\u00d5\u00d1&amp;crid=29UWTE9WBPK2D&amp;dib=eyJ2IjoiMSJ9.XrlKY70N2cOwUcgNQhvCfgtr_GL3YWkTd-lxpyP3Iag-ZG8985-JPg8Birx-9AdLrZv-rg0FKZY_DiLbiW-rByl5ZtTTQP5wyV_-rtIdb0mL-otN9JUscqCf4shC12Uw4EMYTbJmLjAdVeq3vx3cty9GsWCwWacLQIa-oeve6xU2AeZ06U1ZcCr5JP7-5gv7vAIU1EFjkklfQQjhnLC3dKptElXiFM-9DUKiPyeg5ww.kvji1-GZxgfh2OfRxVjzsCwuLNd45PzW7Eqk1PglhU4&amp;dib_tag=se&amp;keywords=j\u00f6rg+polster&amp;qid=1764367847&amp;sprefix=j\u00f6rg+polster%2Caps%2C93&amp;sr=8-15\" target=\"_blank\" rel=\" noreferrer noopener\"><img loading=\"lazy\" decoding=\"async\" width=\"280\" height=\"120\" src=\"http:\/\/www.polstersbuchwelten.de\/wp-content\/uploads\/2025\/11\/IMG_0988.jpeg\" alt=\"\" class=\"wp-image-105\" style=\"width:180px;height:auto\"\/><\/a><\/figure>\n\n\n\n<figure class=\"wp-block-image size-full is-resized\"><a href=\"https:\/\/www.buecher.de\/artikel\/buch\/schatz-das-ist-nicht-so-wie-es-aussieht\/75309359\/\" target=\"_blank\" rel=\" noreferrer noopener\"><img loading=\"lazy\" decoding=\"async\" width=\"411\" height=\"128\" src=\"http:\/\/www.polstersbuchwelten.de\/wp-content\/uploads\/2025\/11\/IMG_0991.jpeg\" alt=\"\" class=\"wp-image-106\" style=\"width:188px;height:auto\" srcset=\"https:\/\/www.polstersbuchwelten.de\/wp-content\/uploads\/2025\/11\/IMG_0991.jpeg 411w, https:\/\/www.polstersbuchwelten.de\/wp-content\/uploads\/2025\/11\/IMG_0991-300x93.jpeg 300w\" sizes=\"auto, (max-width: 411px) 100vw, 411px\" \/><\/a><\/figure>\n\n\n\n<figure class=\"wp-block-image size-full is-resized\"><a href=\"https:\/\/www.hugendubel.de\/de\/taschenbuch\/joerg_polster-schatz_das_ist_nicht_so_wie_es_aussieht-51650452-produkt-details.html\" target=\"_blank\" rel=\" noreferrer noopener\"><img loading=\"lazy\" decoding=\"async\" width=\"404\" height=\"150\" src=\"http:\/\/www.polstersbuchwelten.de\/wp-content\/uploads\/2025\/11\/IMG_0990.jpeg\" alt=\"\" class=\"wp-image-103\" style=\"width:175px;height:auto\" srcset=\"https:\/\/www.polstersbuchwelten.de\/wp-content\/uploads\/2025\/11\/IMG_0990.jpeg 404w, https:\/\/www.polstersbuchwelten.de\/wp-content\/uploads\/2025\/11\/IMG_0990-300x111.jpeg 300w\" sizes=\"auto, (max-width: 404px) 100vw, 404px\" \/><\/a><\/figure>\n<\/div>\n<\/div>\n\n\n\n<hr class=\"wp-block-separator alignfull has-alpha-channel-opacity\"\/>\n\n\n\n<div class=\"wp-block-columns is-layout-flex wp-container-core-columns-is-layout-9d6595d7 wp-block-columns-is-layout-flex\">\n<div class=\"wp-block-column is-layout-flow wp-block-column-is-layout-flow\">\n<figure class=\"wp-block-image size-large\"><img loading=\"lazy\" decoding=\"async\" width=\"647\" height=\"1024\" src=\"http:\/\/www.polstersbuchwelten.de\/wp-content\/uploads\/2025\/11\/Bild-9-647x1024.jpeg\" alt=\"\" class=\"wp-image-99\" srcset=\"https:\/\/www.polstersbuchwelten.de\/wp-content\/uploads\/2025\/11\/Bild-9-647x1024.jpeg 647w, https:\/\/www.polstersbuchwelten.de\/wp-content\/uploads\/2025\/11\/Bild-9-189x300.jpeg 189w, https:\/\/www.polstersbuchwelten.de\/wp-content\/uploads\/2025\/11\/Bild-9-768x1216.jpeg 768w, https:\/\/www.polstersbuchwelten.de\/wp-content\/uploads\/2025\/11\/Bild-9-970x1536.jpeg 970w, https:\/\/www.polstersbuchwelten.de\/wp-content\/uploads\/2025\/11\/Bild-9-1293x2048.jpeg 1293w, https:\/\/www.polstersbuchwelten.de\/wp-content\/uploads\/2025\/11\/Bild-9.jpeg 1417w\" sizes=\"auto, (max-width: 647px) 100vw, 647px\" \/><\/figure>\n<\/div>\n\n\n\n<div class=\"wp-block-column is-layout-flow wp-block-column-is-layout-flow\">\n<h3 class=\"wp-block-heading has-text-align-center\">Dialoge \u00fcber die Menschheit Was geschieht, wenn Gott und Luzifer gemeinsam \u00fcber die Erde wandeln? Wenn sie Parlamente und Universit\u00e4ten besuchen, in Kneipen und Klassenzimmern sitzen, durch Bahnh\u00f6fe und Friedh\u00f6fe gehen &#8211; und die Menschheit mit all ihrer Gr\u00f6\u00dfe und all ihrem Versagen betrachten? Dieses Buch ist keine Predigt und kein M\u00e4rchen. Es ist ein Streitgespr\u00e4ch zwischen Licht und Abgrund, zwischen Hoffnung und Zynismus, zwischen Vater und Sohn, die mehr verbindet, als sie zugeben wollen. Sie diskutieren \u00fcber Politik und Macht, \u00fcber Kriege und Wissenschaft, \u00fcber Liebe, Erinnerung, Sehnsucht und Tod. Sie schauen auf das Allt\u00e4gliche &#8211; ein Wartezimmer, einen Supermarkt, ein Altenheim &#8211; und machen sichtbar, was wir selbst oft \u00fcbersehen: dass das Menschsein immer zwischen Zerbrechlichkeit und W\u00fcrde steht. Und am Ende? Die apokalyptischen Reiter werden gerufen, um das Urteil zu sprechen. Doch das letzte Wort ist kein Ende &#8211; sondern ein Schweigen, ein Innehalten, ein Noch nicht. Denn zwischen Gottes Hoffnung und Luzifers Spott liegt der Mensch, und sein Schicksal entscheidet sich nicht in einem fernen Himmel, sondern jeden Tag neu &#8211; im Kleinen wie im Gro\u00dfen, im Lachen eines Kindes und im Schweigen einer Waffe, im Teilen eines Brotes und im Vergessen eines Lebens. Ein Roman, der die Menschheit befragt &#8211; und jeden von uns mit ihr.<\/h3>\n<\/div>\n\n\n\n<div class=\"wp-block-column is-layout-flow wp-block-column-is-layout-flow\">\n<figure class=\"wp-block-image size-full\"><a href=\"https:\/\/buchshop.bod.de\/dialoge-ueber-die-menschheit-joerg-polster-9783819211348\" target=\"_blank\" rel=\" noreferrer noopener\"><img loading=\"lazy\" decoding=\"async\" width=\"197\" height=\"32\" src=\"http:\/\/www.polstersbuchwelten.de\/wp-content\/uploads\/2025\/11\/Bild-1.jpeg\" alt=\"\" class=\"wp-image-84\"\/><\/a><\/figure>\n\n\n\n<figure class=\"wp-block-image size-full is-resized\"><a href=\"https:\/\/www.thalia.de\/shop\/home\/artikeldetails\/A1076831721\" target=\"_blank\" rel=\" noreferrer noopener\"><img loading=\"lazy\" decoding=\"async\" width=\"500\" height=\"159\" src=\"http:\/\/www.polstersbuchwelten.de\/wp-content\/uploads\/2025\/11\/IMG_0989.jpeg\" alt=\"\" class=\"wp-image-104\" style=\"width:191px;height:auto\" srcset=\"https:\/\/www.polstersbuchwelten.de\/wp-content\/uploads\/2025\/11\/IMG_0989.jpeg 500w, https:\/\/www.polstersbuchwelten.de\/wp-content\/uploads\/2025\/11\/IMG_0989-300x95.jpeg 300w\" sizes=\"auto, (max-width: 500px) 100vw, 500px\" \/><\/a><\/figure>\n\n\n\n<figure class=\"wp-block-image size-full is-resized\"><a href=\"https:\/\/www.amazon.de\/Dialoge-\u00fcber-die-Menschheit-Gespr\u00e4che\/dp\/3819211349\/ref=sr_1_10?__mk_de_DE=\u00c5M\u00c5\u017d\u00d5\u00d1&amp;crid=29UWTE9WBPK2D&amp;dib=eyJ2IjoiMSJ9.XrlKY70N2cOwUcgNQhvCfgtr_GL3YWkTd-lxpyP3Iag-ZG8985-JPg8Birx-9AdLrZv-rg0FKZY_DiLbiW-rByl5ZtTTQP5wyV_-rtIdb0mL-otN9JUscqCf4shC12Uw4EMYTbJmLjAdVeq3vx3cty9GsWCwWacLQIa-oeve6xU2AeZ06U1ZcCr5JP7-5gv7vAIU1EFjkklfQQjhnLC3dKptElXiFM-9DUKiPyeg5ww.kvji1-GZxgfh2OfRxVjzsCwuLNd45PzW7Eqk1PglhU4&amp;dib_tag=se&amp;keywords=j\u00f6rg+polster&amp;qid=1764365975&amp;sprefix=j\u00f6rg+polster%2Caps%2C93&amp;sr=8-10\" target=\"_blank\" rel=\" noreferrer noopener\"><img loading=\"lazy\" decoding=\"async\" width=\"280\" height=\"120\" src=\"http:\/\/www.polstersbuchwelten.de\/wp-content\/uploads\/2025\/11\/IMG_0988.jpeg\" alt=\"\" class=\"wp-image-105\" style=\"width:180px;height:auto\"\/><\/a><\/figure>\n\n\n\n<figure class=\"wp-block-image size-full is-resized\"><a href=\"https:\/\/www.buecher.de\/artikel\/buch\/dialoge-ueber-die-menschheit\/75422905\/\" target=\"_blank\" rel=\" noreferrer noopener\"><img loading=\"lazy\" decoding=\"async\" width=\"411\" height=\"128\" src=\"http:\/\/www.polstersbuchwelten.de\/wp-content\/uploads\/2025\/11\/IMG_0991.jpeg\" alt=\"\" class=\"wp-image-106\" style=\"width:188px;height:auto\" srcset=\"https:\/\/www.polstersbuchwelten.de\/wp-content\/uploads\/2025\/11\/IMG_0991.jpeg 411w, https:\/\/www.polstersbuchwelten.de\/wp-content\/uploads\/2025\/11\/IMG_0991-300x93.jpeg 300w\" sizes=\"auto, (max-width: 411px) 100vw, 411px\" \/><\/a><\/figure>\n\n\n\n<figure class=\"wp-block-image size-full is-resized\"><a href=\"https:\/\/www.hugendubel.de\/de\/taschenbuch\/joerg_polster-dialoge_ueber_die_menschheit-51721499-produkt-details.html\" target=\"_blank\" rel=\" noreferrer noopener\"><img loading=\"lazy\" decoding=\"async\" width=\"404\" height=\"150\" src=\"http:\/\/www.polstersbuchwelten.de\/wp-content\/uploads\/2025\/11\/IMG_0990.jpeg\" alt=\"\" class=\"wp-image-103\" style=\"width:175px;height:auto\" srcset=\"https:\/\/www.polstersbuchwelten.de\/wp-content\/uploads\/2025\/11\/IMG_0990.jpeg 404w, https:\/\/www.polstersbuchwelten.de\/wp-content\/uploads\/2025\/11\/IMG_0990-300x111.jpeg 300w\" sizes=\"auto, (max-width: 404px) 100vw, 404px\" \/><\/a><\/figure>\n<\/div>\n<\/div>\n\n\n\n<hr class=\"wp-block-separator alignfull has-alpha-channel-opacity\"\/>\n\n\n\n<div class=\"wp-block-columns is-layout-flex wp-container-core-columns-is-layout-9d6595d7 wp-block-columns-is-layout-flex\">\n<div class=\"wp-block-column is-layout-flow wp-block-column-is-layout-flow\">\n<h3 class=\"wp-block-heading has-text-align-center\">&#8222;Ich war der Schatten, den sie jagen sollte &#8211; und wurde der J\u00e4ger dessen, was selbst Schatten f\u00fcrchten.&#8220; Nicolas van Haven &#8211; einst ein dunkler und m\u00e4chtiger Magier aus Salem, von Rache und Macht zerfressen, von Feinden gef\u00fcrchtet, von keiner Reue gebremst. Doch als er Eleanor, eine D\u00e4monenj\u00e4gerin mit silberner Klinge und brennendem Herzen, fast an den Tod verliert, ver\u00e4ndert sich alles. Er wendet sich ab vom Pfad der Verdammnis &#8211; nur um zu dem zu werden, was er am meisten verachtete: ein J\u00e4ger. Doch nicht irgendeiner. Ein Schattenj\u00e4ger &#8211; gezeichnet mit unglaublicher Macht; mit dem Wissen \u00fcber die Schatten versehen, deren Herr er einmal war und getrieben von der Jagd auf jene Kreaturen, die jenseits der bekannten Welt lauern: D\u00e4monen, Uralte, Unaussprechliches. Was als Jagd begann, wird zu einem Bund. Was sie trennt, wird von etwas Tieferem verbunden: Liebe, geboren im Kampf, gen\u00e4hrt von Dunkelheit &#8211; und auf die Probe gestellt von einer Bedrohung, die selbst die G\u00f6tter vergessen haben. D\u00e4monen, Magie, uralte b\u00f6se Macht &#8211; und zwei verlorene Seelen, die sich trotz allem gefunden haben. Der Beginn eines d\u00fcsteren Fantasy-Epos \u00fcber Liebe, Schuld und das Fl\u00fcstern aus der Tiefe.<\/h3>\n<\/div>\n\n\n\n<div class=\"wp-block-column is-layout-flow wp-block-column-is-layout-flow\">\n<figure class=\"wp-block-image size-large\"><img loading=\"lazy\" decoding=\"async\" width=\"647\" height=\"1024\" src=\"http:\/\/www.polstersbuchwelten.de\/wp-content\/uploads\/2025\/11\/Bild-13-647x1024.jpeg\" alt=\"\" class=\"wp-image-95\" srcset=\"https:\/\/www.polstersbuchwelten.de\/wp-content\/uploads\/2025\/11\/Bild-13-647x1024.jpeg 647w, https:\/\/www.polstersbuchwelten.de\/wp-content\/uploads\/2025\/11\/Bild-13-189x300.jpeg 189w, https:\/\/www.polstersbuchwelten.de\/wp-content\/uploads\/2025\/11\/Bild-13-768x1216.jpeg 768w, https:\/\/www.polstersbuchwelten.de\/wp-content\/uploads\/2025\/11\/Bild-13-970x1536.jpeg 970w, https:\/\/www.polstersbuchwelten.de\/wp-content\/uploads\/2025\/11\/Bild-13-1293x2048.jpeg 1293w, https:\/\/www.polstersbuchwelten.de\/wp-content\/uploads\/2025\/11\/Bild-13.jpeg 1417w\" sizes=\"auto, (max-width: 647px) 100vw, 647px\" \/><\/figure>\n<\/div>\n\n\n\n<div class=\"wp-block-column is-layout-flow wp-block-column-is-layout-flow\">\n<figure class=\"wp-block-image size-full\"><a href=\"https:\/\/buchshop.bod.de\/die-schattenchroniken-band-1-joerg-polster-9783819245923\" target=\"_blank\" rel=\" noreferrer noopener\"><img loading=\"lazy\" decoding=\"async\" width=\"197\" height=\"32\" src=\"http:\/\/www.polstersbuchwelten.de\/wp-content\/uploads\/2025\/11\/Bild-1.jpeg\" alt=\"\" class=\"wp-image-84\"\/><\/a><\/figure>\n\n\n\n<figure class=\"wp-block-image size-full is-resized\"><a href=\"https:\/\/www.thalia.de\/shop\/home\/artikeldetails\/A1074983049\" target=\"_blank\" rel=\" noreferrer noopener\"><img loading=\"lazy\" decoding=\"async\" width=\"500\" height=\"159\" src=\"http:\/\/www.polstersbuchwelten.de\/wp-content\/uploads\/2025\/11\/IMG_0989.jpeg\" alt=\"\" class=\"wp-image-104\" style=\"width:191px;height:auto\" srcset=\"https:\/\/www.polstersbuchwelten.de\/wp-content\/uploads\/2025\/11\/IMG_0989.jpeg 500w, https:\/\/www.polstersbuchwelten.de\/wp-content\/uploads\/2025\/11\/IMG_0989-300x95.jpeg 300w\" sizes=\"auto, (max-width: 500px) 100vw, 500px\" \/><\/a><\/figure>\n\n\n\n<figure class=\"wp-block-image size-full is-resized\"><a href=\"https:\/\/www.amazon.de\/Die-Schattenchroniken-Nicolas-Haven-Schattenj\u00e4ger\/dp\/3819245928\/ref=sr_1_14?__mk_de_DE=\u00c5M\u00c5\u017d\u00d5\u00d1&amp;crid=29UWTE9WBPK2D&amp;dib=eyJ2IjoiMSJ9.XrlKY70N2cOwUcgNQhvCfgtr_GL3YWkTd-lxpyP3Iag-ZG8985-JPg8Birx-9AdLrZv-rg0FKZY_DiLbiW-rByl5ZtTTQP5wyV_-rtIdb0mL-otN9JUscqCf4shC12Uw4EMYTbJmLjAdVeq3vx3cty9GsWCwWacLQIa-oeve6xU2AeZ06U1ZcCr5JP7-5gv7vAIU1EFjkklfQQjhnLC3dKptElXiFM-9DUKiPyeg5ww.kvji1-GZxgfh2OfRxVjzsCwuLNd45PzW7Eqk1PglhU4&amp;dib_tag=se&amp;keywords=j\u00f6rg+polster&amp;qid=1764365975&amp;sprefix=j\u00f6rg+polster%2Caps%2C93&amp;sr=8-14\" target=\"_blank\" rel=\" noreferrer noopener\"><img loading=\"lazy\" decoding=\"async\" width=\"280\" height=\"120\" src=\"http:\/\/www.polstersbuchwelten.de\/wp-content\/uploads\/2025\/11\/IMG_0988.jpeg\" alt=\"\" class=\"wp-image-105\" style=\"width:180px;height:auto\"\/><\/a><\/figure>\n\n\n\n<figure class=\"wp-block-image size-full is-resized\"><a href=\"https:\/\/www.buecher.de\/artikel\/buch\/die-schattenchroniken-band-1\/73839984\/\" target=\"_blank\" rel=\" noreferrer noopener\"><img loading=\"lazy\" decoding=\"async\" width=\"411\" height=\"128\" src=\"http:\/\/www.polstersbuchwelten.de\/wp-content\/uploads\/2025\/11\/IMG_0991.jpeg\" alt=\"\" class=\"wp-image-106\" style=\"width:188px;height:auto\" srcset=\"https:\/\/www.polstersbuchwelten.de\/wp-content\/uploads\/2025\/11\/IMG_0991.jpeg 411w, https:\/\/www.polstersbuchwelten.de\/wp-content\/uploads\/2025\/11\/IMG_0991-300x93.jpeg 300w\" sizes=\"auto, (max-width: 411px) 100vw, 411px\" \/><\/a><\/figure>\n\n\n\n<figure class=\"wp-block-image size-full is-resized\"><a href=\"https:\/\/www.hugendubel.de\/de\/taschenbuch\/joerg_polster-die_schattenchroniken_band_1-50371934-produkt-details.html\" target=\"_blank\" rel=\" noreferrer noopener\"><img loading=\"lazy\" decoding=\"async\" width=\"404\" height=\"150\" src=\"http:\/\/www.polstersbuchwelten.de\/wp-content\/uploads\/2025\/11\/IMG_0990.jpeg\" alt=\"\" class=\"wp-image-103\" style=\"width:175px;height:auto\" srcset=\"https:\/\/www.polstersbuchwelten.de\/wp-content\/uploads\/2025\/11\/IMG_0990.jpeg 404w, https:\/\/www.polstersbuchwelten.de\/wp-content\/uploads\/2025\/11\/IMG_0990-300x111.jpeg 300w\" sizes=\"auto, (max-width: 404px) 100vw, 404px\" \/><\/a><\/figure>\n<\/div>\n<\/div>\n\n\n\n<hr class=\"wp-block-separator alignfull has-alpha-channel-opacity\"\/>\n\n\n\n<div class=\"wp-block-columns is-layout-flex wp-container-core-columns-is-layout-9d6595d7 wp-block-columns-is-layout-flex\">\n<div class=\"wp-block-column is-layout-flow wp-block-column-is-layout-flow\" style=\"flex-basis:100%\">\n<div class=\"wp-block-columns is-layout-flex wp-container-core-columns-is-layout-9d6595d7 wp-block-columns-is-layout-flex\">\n<div class=\"wp-block-column is-layout-flow wp-block-column-is-layout-flow\">\n<figure class=\"wp-block-image size-large\"><img loading=\"lazy\" decoding=\"async\" width=\"647\" height=\"1024\" src=\"http:\/\/www.polstersbuchwelten.de\/wp-content\/uploads\/2025\/11\/Bild-10-647x1024.jpeg\" alt=\"\" class=\"wp-image-98\" srcset=\"https:\/\/www.polstersbuchwelten.de\/wp-content\/uploads\/2025\/11\/Bild-10-647x1024.jpeg 647w, https:\/\/www.polstersbuchwelten.de\/wp-content\/uploads\/2025\/11\/Bild-10-189x300.jpeg 189w, https:\/\/www.polstersbuchwelten.de\/wp-content\/uploads\/2025\/11\/Bild-10-768x1216.jpeg 768w, https:\/\/www.polstersbuchwelten.de\/wp-content\/uploads\/2025\/11\/Bild-10-970x1536.jpeg 970w, https:\/\/www.polstersbuchwelten.de\/wp-content\/uploads\/2025\/11\/Bild-10-1293x2048.jpeg 1293w, https:\/\/www.polstersbuchwelten.de\/wp-content\/uploads\/2025\/11\/Bild-10.jpeg 1417w\" sizes=\"auto, (max-width: 647px) 100vw, 647px\" \/><\/figure>\n<\/div>\n\n\n\n<div class=\"wp-block-column is-layout-flow wp-block-column-is-layout-flow\">\n<h3 class=\"wp-block-heading has-text-align-center\">Sie ist das Kind zweier Legenden, eines ehemals dunklen Magiers und einer D\u00e4monenj\u00e4gerin, geboren zwischen Licht und Schatten. Doch was, wenn die Dunkelheit nicht nur von au\u00dfen kommt &#8211; sondern tief in ihr selbst erwacht? Als Liora van Haven das Erbe ihrer Familie antritt, steht sie vor einer Entscheidung, die nicht nur ihr Schicksal bestimmt, sondern das Gleichgewicht ganzer Welten. Gejagt von uralten M\u00e4chten, begleitet von geheimnisvollen Verb\u00fcndeten und bedr\u00e4ngt von einer Liebe, die sie zu st\u00e4rken und zugleich zu zweifeln droht, muss Liora herausfinden, wer sie wirklich ist. Ihre gr\u00f6\u00dfte Waffe ist nicht ihr Schwert. Es ist das Licht, das sie in sich tr\u00e4gt. Doch kann dieses Licht stark genug sein, um die Finsternis aufzuhalten &#8211; wenn sie selbst deren Schl\u00fcssel ist?<\/h3>\n<\/div>\n\n\n\n<div class=\"wp-block-column is-layout-flow wp-block-column-is-layout-flow\">\n<figure class=\"wp-block-image size-full\"><a href=\"https:\/\/buchshop.bod.de\/die-schattenchroniken-band-2-joerg-polster-9783695186884\" target=\"_blank\" rel=\" noreferrer noopener\"><img loading=\"lazy\" decoding=\"async\" width=\"197\" height=\"32\" src=\"http:\/\/www.polstersbuchwelten.de\/wp-content\/uploads\/2025\/11\/Bild-1.jpeg\" alt=\"\" class=\"wp-image-84\"\/><\/a><\/figure>\n\n\n\n<figure class=\"wp-block-image size-full is-resized\"><a href=\"https:\/\/www.thalia.de\/shop\/home\/artikeldetails\/A1076745325\" target=\"_blank\" rel=\" noreferrer noopener\"><img loading=\"lazy\" decoding=\"async\" width=\"500\" height=\"159\" src=\"http:\/\/www.polstersbuchwelten.de\/wp-content\/uploads\/2025\/11\/IMG_0989.jpeg\" alt=\"\" class=\"wp-image-104\" style=\"width:191px;height:auto\" srcset=\"https:\/\/www.polstersbuchwelten.de\/wp-content\/uploads\/2025\/11\/IMG_0989.jpeg 500w, https:\/\/www.polstersbuchwelten.de\/wp-content\/uploads\/2025\/11\/IMG_0989-300x95.jpeg 300w\" sizes=\"auto, (max-width: 500px) 100vw, 500px\" \/><\/a><\/figure>\n\n\n\n<figure class=\"wp-block-image size-full is-resized\"><a href=\"https:\/\/www.amazon.de\/Die-Schattenchroniken-Liora-W\u00e4chterin-Lichts\/dp\/3695186887\/ref=sr_1_18?__mk_de_DE=\u00c5M\u00c5\u017d\u00d5\u00d1&amp;crid=29UWTE9WBPK2D&amp;dib=eyJ2IjoiMSJ9.5704LT9bPKtH2BIyRJ1b7qQSH0dayDd6jT0TQY7oN69wWvK3La5e9GMdtdOZ-TZIpw6dP64M6_gxgXQdt0Kang.undzu_73JDjqLVVhxKe1JBWCtDSiRfoFadywC8ygXkE&amp;dib_tag=se&amp;keywords=j\u00f6rg+polster&amp;qid=1764368342&amp;sprefix=j\u00f6rg+polster%2Caps%2C93&amp;sr=8-18&amp;xpid=9gTgznBP9jxTZ\" target=\"_blank\" rel=\" noreferrer noopener\"><img loading=\"lazy\" decoding=\"async\" width=\"280\" height=\"120\" src=\"http:\/\/www.polstersbuchwelten.de\/wp-content\/uploads\/2025\/11\/IMG_0988.jpeg\" alt=\"\" class=\"wp-image-105\" style=\"width:180px;height:auto\"\/><\/a><\/figure>\n\n\n\n<figure class=\"wp-block-image size-full is-resized\"><a href=\"https:\/\/www.buecher.de\/artikel\/buch\/die-schattenchroniken-band-2\/75365057\/\" target=\"_blank\" rel=\" noreferrer noopener\"><img loading=\"lazy\" decoding=\"async\" width=\"411\" height=\"128\" src=\"http:\/\/www.polstersbuchwelten.de\/wp-content\/uploads\/2025\/11\/IMG_0991.jpeg\" alt=\"\" class=\"wp-image-106\" style=\"width:188px;height:auto\" srcset=\"https:\/\/www.polstersbuchwelten.de\/wp-content\/uploads\/2025\/11\/IMG_0991.jpeg 411w, https:\/\/www.polstersbuchwelten.de\/wp-content\/uploads\/2025\/11\/IMG_0991-300x93.jpeg 300w\" sizes=\"auto, (max-width: 411px) 100vw, 411px\" \/><\/a><\/figure>\n\n\n\n<figure class=\"wp-block-image size-full is-resized\"><a href=\"https:\/\/www.hugendubel.de\/de\/taschenbuch\/joerg_polster-die_schattenchroniken_band_2-51681874-produkt-details.html\" target=\"_blank\" rel=\" noreferrer noopener\"><img loading=\"lazy\" decoding=\"async\" width=\"404\" height=\"150\" src=\"http:\/\/www.polstersbuchwelten.de\/wp-content\/uploads\/2025\/11\/IMG_0990.jpeg\" alt=\"\" class=\"wp-image-103\" style=\"width:175px;height:auto\" srcset=\"https:\/\/www.polstersbuchwelten.de\/wp-content\/uploads\/2025\/11\/IMG_0990.jpeg 404w, https:\/\/www.polstersbuchwelten.de\/wp-content\/uploads\/2025\/11\/IMG_0990-300x111.jpeg 300w\" sizes=\"auto, (max-width: 404px) 100vw, 404px\" \/><\/a><\/figure>\n<\/div>\n<\/div>\n\n\n\n<hr class=\"wp-block-separator alignfull has-alpha-channel-opacity\"\/>\n\n\n\n<div class=\"wp-block-columns is-layout-flex wp-container-core-columns-is-layout-9d6595d7 wp-block-columns-is-layout-flex\">\n<div class=\"wp-block-column is-layout-flow wp-block-column-is-layout-flow\">\n<h4 class=\"wp-block-heading has-text-align-center\">Helena Blackthorne ist Ermittlerin, scharfz\u00fcngig, unbeirrbar und mit einer ausgepr\u00e4gten Abneigung gegen alles, was sich wichtiger macht, als es sein sollte. Leider gilt das auch f\u00fcr alte Herrenh\u00e4user, verst\u00f6rende Spiegel und F\u00e4lle, die sich nicht an die Regeln der Wirklichkeit halten.<br>Als sie in Blackthorne House den r\u00e4tselhaften Tod eines Nachlassverwalters untersucht, st\u00f6\u00dft sie auf ein d\u00fcsteres Geheimnis aus verschwundenen Kindern, beschlagenem Glas, verborgenen R\u00e4umen und alten Bindungen, die nie ganz gebrochen wurden. Schon bald wird klar, dass dieser Fall weit \u00fcber das Haus hinausreicht und die Schatten einer \u00e4lteren Geschichte bis in Helenas Gegenwart reichen.<br>Ein atmosph\u00e4rischer Gothic-Thriller voller Geheimnisse, Nachhall und dunkler Spiegel &#8211; und der Auftakt zu Helenas eigener Spur in den Schattenchroniken.<br><br>Dieser Roman kann auch ohne Vorkenntnisse der beiden ersten Teile gelesen werde. Es ist aber sch\u00f6ner f\u00fcr den Zusammenhang, sie zu kennen.<\/h4>\n<\/div>\n\n\n\n<div class=\"wp-block-column is-layout-flow wp-block-column-is-layout-flow\">\n<figure class=\"wp-block-image size-large\"><img loading=\"lazy\" decoding=\"async\" width=\"647\" height=\"1024\" src=\"https:\/\/www.polstersbuchwelten.de\/wp-content\/uploads\/2026\/04\/Schatten3-647x1024.jpg\" alt=\"\" class=\"wp-image-341\" srcset=\"https:\/\/www.polstersbuchwelten.de\/wp-content\/uploads\/2026\/04\/Schatten3-647x1024.jpg 647w, https:\/\/www.polstersbuchwelten.de\/wp-content\/uploads\/2026\/04\/Schatten3-189x300.jpg 189w, https:\/\/www.polstersbuchwelten.de\/wp-content\/uploads\/2026\/04\/Schatten3-768x1216.jpg 768w, https:\/\/www.polstersbuchwelten.de\/wp-content\/uploads\/2026\/04\/Schatten3-970x1536.jpg 970w, https:\/\/www.polstersbuchwelten.de\/wp-content\/uploads\/2026\/04\/Schatten3-1293x2048.jpg 1293w, https:\/\/www.polstersbuchwelten.de\/wp-content\/uploads\/2026\/04\/Schatten3.jpg 1417w\" sizes=\"auto, (max-width: 647px) 100vw, 647px\" \/><\/figure>\n<\/div>\n\n\n\n<div class=\"wp-block-column is-layout-flow wp-block-column-is-layout-flow\">\n<figure class=\"wp-block-image size-full\"><a href=\"https:\/\/buchshop.bod.de\/die-schattenchroniken-band-3-joerg-polster-9783842390386\" target=\"_blank\" rel=\" noreferrer noopener\"><img loading=\"lazy\" decoding=\"async\" width=\"197\" height=\"32\" src=\"http:\/\/www.polstersbuchwelten.de\/wp-content\/uploads\/2025\/11\/Bild-1.jpeg\" alt=\"\" class=\"wp-image-84\"\/><\/a><\/figure>\n\n\n\n<figure class=\"wp-block-image size-full is-resized\"><a href=\"https:\/\/www.thalia.de\/shop\/home\/artikeldetails\/A1079081528\" target=\"_blank\" rel=\" noreferrer noopener\"><img loading=\"lazy\" decoding=\"async\" width=\"500\" height=\"159\" src=\"http:\/\/www.polstersbuchwelten.de\/wp-content\/uploads\/2025\/11\/IMG_0989.jpeg\" alt=\"\" class=\"wp-image-104\" style=\"width:191px;height:auto\" srcset=\"https:\/\/www.polstersbuchwelten.de\/wp-content\/uploads\/2025\/11\/IMG_0989.jpeg 500w, https:\/\/www.polstersbuchwelten.de\/wp-content\/uploads\/2025\/11\/IMG_0989-300x95.jpeg 300w\" sizes=\"auto, (max-width: 500px) 100vw, 500px\" \/><\/a><\/figure>\n\n\n\n<figure class=\"wp-block-image size-full is-resized\"><a href=\"https:\/\/www.amazon.de\/dp\/3842390386\/ref=sr_1_3?__mk_de_DE=%C3%85M%C3%85%C5%BD%C3%95%C3%91&amp;crid=2UFCNL7QAM5IZ&amp;dib=eyJ2IjoiMSJ9.pUuxdi63wW0FTMfqKWCORI2hiEIR7b-xj3msi8Dys41q67isNdC0Lu01m3RteMsuqiwdqaD-T8AnEVFR54d6yi8nnH8PbGICO-FJiLzoMmB5edxAs7j5x50PQ3TdxdBAdG60PZFJRPcjSR_27Kpn9qPZWP5KGKEp030vc7ZYCjOSwsP8scRq8K-GqrS22fmRJnx3IBdsJ_RqkyVxDeQ8pCVMkoIVKWxWxX9nDX9nUk8.-f5T-TgqUXMcO_9VriEHKurs9XVFrWIc0Ch2iZqjhFA&amp;dib_tag=se&amp;keywords=schattenchroniken+polster&amp;qid=1775726758&amp;sprefix=schattenchroniken+polster%2Caps%2C95&amp;sr=8-3\" target=\"_blank\" rel=\" noreferrer noopener\"><img loading=\"lazy\" decoding=\"async\" width=\"280\" height=\"120\" src=\"http:\/\/www.polstersbuchwelten.de\/wp-content\/uploads\/2025\/11\/IMG_0988.jpeg\" alt=\"\" class=\"wp-image-105\" style=\"width:180px;height:auto\"\/><\/a><\/figure>\n\n\n\n<figure class=\"wp-block-image size-full is-resized\"><a href=\"https:\/\/www.buecher.de\/shop\/home\/artikeldetails\/A1079081528\" target=\"_blank\" rel=\" noreferrer noopener\"><img loading=\"lazy\" decoding=\"async\" width=\"411\" height=\"128\" src=\"http:\/\/www.polstersbuchwelten.de\/wp-content\/uploads\/2025\/11\/IMG_0991.jpeg\" alt=\"\" class=\"wp-image-106\" style=\"width:188px;height:auto\" srcset=\"https:\/\/www.polstersbuchwelten.de\/wp-content\/uploads\/2025\/11\/IMG_0991.jpeg 411w, https:\/\/www.polstersbuchwelten.de\/wp-content\/uploads\/2025\/11\/IMG_0991-300x93.jpeg 300w\" sizes=\"auto, (max-width: 411px) 100vw, 411px\" \/><\/a><\/figure>\n\n\n\n<figure class=\"wp-block-image size-full is-resized\"><a href=\"https:\/\/www.hugendubel.de\/de\/taschenbuch\/joerg_polster-die_schattenchroniken_band_3-52973061-produkt-details.html?_gl=1*1ojc8g6*_up*MQ..*_gs*MQ..&amp;gclid=EAIaIQobChMIwIf4trjgkwMVmctEBx3M0hwIEAAYASAAEgLM0vD_BwE&amp;gbraid=0AAAABCEM4_VVQK0IoFJH09UWcjKL_Uq4-\" target=\"_blank\" rel=\" noreferrer noopener\"><img loading=\"lazy\" decoding=\"async\" width=\"404\" height=\"150\" src=\"http:\/\/www.polstersbuchwelten.de\/wp-content\/uploads\/2025\/11\/IMG_0990.jpeg\" alt=\"\" class=\"wp-image-103\" style=\"width:175px;height:auto\" srcset=\"https:\/\/www.polstersbuchwelten.de\/wp-content\/uploads\/2025\/11\/IMG_0990.jpeg 404w, https:\/\/www.polstersbuchwelten.de\/wp-content\/uploads\/2025\/11\/IMG_0990-300x111.jpeg 300w\" sizes=\"auto, (max-width: 404px) 100vw, 404px\" \/><\/a><\/figure>\n<\/div>\n<\/div>\n\n\n\n<hr class=\"wp-block-separator alignfull has-alpha-channel-opacity\"\/>\n<\/div>\n<\/div>\n\n\n\n<div class=\"wp-block-columns is-layout-flex wp-container-core-columns-is-layout-9d6595d7 wp-block-columns-is-layout-flex\">\n<div class=\"wp-block-column is-layout-flow wp-block-column-is-layout-flow\">\n<h3 class=\"wp-block-heading has-text-align-center\">Was, wenn die Mythen wahr sind &#8211; und nicht zur Strafe, sondern zur Rettung zur\u00fcckkehren? Seit Jahrhunderten leben die Gorgonen unerkannt unter uns. Ihre Macht: Jede Waffe, jede Hand, die t\u00f6tet, erstarrt zu Stein. Schon in der Antike trat die damalige Kommandantin Medusa hervor, um den Menschen eine Lektion zu erteilen &#8211; und wurde zur Legende. In unserer Gegenwart kehrt ein Gorgonen-Kommandant zur\u00fcck. Er legt der Menschheit ein Gesetz auf: Wer eine Waffe erhebt, wird unwiderruflich zu Stein. Die Welt steht Kopf &#8211; zwischen Angst, Hass, Hoffnung. Ein bildgewaltiger, tiefgr\u00fcndiger Roman \u00fcber Macht und Verantwortung, \u00fcber die Versuchung der Gewalt &#8211; und die M\u00f6glichkeit des Friedens. Eine Geschichte, die uns lehrt: Nicht die Gorgonen entscheiden \u00fcber unsere Zukunft. Wir tun es.<\/h3>\n<\/div>\n\n\n\n<div class=\"wp-block-column is-layout-flow wp-block-column-is-layout-flow\">\n<figure class=\"wp-block-image size-large\"><img loading=\"lazy\" decoding=\"async\" width=\"647\" height=\"1024\" src=\"http:\/\/www.polstersbuchwelten.de\/wp-content\/uploads\/2025\/11\/Bild-19-647x1024.jpeg\" alt=\"\" class=\"wp-image-102\" srcset=\"https:\/\/www.polstersbuchwelten.de\/wp-content\/uploads\/2025\/11\/Bild-19-647x1024.jpeg 647w, https:\/\/www.polstersbuchwelten.de\/wp-content\/uploads\/2025\/11\/Bild-19-189x300.jpeg 189w, https:\/\/www.polstersbuchwelten.de\/wp-content\/uploads\/2025\/11\/Bild-19-768x1216.jpeg 768w, https:\/\/www.polstersbuchwelten.de\/wp-content\/uploads\/2025\/11\/Bild-19-970x1536.jpeg 970w, https:\/\/www.polstersbuchwelten.de\/wp-content\/uploads\/2025\/11\/Bild-19-1293x2048.jpeg 1293w, https:\/\/www.polstersbuchwelten.de\/wp-content\/uploads\/2025\/11\/Bild-19.jpeg 1417w\" sizes=\"auto, (max-width: 647px) 100vw, 647px\" \/><\/figure>\n<\/div>\n\n\n\n<div class=\"wp-block-column is-layout-flow wp-block-column-is-layout-flow\">\n<figure class=\"wp-block-image size-full\"><a href=\"https:\/\/buchshop.bod.de\/die-augen-aus-gold-joerg-polster-9783695144549\" target=\"_blank\" rel=\" noreferrer noopener\"><img loading=\"lazy\" decoding=\"async\" width=\"197\" height=\"32\" src=\"http:\/\/www.polstersbuchwelten.de\/wp-content\/uploads\/2025\/11\/Bild-1.jpeg\" alt=\"\" class=\"wp-image-84\"\/><\/a><\/figure>\n\n\n\n<figure class=\"wp-block-image size-full is-resized\"><a href=\"https:\/\/www.thalia.de\/shop\/home\/artikeldetails\/A1077303766\" target=\"_blank\" rel=\" noreferrer noopener\"><img loading=\"lazy\" decoding=\"async\" width=\"500\" height=\"159\" src=\"http:\/\/www.polstersbuchwelten.de\/wp-content\/uploads\/2025\/11\/IMG_0989.jpeg\" alt=\"\" class=\"wp-image-104\" style=\"width:191px;height:auto\" srcset=\"https:\/\/www.polstersbuchwelten.de\/wp-content\/uploads\/2025\/11\/IMG_0989.jpeg 500w, https:\/\/www.polstersbuchwelten.de\/wp-content\/uploads\/2025\/11\/IMG_0989-300x95.jpeg 300w\" sizes=\"auto, (max-width: 500px) 100vw, 500px\" \/><\/a><\/figure>\n\n\n\n<figure class=\"wp-block-image size-full is-resized\"><a href=\"https:\/\/www.amazon.de\/Die-Augen-Gold-Zukunftsroman-Menschlichkeit\/dp\/3695144548\/ref=sr_1_9?__mk_de_DE=\u00c5M\u00c5\u017d\u00d5\u00d1&amp;crid=29UWTE9WBPK2D&amp;dib=eyJ2IjoiMSJ9.XrlKY70N2cOwUcgNQhvCfgtr_GL3YWkTd-lxpyP3Iag-ZG8985-JPg8Birx-9AdLrZv-rg0FKZY_DiLbiW-rByl5ZtTTQP5wyV_-rtIdb0mL-otN9JUscqCf4shC12Uw4EMYTbJmLjAdVeq3vx3cty9GsWCwWacLQIa-oeve6xXJuNvAz0GN8IJYmkPVW3CoHTzIs0FP9ZvQXLQQGfabYaptElXiFM-9DUKiPyeg5ww.a-n9LdkZuMmvgmVxtnB1tz4uuWMoBl_d-CmY0kUv4Iw&amp;dib_tag=se&amp;keywords=j\u00f6rg+polster&amp;qid=1764368516&amp;sprefix=j\u00f6rg+polster%2Caps%2C93&amp;sr=8-9\" target=\"_blank\" rel=\" noreferrer noopener\"><img loading=\"lazy\" decoding=\"async\" width=\"280\" height=\"120\" src=\"http:\/\/www.polstersbuchwelten.de\/wp-content\/uploads\/2025\/11\/IMG_0988.jpeg\" alt=\"\" class=\"wp-image-105\" style=\"width:180px;height:auto\"\/><\/a><\/figure>\n\n\n\n<figure class=\"wp-block-image size-full is-resized\"><a href=\"https:\/\/www.buecher.de\/artikel\/buch\/die-augen-aus-gold\/75820773\/\" target=\"_blank\" rel=\" noreferrer noopener\"><img loading=\"lazy\" decoding=\"async\" width=\"411\" height=\"128\" src=\"http:\/\/www.polstersbuchwelten.de\/wp-content\/uploads\/2025\/11\/IMG_0991.jpeg\" alt=\"\" class=\"wp-image-106\" style=\"width:188px;height:auto\" srcset=\"https:\/\/www.polstersbuchwelten.de\/wp-content\/uploads\/2025\/11\/IMG_0991.jpeg 411w, https:\/\/www.polstersbuchwelten.de\/wp-content\/uploads\/2025\/11\/IMG_0991-300x93.jpeg 300w\" sizes=\"auto, (max-width: 411px) 100vw, 411px\" \/><\/a><\/figure>\n\n\n\n<figure class=\"wp-block-image size-full is-resized\"><a href=\"https:\/\/www.hugendubel.de\/de\/taschenbuch\/joerg_polster-die_augen_aus_gold-52046200-produkt-details.html\" target=\"_blank\" rel=\" noreferrer noopener\"><img loading=\"lazy\" decoding=\"async\" width=\"404\" height=\"150\" src=\"http:\/\/www.polstersbuchwelten.de\/wp-content\/uploads\/2025\/11\/IMG_0990.jpeg\" alt=\"\" class=\"wp-image-103\" style=\"width:175px;height:auto\" srcset=\"https:\/\/www.polstersbuchwelten.de\/wp-content\/uploads\/2025\/11\/IMG_0990.jpeg 404w, https:\/\/www.polstersbuchwelten.de\/wp-content\/uploads\/2025\/11\/IMG_0990-300x111.jpeg 300w\" sizes=\"auto, (max-width: 404px) 100vw, 404px\" \/><\/a><\/figure>\n<\/div>\n<\/div>\n\n\n\n<hr class=\"wp-block-separator alignfull has-alpha-channel-opacity\"\/>\n\n\n\n<div class=\"wp-block-columns is-layout-flex wp-container-core-columns-is-layout-9d6595d7 wp-block-columns-is-layout-flex\">\n<div class=\"wp-block-column is-layout-flow wp-block-column-is-layout-flow\">\n<figure class=\"wp-block-image size-large\"><img loading=\"lazy\" decoding=\"async\" width=\"647\" height=\"1024\" src=\"http:\/\/www.polstersbuchwelten.de\/wp-content\/uploads\/2025\/11\/Bild-8-647x1024.jpeg\" alt=\"\" class=\"wp-image-100\" srcset=\"https:\/\/www.polstersbuchwelten.de\/wp-content\/uploads\/2025\/11\/Bild-8-647x1024.jpeg 647w, https:\/\/www.polstersbuchwelten.de\/wp-content\/uploads\/2025\/11\/Bild-8-189x300.jpeg 189w, https:\/\/www.polstersbuchwelten.de\/wp-content\/uploads\/2025\/11\/Bild-8-768x1216.jpeg 768w, https:\/\/www.polstersbuchwelten.de\/wp-content\/uploads\/2025\/11\/Bild-8-970x1536.jpeg 970w, https:\/\/www.polstersbuchwelten.de\/wp-content\/uploads\/2025\/11\/Bild-8-1293x2048.jpeg 1293w, https:\/\/www.polstersbuchwelten.de\/wp-content\/uploads\/2025\/11\/Bild-8.jpeg 1417w\" sizes=\"auto, (max-width: 647px) 100vw, 647px\" \/><\/figure>\n<\/div>\n\n\n\n<div class=\"wp-block-column is-layout-flow wp-block-column-is-layout-flow\">\n<h3 class=\"wp-block-heading has-text-align-center\">Wenn Mord nach Kamillentee riecht und Wahrheit im Nebel \u00fcber der Elbe liegt, dann sind Anna und Paul Reichenbach nicht weit. Das kultivierte Ermittlerduo im Ruhestand l\u00f6st seine F\u00e4lle mit Scharfsinn, Humor und Herz &#8211; stets dort, wo das Leben in Magdeburg am stillsten klingt: zwischen dem Dom und den Gruson-Gew\u00e4chsh\u00e4usern, im Schatten der Sternbr\u00fccke oder am F\u00fcrstenwall. Ob ein Tod eines Nachbarn, eine Botanikerin im Tropenhaus an ein vergessenes Geheimnis r\u00fchrt oder ein Kunsthistoriker auf der Br\u00fccke einem alten Bild begegnet &#8211; Anna und Paul sehen, was andere \u00fcbersehen: die Wahrheit zwischen den Zeilen des Lebens. Charmant, klug und zutiefst menschlich &#8211; die Reichenbach-F\u00e4lle aus Magdeburg: ein literarisches Duett \u00fcber Liebe, Verg\u00e4nglichkeit und den Mut, weiter Tee zu trinken, selbst wenn drau\u00dfen das Blaulicht flackert.<\/h3>\n<\/div>\n\n\n\n<div class=\"wp-block-column is-layout-flow wp-block-column-is-layout-flow\">\n<figure class=\"wp-block-image size-full\"><a href=\"https:\/\/buchshop.bod.de\/zwischen-tee-und-tatort-joerg-polster-9783695119363\" target=\"_blank\" rel=\" noreferrer noopener\"><img loading=\"lazy\" decoding=\"async\" width=\"197\" height=\"32\" src=\"http:\/\/www.polstersbuchwelten.de\/wp-content\/uploads\/2025\/11\/Bild-1.jpeg\" alt=\"\" class=\"wp-image-84\"\/><\/a><\/figure>\n\n\n\n<figure class=\"wp-block-image size-full is-resized\"><a href=\"https:\/\/www.thalia.de\/shop\/home\/artikeldetails\/A1077335959\" target=\"_blank\" rel=\" noreferrer noopener\"><img loading=\"lazy\" decoding=\"async\" width=\"500\" height=\"159\" src=\"http:\/\/www.polstersbuchwelten.de\/wp-content\/uploads\/2025\/11\/IMG_0989.jpeg\" alt=\"\" class=\"wp-image-104\" style=\"width:191px;height:auto\" srcset=\"https:\/\/www.polstersbuchwelten.de\/wp-content\/uploads\/2025\/11\/IMG_0989.jpeg 500w, https:\/\/www.polstersbuchwelten.de\/wp-content\/uploads\/2025\/11\/IMG_0989-300x95.jpeg 300w\" sizes=\"auto, (max-width: 500px) 100vw, 500px\" \/><\/a><\/figure>\n\n\n\n<figure class=\"wp-block-image size-full is-resized\"><a href=\"https:\/\/www.amazon.de\/Zwischen-Tee-Tatort-Reichenbach-ermitteln\/dp\/3695119365\/ref=sr_1_16?__mk_de_DE=\u00c5M\u00c5\u017d\u00d5\u00d1&amp;crid=29UWTE9WBPK2D&amp;dib=eyJ2IjoiMSJ9.XrlKY70N2cOwUcgNQhvCfgtr_GL3YWkTd-lxpyP3Iag-ZG8985-JPg8Birx-9AdLrZv-rg0FKZY_DiLbiW-rByl5ZtTTQP5wyV_-rtIdb0mL-otN9JUscqCf4shC12Uw4EMYTbJmLjAdVeq3vx3cty9GsWCwWacLQIa-oeve6xXJuNvAz0GN8IJYmkPVW3CoHTzIs0FP9ZvQXLQQGfabYaptElXiFM-9DUKiPyeg5ww.a-n9LdkZuMmvgmVxtnB1tz4uuWMoBl_d-CmY0kUv4Iw&amp;dib_tag=se&amp;keywords=j\u00f6rg+polster&amp;qid=1764368516&amp;sprefix=j\u00f6rg+polster%2Caps%2C93&amp;sr=8-16\" target=\"_blank\" rel=\" noreferrer noopener\"><img loading=\"lazy\" decoding=\"async\" width=\"280\" height=\"120\" src=\"http:\/\/www.polstersbuchwelten.de\/wp-content\/uploads\/2025\/11\/IMG_0988.jpeg\" alt=\"\" class=\"wp-image-105\" style=\"width:180px;height:auto\"\/><\/a><\/figure>\n\n\n\n<figure class=\"wp-block-image size-full is-resized\"><a href=\"https:\/\/www.buecher.de\/artikel\/buch\/zwischen-tee-und-tatort\/75843090\/\" target=\"_blank\" rel=\" noreferrer noopener\"><img loading=\"lazy\" decoding=\"async\" width=\"411\" height=\"128\" src=\"http:\/\/www.polstersbuchwelten.de\/wp-content\/uploads\/2025\/11\/IMG_0991.jpeg\" alt=\"\" class=\"wp-image-106\" style=\"width:188px;height:auto\" srcset=\"https:\/\/www.polstersbuchwelten.de\/wp-content\/uploads\/2025\/11\/IMG_0991.jpeg 411w, https:\/\/www.polstersbuchwelten.de\/wp-content\/uploads\/2025\/11\/IMG_0991-300x93.jpeg 300w\" sizes=\"auto, (max-width: 411px) 100vw, 411px\" \/><\/a><\/figure>\n\n\n\n<figure class=\"wp-block-image size-full is-resized\"><a href=\"https:\/\/www.hugendubel.de\/de\/taschenbuch\/joerg_polster-zwischen_tee_und_tatort-52069378-produkt-details.html\" target=\"_blank\" rel=\" noreferrer noopener\"><img loading=\"lazy\" decoding=\"async\" width=\"404\" height=\"150\" src=\"http:\/\/www.polstersbuchwelten.de\/wp-content\/uploads\/2025\/11\/IMG_0990.jpeg\" alt=\"\" class=\"wp-image-103\" style=\"width:175px;height:auto\" srcset=\"https:\/\/www.polstersbuchwelten.de\/wp-content\/uploads\/2025\/11\/IMG_0990.jpeg 404w, https:\/\/www.polstersbuchwelten.de\/wp-content\/uploads\/2025\/11\/IMG_0990-300x111.jpeg 300w\" sizes=\"auto, (max-width: 404px) 100vw, 404px\" \/><\/a><\/figure>\n<\/div>\n<\/div>\n\n\n\n<hr class=\"wp-block-separator alignfull has-alpha-channel-opacity\"\/>\n\n\n\n<div class=\"wp-block-columns is-layout-flex wp-container-core-columns-is-layout-9d6595d7 wp-block-columns-is-layout-flex\">\n<div class=\"wp-block-column is-layout-flow wp-block-column-is-layout-flow\">\n<h3 class=\"wp-block-heading has-text-align-center\">Ein verschneites Berghotel.<br>Ein alter Baum am See.<br>Und eine Frau, die dachte, sie h\u00e4tte alles im Griff &#8211; bis der Winter ihr Herz ber\u00fchrte.<br>Als Emma kurz vor Weihnachten in einem abgelegenen Hotel in den Bergen ankommt, glaubt sie, nur eine kleine Pause von ihrem Leben zu brauchen. Ein paar ruhige Tage, klare Gedanken, dann zur\u00fcck in den Alltag. Doch dieses Hotel ist anders. Es atmet Geschichten, birgt W\u00e4rme zwischen alten Mauern und fl\u00fcstert Geheimnisse im Schnee.<br>Dann ist da Lukas, der stille Besitzer des Hauses, dessen Blick mehr sagt als Worte. Und der alte Baum am zugefrorenen See, von dem man sich erz\u00e4hlt, er bewahre W\u00fcnsche. Zwischen Kerzenlicht, knisterndem Kaminfeuer und sanft fallenden Flocken beginnt Emma zu begreifen, dass manche Reise nicht an einen Ort f\u00fchrt &#8211; sondern zu sich selbst.<br>Doch der Winter verlangt Mut. Und bevor Emma ihr Gl\u00fcck begreifen kann, stellt das Leben ihr eine Frage, auf die es kein Z\u00f6gern gibt.<br>Ein Roman \u00fcber Heimkehr, zweite Chancen und die Liebe, die leise beginnt &#8211; und alles ver\u00e4ndert.<br>Ein Weihnachtsm\u00e4rchen f\u00fcr Erwachsene, das w\u00e4rmt wie ein Feuer in der Winternacht.<\/h3>\n<\/div>\n\n\n\n<div class=\"wp-block-column is-layout-flow wp-block-column-is-layout-flow\">\n<figure class=\"wp-block-image size-large\"><img loading=\"lazy\" decoding=\"async\" width=\"647\" height=\"1024\" src=\"http:\/\/www.polstersbuchwelten.de\/wp-content\/uploads\/2025\/12\/IMG_7063-647x1024.jpeg\" alt=\"\" class=\"wp-image-246\" srcset=\"https:\/\/www.polstersbuchwelten.de\/wp-content\/uploads\/2025\/12\/IMG_7063-647x1024.jpeg 647w, https:\/\/www.polstersbuchwelten.de\/wp-content\/uploads\/2025\/12\/IMG_7063-189x300.jpeg 189w, https:\/\/www.polstersbuchwelten.de\/wp-content\/uploads\/2025\/12\/IMG_7063-768x1216.jpeg 768w, https:\/\/www.polstersbuchwelten.de\/wp-content\/uploads\/2025\/12\/IMG_7063-970x1536.jpeg 970w, https:\/\/www.polstersbuchwelten.de\/wp-content\/uploads\/2025\/12\/IMG_7063-1293x2048.jpeg 1293w, https:\/\/www.polstersbuchwelten.de\/wp-content\/uploads\/2025\/12\/IMG_7063.jpeg 1417w\" sizes=\"auto, (max-width: 647px) 100vw, 647px\" \/><\/figure>\n<\/div>\n\n\n\n<div class=\"wp-block-column is-layout-flow wp-block-column-is-layout-flow\">\n<figure class=\"wp-block-image size-full\"><a href=\"https:\/\/buchshop.bod.de\/winterherzen-das-hotel-im-schnee-joerg-polster-9783695186549\" target=\"_blank\" rel=\" noreferrer noopener\"><img loading=\"lazy\" decoding=\"async\" width=\"197\" height=\"32\" src=\"http:\/\/www.polstersbuchwelten.de\/wp-content\/uploads\/2025\/11\/Bild-1.jpeg\" alt=\"\" class=\"wp-image-84\"\/><\/a><\/figure>\n\n\n\n<figure class=\"wp-block-image size-full is-resized\"><a href=\"https:\/\/www.thalia.de\/shop\/home\/artikeldetails\/A1077604071\" target=\"_blank\" rel=\" noreferrer noopener\"><img loading=\"lazy\" decoding=\"async\" width=\"500\" height=\"159\" src=\"http:\/\/www.polstersbuchwelten.de\/wp-content\/uploads\/2025\/11\/IMG_0989.jpeg\" alt=\"\" class=\"wp-image-104\" style=\"width:191px;height:auto\" srcset=\"https:\/\/www.polstersbuchwelten.de\/wp-content\/uploads\/2025\/11\/IMG_0989.jpeg 500w, https:\/\/www.polstersbuchwelten.de\/wp-content\/uploads\/2025\/11\/IMG_0989-300x95.jpeg 300w\" sizes=\"auto, (max-width: 500px) 100vw, 500px\" \/><\/a><\/figure>\n\n\n\n<figure class=\"wp-block-image size-full is-resized\"><a href=\"https:\/\/www.amazon.de\/dp\/3695186542\/ref=sr_1_1?__mk_de_DE=%C3%85M%C3%85%C5%BD%C3%95%C3%91&amp;crid=G48AP2XXWIJ5&amp;dib=eyJ2IjoiMSJ9.JRqcIB_upyiVKZyJoVbbCg5FjqRdjs3MLxqIEhyUXDdy4xkHRoAw4EyyfwSTwMptonq-3g-ltOpnHvWRo0suf5UJasGBsvm9SOUqaPSvu5EJqPIVSLzmCNt-Nkz8_5TLifP1lTEHknWnJNOQD488Qv7A5hnPcAZLmc701JYC98HYK78zxHt1sNtpqg7L4-pehLoCN78bdDdiNjmJw6v3k0Zb9g7LE9NPNg-2m8y4vdY.skPevkdBRBxeCt-PTkc-l4OkR_nveX5sr89G-kwz3Zo&amp;dib_tag=se&amp;keywords=Winterherzen+-+Das+Hotel+im+Schnee&amp;qid=1764778775&amp;sprefix=winterherzen+-+das+hotel+im+schnee%252Caps%252C112&amp;sr=8-1\"><img loading=\"lazy\" decoding=\"async\" width=\"280\" height=\"120\" src=\"http:\/\/www.polstersbuchwelten.de\/wp-content\/uploads\/2025\/11\/IMG_0988.jpeg\" alt=\"\" class=\"wp-image-105\" style=\"width:180px;height:auto\"\/><\/a><\/figure>\n\n\n\n<figure class=\"wp-block-image size-full is-resized\"><a href=\"https:\/\/www.buecher.de\/artikel\/buch\/winterherzen-das-hotel-im-schnee\/76021147\/\"><img loading=\"lazy\" decoding=\"async\" width=\"411\" height=\"128\" src=\"http:\/\/www.polstersbuchwelten.de\/wp-content\/uploads\/2025\/11\/IMG_0991.jpeg\" alt=\"\" class=\"wp-image-106\" style=\"width:188px;height:auto\" srcset=\"https:\/\/www.polstersbuchwelten.de\/wp-content\/uploads\/2025\/11\/IMG_0991.jpeg 411w, https:\/\/www.polstersbuchwelten.de\/wp-content\/uploads\/2025\/11\/IMG_0991-300x93.jpeg 300w\" sizes=\"auto, (max-width: 411px) 100vw, 411px\" \/><\/a><\/figure>\n\n\n\n<figure class=\"wp-block-image size-full is-resized\"><a href=\"https:\/\/www.hugendubel.de\/de\/taschenbuch\/joerg_polster-winterherzen_das_hotel_im_schnee-52213683-produkt-details.html\"><img loading=\"lazy\" decoding=\"async\" width=\"404\" height=\"150\" src=\"http:\/\/www.polstersbuchwelten.de\/wp-content\/uploads\/2025\/11\/IMG_0990.jpeg\" alt=\"\" class=\"wp-image-103\" style=\"width:175px;height:auto\" srcset=\"https:\/\/www.polstersbuchwelten.de\/wp-content\/uploads\/2025\/11\/IMG_0990.jpeg 404w, https:\/\/www.polstersbuchwelten.de\/wp-content\/uploads\/2025\/11\/IMG_0990-300x111.jpeg 300w\" sizes=\"auto, (max-width: 404px) 100vw, 404px\" \/><\/a><\/figure>\n<\/div>\n<\/div>\n\n\n\n<hr class=\"wp-block-separator alignfull has-alpha-channel-opacity\"\/>\n\n\n\n<div class=\"wp-block-columns is-layout-flex wp-container-core-columns-is-layout-9d6595d7 wp-block-columns-is-layout-flex\">\n<div class=\"wp-block-column is-layout-flow wp-block-column-is-layout-flow\">\n<figure class=\"wp-block-image alignfull size-full\"><img loading=\"lazy\" decoding=\"async\" width=\"572\" height=\"873\" src=\"https:\/\/www.polstersbuchwelten.de\/wp-content\/uploads\/2026\/01\/Stunden.jpg\" alt=\"\" class=\"wp-image-272\" srcset=\"https:\/\/www.polstersbuchwelten.de\/wp-content\/uploads\/2026\/01\/Stunden.jpg 572w, https:\/\/www.polstersbuchwelten.de\/wp-content\/uploads\/2026\/01\/Stunden-197x300.jpg 197w\" sizes=\"auto, (max-width: 572px) 100vw, 572px\" \/><\/figure>\n<\/div>\n\n\n\n<div class=\"wp-block-column is-layout-flow wp-block-column-is-layout-flow\">\n<h3 class=\"wp-block-heading alignfull has-text-align-center\">Ein Mann kommt zu sich. In einem verlassenen Haus. Ohne Erinnerung, ohne Namen, ohne Erkl\u00e4rung. Er tritt hinaus in eine Stadt, die funktioniert, redet, vorschnell urteilt &#8211; und ihn doch nicht wirklich wahrnimmt. W\u00e4hrend er versucht, sich ein Leben aus Allt\u00e4glichkeiten zu bauen, w\u00e4chst das Gef\u00fchl, dass er anders ist. Nicht durch das, was er tut, sondern durch das, was er sieht. Seine Gedanken sind schwerer, seine Ruhe irritiert, seine Wut hat Folgen, die niemand einordnen kann. Ger\u00fcchte entstehen. Menschen weichen ihm aus. Und unter der Oberfl\u00e4che der Stadt beginnen sich Dinge zu verschieben: Stimmungen kippen, alte Gewissheiten br\u00f6ckeln, unheimliche Zeichen tauchen auf, die sich nicht mehr wegdiskutieren lassen. Zwischen politischer Gereiztheit, \u00f6ffentlicher Angst und einer vorsichtigen N\u00e4he zu einer Frau, stellt sich eine Frage, die gr\u00f6\u00dfer ist als Schuld oder Zufall. Die Stunden, die bleiben erz\u00e4hlt von einem Fremden in einer Zeit, die selbst sich selbst fremd geworden ist. Von Endlichkeit als Ma\u00df aller Dinge. Von N\u00e4he als M\u00f6glichkeit und von der stillen Erkenntnis, dass manche Entscheidungen nicht von uns getroffen werden, sondern sich ergeben. Nicht alles, was passiert, ist ein Angriff. Manches ist eine einfach eine Konsequenz unseres Tuns.<\/h3>\n<\/div>\n\n\n\n<div class=\"wp-block-column is-layout-flow wp-block-column-is-layout-flow\">\n<figure class=\"wp-block-image size-full\"><a href=\"https:\/\/buchshop.bod.de\/die-stunden-die-bleiben-joerg-polster-9783695135790\" target=\"_blank\" rel=\" noreferrer noopener\"><img loading=\"lazy\" decoding=\"async\" width=\"197\" height=\"32\" src=\"http:\/\/www.polstersbuchwelten.de\/wp-content\/uploads\/2025\/11\/Bild-1.jpeg\" alt=\"\" class=\"wp-image-84\"\/><\/a><\/figure>\n\n\n\n<figure class=\"wp-block-image size-full is-resized\"><a href=\"https:\/\/www.thalia.de\/shop\/home\/artikeldetails\/A1078043835\" target=\"_blank\" rel=\" noreferrer noopener\"><img loading=\"lazy\" decoding=\"async\" width=\"500\" height=\"159\" src=\"http:\/\/www.polstersbuchwelten.de\/wp-content\/uploads\/2025\/11\/IMG_0989.jpeg\" alt=\"\" class=\"wp-image-104\" style=\"width:191px;height:auto\" srcset=\"https:\/\/www.polstersbuchwelten.de\/wp-content\/uploads\/2025\/11\/IMG_0989.jpeg 500w, https:\/\/www.polstersbuchwelten.de\/wp-content\/uploads\/2025\/11\/IMG_0989-300x95.jpeg 300w\" sizes=\"auto, (max-width: 500px) 100vw, 500px\" \/><\/a><\/figure>\n\n\n\n<figure class=\"wp-block-image size-full is-resized\"><a href=\"https:\/\/www.amazon.de\/dp\/3695135794\/ref=sr_1_1?__mk_de_DE=%C3%85M%C3%85%C5%BD%C3%95%C3%91&amp;crid=34ORJZ5H1QQJH&amp;dib=eyJ2IjoiMSJ9.U17cPnUcSif9MoV9kIIXLJBlFUEAb04WlQaeROER7Xz34VODuwD_5muCCvTXpeaV-famlKfC3R61FeyQDHpdnANc2jhExWXrLJLWb-l0MUaGBPibwPs_Mt8ZngAeCr3Cwf8TeClSnkUYrmryfQlLZtD3BgTGKLT-GMLj_yB4CWh7vxK9bUVWuoKLcW3snk0v02cUzz8PmqeavZRfBsyDL4SKWl4whQNWlrFY1yRQ55g.--vTnCn2sRESQTWyfbiad1joVPkZ9j3HlqvgOM2CoSo&amp;dib_tag=se&amp;keywords=die+stunden%2C+die+bleiben&amp;qid=1769163501&amp;sprefix=die+stunden+die+bleiben%2Caps%2C73&amp;sr=8-1\" target=\"_blank\" rel=\" noreferrer noopener\"><img loading=\"lazy\" decoding=\"async\" width=\"280\" height=\"120\" src=\"http:\/\/www.polstersbuchwelten.de\/wp-content\/uploads\/2025\/11\/IMG_0988.jpeg\" alt=\"\" class=\"wp-image-105\" style=\"width:180px;height:auto\"\/><\/a><\/figure>\n\n\n\n<figure class=\"wp-block-image size-full is-resized\"><a href=\"https:\/\/www.buecher.de\/shop\/home\/artikeldetails\/A1078043835\" target=\"_blank\" rel=\" noreferrer noopener\"><img loading=\"lazy\" decoding=\"async\" width=\"411\" height=\"128\" src=\"http:\/\/www.polstersbuchwelten.de\/wp-content\/uploads\/2025\/11\/IMG_0991.jpeg\" alt=\"\" class=\"wp-image-106\" style=\"width:188px;height:auto\" srcset=\"https:\/\/www.polstersbuchwelten.de\/wp-content\/uploads\/2025\/11\/IMG_0991.jpeg 411w, https:\/\/www.polstersbuchwelten.de\/wp-content\/uploads\/2025\/11\/IMG_0991-300x93.jpeg 300w\" sizes=\"auto, (max-width: 411px) 100vw, 411px\" \/><\/a><\/figure>\n\n\n\n<figure class=\"wp-block-image size-full is-resized\"><a href=\"https:\/\/www.hugendubel.de\/de\/taschenbuch\/joerg_polster-die_stunden_die_bleiben-52473909-produkt-details.html\" target=\"_blank\" rel=\" noreferrer noopener\"><img loading=\"lazy\" decoding=\"async\" width=\"404\" height=\"150\" src=\"http:\/\/www.polstersbuchwelten.de\/wp-content\/uploads\/2025\/11\/IMG_0990.jpeg\" alt=\"\" class=\"wp-image-103\" style=\"width:175px;height:auto\" srcset=\"https:\/\/www.polstersbuchwelten.de\/wp-content\/uploads\/2025\/11\/IMG_0990.jpeg 404w, https:\/\/www.polstersbuchwelten.de\/wp-content\/uploads\/2025\/11\/IMG_0990-300x111.jpeg 300w\" sizes=\"auto, (max-width: 404px) 100vw, 404px\" \/><\/a><\/figure>\n<\/div>\n<\/div>\n\n\n\n<hr class=\"wp-block-separator alignfull has-alpha-channel-opacity\"\/>\n\n\n\n<div class=\"wp-block-columns is-layout-flex wp-container-core-columns-is-layout-9d6595d7 wp-block-columns-is-layout-flex\">\n<div class=\"wp-block-column is-layout-flow wp-block-column-is-layout-flow\">\n<h3 class=\"wp-block-heading has-text-align-center\">Nach der Wahl in Sachsen-Anhalt bleibt der Alltag intakt.<br>Die Verwaltungen arbeiten, die Schulen \u00f6ffnen, die Institutionen bestehen fort. Sachsen-Anhalt wirkt ruhig, geordnet, funktionsf\u00e4hig.<br>Was sich ver\u00e4ndert, geschieht leise.<br>Gesetze werden aufgehoben, ohne dass jemand protestiert. Zust\u00e4ndigkeiten verschwinden, ohne dass sie ersetzt werden. Unterst\u00fctzung bleibt m\u00f6glich, aber an Bedingungen gekn\u00fcpft. Wer bleiben will, passt sich an. Wer Hilfe sucht, findet Verfahren. Wer widerspricht, findet Wege, die l\u00e4nger geworden sind.<br>Der Roman erz\u00e4hlt von Menschen in dieser neuen Normalit\u00e4t: von einer Lehrerin, die merkt, dass Fragen ihre Substanz verlieren; von einer Verwaltung, die korrekt handelt und dabei trotzdem verliert; von Vereinen und Kirchen, die Loyalit\u00e4t erkl\u00e4ren m\u00fcssen, um bestehen zu bleiben; von einem Land, in dem Ordnung wichtiger wird als Ausgleich oder Menschlichkeit.<br>Ein Land, das funktioniert ist ein politischer Gegenwartsroman \u00fcber Macht ohne Pathos und Ver\u00e4nderung ohne Bruch.<br>\u00dcber Demokratie, die nicht g\u00e4nzlich verschwindet, sondern sich bedeutsam verschiebt.<br>Und \u00fcber das, was uns allen fehlt, wenn alles reibungslos l\u00e4uft.<\/h3>\n<\/div>\n\n\n\n<div class=\"wp-block-column is-layout-flow wp-block-column-is-layout-flow\">\n<figure class=\"wp-block-image size-large\"><img loading=\"lazy\" decoding=\"async\" width=\"647\" height=\"1024\" src=\"https:\/\/www.polstersbuchwelten.de\/wp-content\/uploads\/2026\/02\/Cover-647x1024.jpg\" alt=\"\" class=\"wp-image-277\" srcset=\"https:\/\/www.polstersbuchwelten.de\/wp-content\/uploads\/2026\/02\/Cover-647x1024.jpg 647w, https:\/\/www.polstersbuchwelten.de\/wp-content\/uploads\/2026\/02\/Cover-189x300.jpg 189w, https:\/\/www.polstersbuchwelten.de\/wp-content\/uploads\/2026\/02\/Cover-768x1216.jpg 768w, https:\/\/www.polstersbuchwelten.de\/wp-content\/uploads\/2026\/02\/Cover-970x1536.jpg 970w, https:\/\/www.polstersbuchwelten.de\/wp-content\/uploads\/2026\/02\/Cover-1293x2048.jpg 1293w, https:\/\/www.polstersbuchwelten.de\/wp-content\/uploads\/2026\/02\/Cover.jpg 1417w\" sizes=\"auto, (max-width: 647px) 100vw, 647px\" \/><\/figure>\n<\/div>\n\n\n\n<div class=\"wp-block-column is-layout-flow wp-block-column-is-layout-flow\">\n<figure class=\"wp-block-image size-full\"><a href=\"https:\/\/buchshop.bod.de\/ein-land-das-funktioniert-joerg-polster-9783819242724\" target=\"_blank\" rel=\" noreferrer noopener\"><img loading=\"lazy\" decoding=\"async\" width=\"197\" height=\"32\" src=\"http:\/\/www.polstersbuchwelten.de\/wp-content\/uploads\/2025\/11\/Bild-1.jpeg\" alt=\"\" class=\"wp-image-84\"\/><\/a><\/figure>\n\n\n\n<figure class=\"wp-block-image size-full is-resized\"><a href=\"https:\/\/www.thalia.de\/shop\/home\/artikeldetails\/A1078150552\" target=\"_blank\" rel=\" noreferrer noopener\"><img loading=\"lazy\" decoding=\"async\" width=\"500\" height=\"159\" src=\"http:\/\/www.polstersbuchwelten.de\/wp-content\/uploads\/2025\/11\/IMG_0989.jpeg\" alt=\"\" class=\"wp-image-104\" style=\"width:191px;height:auto\" srcset=\"https:\/\/www.polstersbuchwelten.de\/wp-content\/uploads\/2025\/11\/IMG_0989.jpeg 500w, https:\/\/www.polstersbuchwelten.de\/wp-content\/uploads\/2025\/11\/IMG_0989-300x95.jpeg 300w\" sizes=\"auto, (max-width: 500px) 100vw, 500px\" \/><\/a><\/figure>\n\n\n\n<figure class=\"wp-block-image size-full is-resized\"><a href=\"https:\/\/www.amazon.de\/dp\/3819242724\/ref=sr_1_3?__mk_de_DE=%C3%85M%C3%85%C5%BD%C3%95%C3%91&amp;crid=13SIAU8S054AQ&amp;dib=eyJ2IjoiMSJ9.2bwaERmmw-fwzhX1vAg576evy-kSDiPpKU0UW86gnlNYW8fnuRk3NRlecXDAz3YVszgCl2FOtd0Ch19M7lt09vytD8i6BPUtcbvtIY1x4RBa3PmoQVqlMwgQfzfQPE9fYGYgrlfs6jJ-SdPHdshQYgjpcJsqBAVIECOjoVtoeshzdUsXTI3KWea4K_1tmLVHHqixOOsQyuIigqJBS5yfvoBjE4mDKXwxc8G8vZeBZCE.bgAH8tmu-UFsDxgRsGWJqXEJfSl-r7cw-M_0JsHWa0k&amp;dib_tag=se&amp;keywords=ein+land%2C+das+funktioniert&amp;qid=1770184168&amp;sprefix=ein+land+das+funktioniert%2Caps%2C100&amp;sr=8-3\" target=\"_blank\" rel=\" noreferrer noopener\"><img loading=\"lazy\" decoding=\"async\" width=\"280\" height=\"120\" src=\"http:\/\/www.polstersbuchwelten.de\/wp-content\/uploads\/2025\/11\/IMG_0988.jpeg\" alt=\"\" class=\"wp-image-105\" style=\"width:180px;height:auto\"\/><\/a><\/figure>\n\n\n\n<figure class=\"wp-block-image size-full is-resized\"><a href=\"https:\/\/www.buecher.de\/shop\/home\/artikeldetails\/A1078150552\" target=\"_blank\" rel=\" noreferrer noopener\"><img loading=\"lazy\" decoding=\"async\" width=\"411\" height=\"128\" src=\"http:\/\/www.polstersbuchwelten.de\/wp-content\/uploads\/2025\/11\/IMG_0991.jpeg\" alt=\"\" class=\"wp-image-106\" style=\"width:188px;height:auto\" srcset=\"https:\/\/www.polstersbuchwelten.de\/wp-content\/uploads\/2025\/11\/IMG_0991.jpeg 411w, https:\/\/www.polstersbuchwelten.de\/wp-content\/uploads\/2025\/11\/IMG_0991-300x93.jpeg 300w\" sizes=\"auto, (max-width: 411px) 100vw, 411px\" \/><\/a><\/figure>\n\n\n\n<figure class=\"wp-block-image size-full is-resized\"><a href=\"https:\/\/www.hugendubel.de\/de\/buch_kartoniert\/joerg_polster-ein_land_das_funktioniert-52534369-produkt-details.html\" target=\"_blank\" rel=\" noreferrer noopener\"><img loading=\"lazy\" decoding=\"async\" width=\"404\" height=\"150\" src=\"http:\/\/www.polstersbuchwelten.de\/wp-content\/uploads\/2025\/11\/IMG_0990.jpeg\" alt=\"\" class=\"wp-image-103\" style=\"width:175px;height:auto\" srcset=\"https:\/\/www.polstersbuchwelten.de\/wp-content\/uploads\/2025\/11\/IMG_0990.jpeg 404w, https:\/\/www.polstersbuchwelten.de\/wp-content\/uploads\/2025\/11\/IMG_0990-300x111.jpeg 300w\" sizes=\"auto, (max-width: 404px) 100vw, 404px\" \/><\/a><\/figure>\n<\/div>\n<\/div>\n\n\n\n<hr class=\"wp-block-separator alignfull has-alpha-channel-opacity\"\/>\n\n\n\n<div class=\"wp-block-columns is-layout-flex wp-container-core-columns-is-layout-9d6595d7 wp-block-columns-is-layout-flex\">\n<div class=\"wp-block-column is-layout-flow wp-block-column-is-layout-flow\">\n<figure class=\"wp-block-image size-large\"><img loading=\"lazy\" decoding=\"async\" width=\"647\" height=\"1024\" src=\"https:\/\/www.polstersbuchwelten.de\/wp-content\/uploads\/2026\/02\/IMG_1428-647x1024.jpeg\" alt=\"\" class=\"wp-image-285\" srcset=\"https:\/\/www.polstersbuchwelten.de\/wp-content\/uploads\/2026\/02\/IMG_1428-647x1024.jpeg 647w, https:\/\/www.polstersbuchwelten.de\/wp-content\/uploads\/2026\/02\/IMG_1428-189x300.jpeg 189w, https:\/\/www.polstersbuchwelten.de\/wp-content\/uploads\/2026\/02\/IMG_1428-768x1216.jpeg 768w, https:\/\/www.polstersbuchwelten.de\/wp-content\/uploads\/2026\/02\/IMG_1428-970x1536.jpeg 970w, https:\/\/www.polstersbuchwelten.de\/wp-content\/uploads\/2026\/02\/IMG_1428-1293x2048.jpeg 1293w, https:\/\/www.polstersbuchwelten.de\/wp-content\/uploads\/2026\/02\/IMG_1428.jpeg 1417w\" sizes=\"auto, (max-width: 647px) 100vw, 647px\" \/><\/figure>\n<\/div>\n\n\n\n<div class=\"wp-block-column is-layout-flow wp-block-column-is-layout-flow\">\n<h3 class=\"wp-block-heading has-text-align-center\">In Magdeburg geschehen Verbrechen selten laut. Sie entstehen in Zwischenr\u00e4umen &#8211; zwischen Zust\u00e4ndigkeiten, zwischen Gewohnheit und Wegsehen, zwischen dem, was geregelt scheint, und dem, was offen bleibt. Anna und Paul Reichenbach, l\u00e4ngst im Ruhestand, bleiben stehen, wo andere weitergehen. Sie h\u00f6ren hin, wenn Fenster offenstehen, sie lesen Namen, die niemand erkl\u00e4rt, sie nehmen Schl\u00fcssel ernst, die scheinbar nichts mehr \u00f6ffnen. Ihre F\u00e4lle f\u00fchren sie an vertraute Orte der Stadt: in Wohnh\u00e4user in Stadtfeld, an den Nordpark, in den Hauptbahnhof, an die Elbe und in die stillen Archive der Verwaltung. Band 2 versammelt neue, realistische Kriminalf\u00e4lle, die ohne Sensation auskommen und gerade deshalb unter die Haut gehen. Menschen sterben eines nat\u00fcrlichen Todes &#8211; und doch bleibt etwas ungekl\u00e4rt. Nicht jede Schuld ist strafbar, nicht jede Verantwortung sichtbar. Anna und Paul ermitteln dort, wo Ordnung versprochen, aber nicht zu Ende gedacht wurde. Mit ruhigem Tempo, feiner Beobachtung und gro\u00dfer N\u00e4he zu seinen Figuren erz\u00e4hlt dieser Sammelband von einer Stadt im Wandel und von Menschen, die Verantwortung ernst nehmen. Ein moderner Cosy Crime im Geist von Miss Marple und Mord ist ihr Hobby &#8211; leise, klug und zutiefst menschlich.<\/h3>\n<\/div>\n\n\n\n<div class=\"wp-block-column is-layout-flow wp-block-column-is-layout-flow\">\n<figure class=\"wp-block-image size-full\"><a href=\"https:\/\/buchshop.bod.de\/zwischen-tee-und-tatort-2-joerg-polster-9783695130863\" target=\"_blank\" rel=\" noreferrer noopener\"><img loading=\"lazy\" decoding=\"async\" width=\"197\" height=\"32\" src=\"http:\/\/www.polstersbuchwelten.de\/wp-content\/uploads\/2025\/11\/Bild-1.jpeg\" alt=\"\" class=\"wp-image-84\"\/><\/a><\/figure>\n\n\n\n<figure class=\"wp-block-image size-full is-resized\"><a href=\"https:\/\/www.thalia.de\/shop\/home\/artikeldetails\/A1078379340\" target=\"_blank\" rel=\" noreferrer noopener\"><img loading=\"lazy\" decoding=\"async\" width=\"500\" height=\"159\" src=\"http:\/\/www.polstersbuchwelten.de\/wp-content\/uploads\/2025\/11\/IMG_0989.jpeg\" alt=\"\" class=\"wp-image-104\" style=\"width:191px;height:auto\" srcset=\"https:\/\/www.polstersbuchwelten.de\/wp-content\/uploads\/2025\/11\/IMG_0989.jpeg 500w, https:\/\/www.polstersbuchwelten.de\/wp-content\/uploads\/2025\/11\/IMG_0989-300x95.jpeg 300w\" sizes=\"auto, (max-width: 500px) 100vw, 500px\" \/><\/a><\/figure>\n\n\n\n<figure class=\"wp-block-image size-full is-resized\"><a href=\"https:\/\/www.amazon.de\/Zwischen-Tee-Tatort-F%C3%A4lle-Reichenbach\/dp\/3695130865\/ref=sr_1_1?crid=2Y3CTV7YN7JMK&amp;dib=eyJ2IjoiMSJ9.6WLdYeyf2I3MhtNQHpSRJr9D8LF2UPLCttrQwbEq_UkWgGEmO9O13uDd1HcYMSYOtLkL3-0Dt164-7m2tD2ZJzgN9lap5IWxZP4Z-RijuuTxF6DMYLBdYeG83NJQX1nheEWCLzTkKt-WUaFvtTZzw_ban1Tl_7Zn3uH2eBR0t4g3xZw7IPyNqJwssP2fQS5zihGkN-Jpcp7rh2A3bay1ZhT1FMZsDcfkr7Vfo1cJQBA.qapINq14uwF8yHDMBw9EN3C1xsOl1lL7iK7MVYBb5gM&amp;dib_tag=se&amp;keywords=zwischen+tee+und+tatort+2&amp;qid=1772172928&amp;sprefix=%2Caps%2C169&amp;sr=8-1\" target=\"_blank\" rel=\" noreferrer noopener\"><img loading=\"lazy\" decoding=\"async\" width=\"280\" height=\"120\" src=\"http:\/\/www.polstersbuchwelten.de\/wp-content\/uploads\/2025\/11\/IMG_0988.jpeg\" alt=\"\" class=\"wp-image-105\" style=\"width:180px;height:auto\"\/><\/a><\/figure>\n\n\n\n<figure class=\"wp-block-image size-full is-resized\"><a href=\"https:\/\/www.buecher.de\/shop\/home\/artikeldetails\/A1078379340\" target=\"_blank\" rel=\" noreferrer noopener\"><img loading=\"lazy\" decoding=\"async\" width=\"411\" height=\"128\" src=\"http:\/\/www.polstersbuchwelten.de\/wp-content\/uploads\/2025\/11\/IMG_0991.jpeg\" alt=\"\" class=\"wp-image-106\" style=\"width:188px;height:auto\" srcset=\"https:\/\/www.polstersbuchwelten.de\/wp-content\/uploads\/2025\/11\/IMG_0991.jpeg 411w, https:\/\/www.polstersbuchwelten.de\/wp-content\/uploads\/2025\/11\/IMG_0991-300x93.jpeg 300w\" sizes=\"auto, (max-width: 411px) 100vw, 411px\" \/><\/a><\/figure>\n\n\n\n<figure class=\"wp-block-image size-full is-resized\"><a href=\"https:\/\/www.hugendubel.de\/de\/taschenbuch\/joerg_polster-zwischen_tee_und_tatort_2-52648579-produkt-details.html\" target=\"_blank\" rel=\" noreferrer noopener\"><img loading=\"lazy\" decoding=\"async\" width=\"404\" height=\"150\" src=\"http:\/\/www.polstersbuchwelten.de\/wp-content\/uploads\/2025\/11\/IMG_0990.jpeg\" alt=\"\" class=\"wp-image-103\" style=\"width:175px;height:auto\" srcset=\"https:\/\/www.polstersbuchwelten.de\/wp-content\/uploads\/2025\/11\/IMG_0990.jpeg 404w, https:\/\/www.polstersbuchwelten.de\/wp-content\/uploads\/2025\/11\/IMG_0990-300x111.jpeg 300w\" sizes=\"auto, (max-width: 404px) 100vw, 404px\" \/><\/a><\/figure>\n<\/div>\n<\/div>\n\n\n\n<hr class=\"wp-block-separator has-alpha-channel-opacity\"\/>\n\n\n\n<div class=\"wp-block-columns is-layout-flex wp-container-core-columns-is-layout-9d6595d7 wp-block-columns-is-layout-flex\">\n<div class=\"wp-block-column is-layout-flow wp-block-column-is-layout-flow\">\n<h3 class=\"wp-block-heading has-text-align-center\">Warum erinnert er sich nicht an den Termin, der seit Wochen feststeht &#8211; aber an den Namen des Ersatzspielers von 1998? Warum ist f\u00fcr sie ein Gespr\u00e4ch noch lange nicht vorbei, nur weil er innerlich schon einen Haken daran gesetzt hat? Und warum leben zwei Menschen, die sich lieben, manchmal in v\u00f6llig unterschiedlichen Welten &#8211; im selben Zuhause? &#8222;Warum M\u00e4nner alles vergessen &#8211; und Frauen sich immer erinnern, dass M\u00e4nner es vergessen haben&#8220; ist ein heiteres, kluges Buch \u00fcber die kleinen und gro\u00dfen Missverst\u00e4ndnisse zwischen M\u00e4nnern und Frauen. Mit viel Humor, feinem Gesp\u00fcr und ohne belehrenden Ton zeigt dieses Buch, warum M\u00e4nner Dinge abschlie\u00dfen, w\u00e4hrend Frauen sie verbinden &#8211; und warum genau darin der Schl\u00fcssel zum Miteinander liegt. Gut lesbar erz\u00e4hlt, voller augenzwinkernder Alltagsbeobachtungen, l\u00e4dt dieses Buch dazu ein, sich selbst, den Partner oder die Partnerin wiederzuerkennen, laut zu lachen und an manchen Stellen still zu nicken. Es erkl\u00e4rt nicht, wer recht hat, sondern warum beide recht haben &#8211; nur auf unterschiedliche Weise. Ein Buch f\u00fcr alle, die lieben, zusammenleben, sich manchmal missverstehen &#8211; und trotzdem bleiben.<\/h3>\n<\/div>\n\n\n\n<div class=\"wp-block-column is-layout-flow wp-block-column-is-layout-flow\">\n<figure class=\"wp-block-image size-large\"><img loading=\"lazy\" decoding=\"async\" width=\"647\" height=\"1024\" src=\"https:\/\/www.polstersbuchwelten.de\/wp-content\/uploads\/2026\/02\/IMG_1429-647x1024.jpeg\" alt=\"\" class=\"wp-image-286\" srcset=\"https:\/\/www.polstersbuchwelten.de\/wp-content\/uploads\/2026\/02\/IMG_1429-647x1024.jpeg 647w, https:\/\/www.polstersbuchwelten.de\/wp-content\/uploads\/2026\/02\/IMG_1429-189x300.jpeg 189w, https:\/\/www.polstersbuchwelten.de\/wp-content\/uploads\/2026\/02\/IMG_1429-768x1216.jpeg 768w, https:\/\/www.polstersbuchwelten.de\/wp-content\/uploads\/2026\/02\/IMG_1429-970x1536.jpeg 970w, https:\/\/www.polstersbuchwelten.de\/wp-content\/uploads\/2026\/02\/IMG_1429-1293x2048.jpeg 1293w, https:\/\/www.polstersbuchwelten.de\/wp-content\/uploads\/2026\/02\/IMG_1429.jpeg 1417w\" sizes=\"auto, (max-width: 647px) 100vw, 647px\" \/><\/figure>\n<\/div>\n\n\n\n<div class=\"wp-block-column is-layout-flow wp-block-column-is-layout-flow\">\n<figure class=\"wp-block-image size-full\"><a href=\"https:\/\/buchshop.bod.de\/warum-maenner-alles-vergessen-und-frauen-sich-immer-erinnern-dass-maenner-es-vergessen-haben-joerg-polster-9783695731466\" target=\"_blank\" rel=\" noreferrer noopener\"><img loading=\"lazy\" decoding=\"async\" width=\"197\" height=\"32\" src=\"http:\/\/www.polstersbuchwelten.de\/wp-content\/uploads\/2025\/11\/Bild-1.jpeg\" alt=\"\" class=\"wp-image-84\"\/><\/a><\/figure>\n\n\n\n<figure class=\"wp-block-image size-full is-resized\"><a href=\"https:\/\/www.thalia.de\/shop\/home\/artikeldetails\/A1078379160\" target=\"_blank\" rel=\" noreferrer noopener\"><img loading=\"lazy\" decoding=\"async\" width=\"500\" height=\"159\" src=\"http:\/\/www.polstersbuchwelten.de\/wp-content\/uploads\/2025\/11\/IMG_0989.jpeg\" alt=\"\" class=\"wp-image-104\" style=\"width:191px;height:auto\" srcset=\"https:\/\/www.polstersbuchwelten.de\/wp-content\/uploads\/2025\/11\/IMG_0989.jpeg 500w, https:\/\/www.polstersbuchwelten.de\/wp-content\/uploads\/2025\/11\/IMG_0989-300x95.jpeg 300w\" sizes=\"auto, (max-width: 500px) 100vw, 500px\" \/><\/a><\/figure>\n\n\n\n<figure class=\"wp-block-image size-full is-resized\"><a href=\"https:\/\/www.amazon.de\/Warum-M%C3%A4nner-alles-vergessen-Missverst%C3%A4ndnisse\/dp\/369573146X\/ref=sr_1_1?__mk_de_DE=%C3%85M%C3%85%C5%BD%C3%95%C3%91&amp;crid=17HK9FQ8FWM37&amp;dib=eyJ2IjoiMSJ9.HAHfgyf4LPVt-WoQ8hCGWENykuvMq18YlGrHTVRltL1_I3NZo7-Z8KiqFVXEeTp8wCfJgOnp8hLTEstIEp3OirA0HGu9ggy_5R2jCvUofU1qTWQ5zFovI2x63xbtyKw8mxeIodlP7y-KlJ3XxnSWgvIgtOrpc3sr4GLZBbDbwnTNpoAKXwr48cmz9IS6WTHPKNd2YQ4Vu4iOcS1Z51cQe6rGO98sTyWgwYwdK3A1uWc.2vLOhLWuVpyfgfDlnUTy6I1NKfeQpXV6_Yx9sytBIqY&amp;dib_tag=se&amp;keywords=Warum+M%C3%A4nner+vergessen&amp;qid=1772172991&amp;sprefix=warum+m%C3%A4nner+vergessen%252Caps%252C134&amp;sr=8-1\" target=\"_blank\" rel=\" noreferrer noopener\"><img loading=\"lazy\" decoding=\"async\" width=\"280\" height=\"120\" src=\"http:\/\/www.polstersbuchwelten.de\/wp-content\/uploads\/2025\/11\/IMG_0988.jpeg\" alt=\"\" class=\"wp-image-105\" style=\"width:180px;height:auto\"\/><\/a><\/figure>\n\n\n\n<figure class=\"wp-block-image size-full is-resized\"><a href=\"https:\/\/www.buecher.de\/shop\/home\/artikeldetails\/A1078379160\" target=\"_blank\" rel=\" noreferrer noopener\"><img loading=\"lazy\" decoding=\"async\" width=\"411\" height=\"128\" src=\"http:\/\/www.polstersbuchwelten.de\/wp-content\/uploads\/2025\/11\/IMG_0991.jpeg\" alt=\"\" class=\"wp-image-106\" style=\"width:188px;height:auto\" srcset=\"https:\/\/www.polstersbuchwelten.de\/wp-content\/uploads\/2025\/11\/IMG_0991.jpeg 411w, https:\/\/www.polstersbuchwelten.de\/wp-content\/uploads\/2025\/11\/IMG_0991-300x93.jpeg 300w\" sizes=\"auto, (max-width: 411px) 100vw, 411px\" \/><\/a><\/figure>\n\n\n\n<figure class=\"wp-block-image size-full is-resized\"><a href=\"https:\/\/www.hugendubel.de\/de\/taschenbuch\/joerg_polster-warum_maenner_alles_vergessen_und_frauen_sich_immer_erinnern_dass_maenner_es_vergessen_haben-52648742-produkt-details.html\" target=\"_blank\" rel=\" noreferrer noopener\"><img loading=\"lazy\" decoding=\"async\" width=\"404\" height=\"150\" src=\"http:\/\/www.polstersbuchwelten.de\/wp-content\/uploads\/2025\/11\/IMG_0990.jpeg\" alt=\"\" class=\"wp-image-103\" style=\"width:175px;height:auto\" srcset=\"https:\/\/www.polstersbuchwelten.de\/wp-content\/uploads\/2025\/11\/IMG_0990.jpeg 404w, https:\/\/www.polstersbuchwelten.de\/wp-content\/uploads\/2025\/11\/IMG_0990-300x111.jpeg 300w\" sizes=\"auto, (max-width: 404px) 100vw, 404px\" \/><\/a><\/figure>\n<\/div>\n<\/div>\n","protected":false},"excerpt":{"rendered":"<p>Ein Land, das f\u00e4llt. Dieser Roman erz\u00e4hlt die Geschichte eines Landes, das f\u00e4llt &#8211; und wieder aufsteht. Deutschland, wenige Jahre nach dem demokratischen Umbruch: Eine rechtsorientierte Regierung \u00fcbernimmt die Macht, die Verfassung zerbricht, die Gesellschaft schweigt. Doch im Schatten wachsen Widerstand, Mut &#8211; und eine leise, aber unaufhaltsame Erinnerung. Mohamed, Georg und Leila geh\u00f6ren zu [&hellip;]<\/p>\n","protected":false},"author":1,"featured_media":0,"parent":0,"menu_order":0,"comment_status":"closed","ping_status":"closed","template":"","meta":{"footnotes":""},"class_list":["post-44","page","type-page","status-publish","hentry","entry"],"_links":{"self":[{"href":"https:\/\/www.polstersbuchwelten.de\/index.php\/wp-json\/wp\/v2\/pages\/44","targetHints":{"allow":["GET"]}}],"collection":[{"href":"https:\/\/www.polstersbuchwelten.de\/index.php\/wp-json\/wp\/v2\/pages"}],"about":[{"href":"https:\/\/www.polstersbuchwelten.de\/index.php\/wp-json\/wp\/v2\/types\/page"}],"author":[{"embeddable":true,"href":"https:\/\/www.polstersbuchwelten.de\/index.php\/wp-json\/wp\/v2\/users\/1"}],"replies":[{"embeddable":true,"href":"https:\/\/www.polstersbuchwelten.de\/index.php\/wp-json\/wp\/v2\/comments?post=44"}],"version-history":[{"count":27,"href":"https:\/\/www.polstersbuchwelten.de\/index.php\/wp-json\/wp\/v2\/pages\/44\/revisions"}],"predecessor-version":[{"id":344,"href":"https:\/\/www.polstersbuchwelten.de\/index.php\/wp-json\/wp\/v2\/pages\/44\/revisions\/344"}],"wp:attachment":[{"href":"https:\/\/www.polstersbuchwelten.de\/index.php\/wp-json\/wp\/v2\/media?parent=44"}],"curies":[{"name":"wp","href":"https:\/\/api.w.org\/{rel}","templated":true}]}}