{"id":42,"date":"2025-11-27T20:47:18","date_gmt":"2025-11-27T19:47:18","guid":{"rendered":"http:\/\/www.polstersbuchwelten.de\/?page_id=42"},"modified":"2025-11-28T23:02:37","modified_gmt":"2025-11-28T22:02:37","slug":"fachbuecher","status":"publish","type":"page","link":"https:\/\/www.polstersbuchwelten.de\/index.php\/fachbuecher\/","title":{"rendered":"Fachb\u00fccher"},"content":{"rendered":"\n<div class=\"wp-block-columns is-layout-flex wp-container-core-columns-is-layout-9d6595d7 wp-block-columns-is-layout-flex\">\n<div class=\"wp-block-column is-layout-flow wp-block-column-is-layout-flow\">\n<figure class=\"wp-block-image size-large\"><img loading=\"lazy\" decoding=\"async\" width=\"643\" height=\"1024\" src=\"http:\/\/www.polstersbuchwelten.de\/wp-content\/uploads\/2025\/11\/Bild-643x1024.jpeg\" alt=\"\" class=\"wp-image-83\" srcset=\"https:\/\/www.polstersbuchwelten.de\/wp-content\/uploads\/2025\/11\/Bild-643x1024.jpeg 643w, https:\/\/www.polstersbuchwelten.de\/wp-content\/uploads\/2025\/11\/Bild-188x300.jpeg 188w, https:\/\/www.polstersbuchwelten.de\/wp-content\/uploads\/2025\/11\/Bild-768x1223.jpeg 768w, https:\/\/www.polstersbuchwelten.de\/wp-content\/uploads\/2025\/11\/Bild-964x1536.jpeg 964w, https:\/\/www.polstersbuchwelten.de\/wp-content\/uploads\/2025\/11\/Bild-1286x2048.jpeg 1286w, https:\/\/www.polstersbuchwelten.de\/wp-content\/uploads\/2025\/11\/Bild.jpeg 1594w\" sizes=\"auto, (max-width: 643px) 100vw, 643px\" \/><\/figure>\n<\/div>\n\n\n\n<div class=\"wp-block-column is-layout-flow wp-block-column-is-layout-flow\">\n<h4 class=\"wp-block-heading has-text-align-center\">In diesem Ratgeber gebe ich mein langj\u00e4hrig erworbenes und gesammeltes theoretisches und praktisches Wissen w\u00e4hrend meiner T\u00e4tigkeit als gew\u00e4hlte Hauptvertrauensperson der Menschen mit Behinderung (Hauptschwerbehinderten-vertretung) in einem Landesministerium in Sachsen-Anhalt sowie als als gew\u00e4hlte \u00f6rtliche Vertrauensperson f\u00fcr Menschen mit Behinderung in diesem Ministerium selbst in diesem kleinen Ratgeber weiter und hoffe dabei, dass meine Erfahrungen neu gew\u00e4hlten Schwerbehindertenvertretungen helfen, ihre Arbeit mit sehr guter Kompetenz und besserem Wissen zu erledigen. Dieses Buch enth\u00e4lt Ratschlage und Tipps, sowie Grundlagen und Hinweise zur T\u00e4tigkeit als SBV. Am Ende dieses kleinen Ratgebers habe ich als zus\u00e4tzlichen Bonus meine bisher auf meiner Homepage f\u00fcr Inklusion (www.inklusionsspiegel.de) erschienenen interessanten und kontroversen Essays zur Inklusion, Barrierefreiheit, Ableismus und weiteren Themen mit ver\u00f6ffentlicht.<\/h4>\n<\/div>\n\n\n\n<div class=\"wp-block-column is-layout-flow wp-block-column-is-layout-flow\">\n<figure class=\"wp-block-image size-full\"><a href=\"https:\/\/buchshop.bod.de\/als-schwerbehindertenvertretung-gewaehlt-was-jetzto-joerg-polster-9783837040524\" target=\"_blank\" rel=\" noreferrer noopener\"><img loading=\"lazy\" decoding=\"async\" width=\"197\" height=\"32\" src=\"http:\/\/www.polstersbuchwelten.de\/wp-content\/uploads\/2025\/11\/Bild-1.jpeg\" alt=\"\" class=\"wp-image-84\"\/><\/a><\/figure>\n\n\n\n<figure class=\"wp-block-image size-full is-resized\"><a href=\"https:\/\/www.thalia.de\/shop\/home\/artikeldetails\/A1073313257\" target=\"_blank\" rel=\" noreferrer noopener\"><img loading=\"lazy\" decoding=\"async\" width=\"500\" height=\"159\" src=\"http:\/\/www.polstersbuchwelten.de\/wp-content\/uploads\/2025\/11\/IMG_0989.jpeg\" alt=\"\" class=\"wp-image-104\" style=\"width:191px;height:auto\" srcset=\"https:\/\/www.polstersbuchwelten.de\/wp-content\/uploads\/2025\/11\/IMG_0989.jpeg 500w, https:\/\/www.polstersbuchwelten.de\/wp-content\/uploads\/2025\/11\/IMG_0989-300x95.jpeg 300w\" sizes=\"auto, (max-width: 500px) 100vw, 500px\" \/><\/a><\/figure>\n\n\n\n<figure class=\"wp-block-image size-full is-resized\"><a href=\"https:\/\/www.amazon.de\/Als-Schwerbehindertenvertretung-gew\u00e4hlt-Schwerbehindertenvertretungen-Behinderung\/dp\/3837040526\/ref=sr_1_1?__mk_de_DE=\u00c5M\u00c5\u017d\u00d5\u00d1&amp;crid=29UWTE9WBPK2D&amp;dib=eyJ2IjoiMSJ9.XrlKY70N2cOwUcgNQhvCfgtr_GL3YWkTd-lxpyP3Iag-ZG8985-JPg8Birx-9AdLrZv-rg0FKZY_DiLbiW-rByl5ZtTTQP5wyV_-rtIdb0mL-otN9JUscqCf4shC12Uw4EMYTbJmLjAdVeq3vx3cty9GsWCwWacLQIa-oeve6xU2AeZ06U1ZcCr5JP7-5gv7vAIU1EFjkklfQQjhnLC3dKptElXiFM-9DUKiPyeg5ww.kvji1-GZxgfh2OfRxVjzsCwuLNd45PzW7Eqk1PglhU4&amp;dib_tag=se&amp;keywords=j\u00f6rg+polster&amp;qid=1764366657&amp;sprefix=j\u00f6rg+polster%2Caps%2C93&amp;sr=8-1\" target=\"_blank\" rel=\" noreferrer noopener\"><img loading=\"lazy\" decoding=\"async\" width=\"280\" height=\"120\" src=\"http:\/\/www.polstersbuchwelten.de\/wp-content\/uploads\/2025\/11\/IMG_0988.jpeg\" alt=\"\" class=\"wp-image-105\" style=\"width:180px;height:auto\"\/><\/a><\/figure>\n\n\n\n<figure class=\"wp-block-image size-full is-resized\"><a href=\"https:\/\/www.buecher.de\/artikel\/buch\/als-schwerbehindertenvertretung-gewaehlt-was-jetzt\/71764615\/\" target=\"_blank\" rel=\" noreferrer noopener\"><img loading=\"lazy\" decoding=\"async\" width=\"411\" height=\"128\" src=\"http:\/\/www.polstersbuchwelten.de\/wp-content\/uploads\/2025\/11\/IMG_0991.jpeg\" alt=\"\" class=\"wp-image-106\" style=\"width:188px;height:auto\" srcset=\"https:\/\/www.polstersbuchwelten.de\/wp-content\/uploads\/2025\/11\/IMG_0991.jpeg 411w, https:\/\/www.polstersbuchwelten.de\/wp-content\/uploads\/2025\/11\/IMG_0991-300x93.jpeg 300w\" sizes=\"auto, (max-width: 411px) 100vw, 411px\" \/><\/a><\/figure>\n\n\n\n<figure class=\"wp-block-image size-full is-resized\"><a href=\"https:\/\/www.hugendubel.de\/de\/buch_kartoniert\/joerg_polster-als_schwerbehindertenvertretung_gewaehlt_was_jetzt_-49063171-produkt-details.html\" target=\"_blank\" rel=\" noreferrer noopener\"><img loading=\"lazy\" decoding=\"async\" width=\"404\" height=\"150\" src=\"http:\/\/www.polstersbuchwelten.de\/wp-content\/uploads\/2025\/11\/IMG_0990.jpeg\" alt=\"\" class=\"wp-image-103\" style=\"width:175px;height:auto\" srcset=\"https:\/\/www.polstersbuchwelten.de\/wp-content\/uploads\/2025\/11\/IMG_0990.jpeg 404w, https:\/\/www.polstersbuchwelten.de\/wp-content\/uploads\/2025\/11\/IMG_0990-300x111.jpeg 300w\" sizes=\"auto, (max-width: 404px) 100vw, 404px\" \/><\/a><\/figure>\n<\/div>\n<\/div>\n\n\n\n<hr class=\"wp-block-separator alignfull has-alpha-channel-opacity\"\/>\n\n\n\n<div class=\"wp-block-columns is-layout-flex wp-container-core-columns-is-layout-9d6595d7 wp-block-columns-is-layout-flex\">\n<div class=\"wp-block-column is-layout-flow wp-block-column-is-layout-flow\">\n<h4 class=\"wp-block-heading has-text-align-center\">Nach meinem erfolgreichen kleinen Ratgeber f\u00fcr Schwerbehindertenvertretungen &#8222;Als Schwerbehindertenvertretung gew\u00e4hlt &#8211; Was jetzt?&#8220;, habe ich mich entschlossen, nun einen gr\u00f6\u00dferen Ratgeber, sowie Lehrbuch und Selbstlern- und Mitmachbuch mit deutlich umfangreicherem Wissen herauszugeben. Es vermittelt fundiertes Wissen zur rechtlichen Grundlage der Sozial- und Behindertengesetze, zur praktischen Umsetzung der Beteiligungsrechte und zu zentralen Themen wie Barrierefreiheit, K\u00fcndigungsschutz, begleitende Hilfe im Arbeitsleben sowie die Mitwirkung an betrieblichen Entscheidungsprozessen. Die Inhalte orientieren sich an den Anforderungen aus dem Sozialgesetzbuch IX (SGB IX) sowie der UN-Behindertenrechtskonvention (UN-BRK). Auch Grundlagen der Kommunikation, Gespr\u00e4chsf\u00fchrung und der Konfliktl\u00f6sungen sowie die Erkl\u00e4rung vieler psychischer Erkrankungen habe ich mit hineingepackt, um ein m\u00f6glichst umfassendes Buch als wirkliche Hilfe herauszugeben. Ziel ist es, Handlungssicherheit und Fachkompetenz zu st\u00e4rken, um die Interessen schwerbehinderter Menschen im Arbeitsleben wirksam zu vertreten und ihre Bed\u00fcrfnisse zu verstehen. Das Buch enth\u00e4lt Arbeitsbl\u00e4tter, Reflexionsb\u00f6gen und Quizfragen am Ende der meisten Kapitel, um das Praxiswissen zu festigen.<\/h4>\n<\/div>\n\n\n\n<div class=\"wp-block-column is-layout-flow wp-block-column-is-layout-flow\">\n<figure class=\"wp-block-image size-large\"><img loading=\"lazy\" decoding=\"async\" width=\"643\" height=\"1024\" src=\"http:\/\/www.polstersbuchwelten.de\/wp-content\/uploads\/2025\/11\/Bild-5-643x1024.jpeg\" alt=\"\" class=\"wp-image-86\" srcset=\"https:\/\/www.polstersbuchwelten.de\/wp-content\/uploads\/2025\/11\/Bild-5-643x1024.jpeg 643w, https:\/\/www.polstersbuchwelten.de\/wp-content\/uploads\/2025\/11\/Bild-5-188x300.jpeg 188w, https:\/\/www.polstersbuchwelten.de\/wp-content\/uploads\/2025\/11\/Bild-5-768x1223.jpeg 768w, https:\/\/www.polstersbuchwelten.de\/wp-content\/uploads\/2025\/11\/Bild-5-964x1536.jpeg 964w, https:\/\/www.polstersbuchwelten.de\/wp-content\/uploads\/2025\/11\/Bild-5-1286x2048.jpeg 1286w, https:\/\/www.polstersbuchwelten.de\/wp-content\/uploads\/2025\/11\/Bild-5.jpeg 1594w\" sizes=\"auto, (max-width: 643px) 100vw, 643px\" \/><\/figure>\n<\/div>\n\n\n\n<div class=\"wp-block-column is-layout-flow wp-block-column-is-layout-flow\">\n<figure class=\"wp-block-image size-full\"><a href=\"https:\/\/buchshop.bod.de\/rechte-pflichten-und-hilfen-fuer-schwerbehindertenvertretungen-inklusionsbeauftragte-personalstellen-und-menschen-mit-behinderung-joerg-9783819283352\" target=\"_blank\" rel=\" noreferrer noopener\"><img loading=\"lazy\" decoding=\"async\" width=\"197\" height=\"32\" src=\"http:\/\/www.polstersbuchwelten.de\/wp-content\/uploads\/2025\/11\/Bild-1.jpeg\" alt=\"\" class=\"wp-image-84\"\/><\/a><\/figure>\n\n\n\n<figure class=\"wp-block-image size-full is-resized\"><a href=\"https:\/\/www.thalia.de\/shop\/home\/artikeldetails\/A1076205180\" target=\"_blank\" rel=\" noreferrer noopener\"><img loading=\"lazy\" decoding=\"async\" width=\"500\" height=\"159\" src=\"http:\/\/www.polstersbuchwelten.de\/wp-content\/uploads\/2025\/11\/IMG_0989.jpeg\" alt=\"\" class=\"wp-image-104\" style=\"width:191px;height:auto\" srcset=\"https:\/\/www.polstersbuchwelten.de\/wp-content\/uploads\/2025\/11\/IMG_0989.jpeg 500w, https:\/\/www.polstersbuchwelten.de\/wp-content\/uploads\/2025\/11\/IMG_0989-300x95.jpeg 300w\" sizes=\"auto, (max-width: 500px) 100vw, 500px\" \/><\/a><\/figure>\n\n\n\n<figure class=\"wp-block-image size-full is-resized\"><a href=\"https:\/\/www.amazon.de\/Pflichten-Schwerbehindertenvertretungen-Inklusionsbeauftragte-Personalstellen-Behinderung\/dp\/3819283358\/ref=sr_1_2?__mk_de_DE=\u00c5M\u00c5\u017d\u00d5\u00d1&amp;crid=29UWTE9WBPK2D&amp;dib=eyJ2IjoiMSJ9.XrlKY70N2cOwUcgNQhvCfgtr_GL3YWkTd-lxpyP3Iag-ZG8985-JPg8Birx-9AdLrZv-rg0FKZY_DiLbiW-rByl5ZtTTQP5wyV_-rtIdb0mL-otN9JUscqCf4shC12Uw4EMYTbJmLjAdVeq3vx3cty9GsWCwWacLQIa-oeve6xU2AeZ06U1ZcCr5JP7-5gv7vAIU1EFjkklfQQjhnLC3dKptElXiFM-9DUKiPyeg5ww.kvji1-GZxgfh2OfRxVjzsCwuLNd45PzW7Eqk1PglhU4&amp;dib_tag=se&amp;keywords=j\u00f6rg+polster&amp;qid=1764366657&amp;sprefix=j\u00f6rg+polster%2Caps%2C93&amp;sr=8-2\" target=\"_blank\" rel=\" noreferrer noopener\"><img loading=\"lazy\" decoding=\"async\" width=\"280\" height=\"120\" src=\"http:\/\/www.polstersbuchwelten.de\/wp-content\/uploads\/2025\/11\/IMG_0988.jpeg\" alt=\"\" class=\"wp-image-105\" style=\"width:180px;height:auto\"\/><\/a><\/figure>\n\n\n\n<figure class=\"wp-block-image size-full is-resized\"><a href=\"https:\/\/www.buecher.de\/artikel\/buch\/rechte-pflichten-und-hilfen-fuer-schwerbehindertenvertretungen-inklusionsbeauftragte-personalstellen-und-menschen-mit-behinderung\/74895909\/\" target=\"_blank\" rel=\" noreferrer noopener\"><img loading=\"lazy\" decoding=\"async\" width=\"411\" height=\"128\" src=\"http:\/\/www.polstersbuchwelten.de\/wp-content\/uploads\/2025\/11\/IMG_0991.jpeg\" alt=\"\" class=\"wp-image-106\" style=\"width:188px;height:auto\" srcset=\"https:\/\/www.polstersbuchwelten.de\/wp-content\/uploads\/2025\/11\/IMG_0991.jpeg 411w, https:\/\/www.polstersbuchwelten.de\/wp-content\/uploads\/2025\/11\/IMG_0991-300x93.jpeg 300w\" sizes=\"auto, (max-width: 411px) 100vw, 411px\" \/><\/a><\/figure>\n\n\n\n<figure class=\"wp-block-image size-full is-resized\"><a href=\"https:\/\/www.hugendubel.de\/de\/buch_kartoniert\/joerg_polster-rechte_pflichten_und_hilfen_fuer_schwerbehindertenvertretungen_inklusionsbeauftragte_personalstellen_und_menschen_mit_behinderung-51302652-produkt-details.html\" target=\"_blank\" rel=\" noreferrer noopener\"><img loading=\"lazy\" decoding=\"async\" width=\"404\" height=\"150\" src=\"http:\/\/www.polstersbuchwelten.de\/wp-content\/uploads\/2025\/11\/IMG_0990.jpeg\" alt=\"\" class=\"wp-image-103\" style=\"width:175px;height:auto\" srcset=\"https:\/\/www.polstersbuchwelten.de\/wp-content\/uploads\/2025\/11\/IMG_0990.jpeg 404w, https:\/\/www.polstersbuchwelten.de\/wp-content\/uploads\/2025\/11\/IMG_0990-300x111.jpeg 300w\" sizes=\"auto, (max-width: 404px) 100vw, 404px\" \/><\/a><\/figure>\n<\/div>\n<\/div>\n\n\n\n<hr class=\"wp-block-separator alignfull has-alpha-channel-opacity\"\/>\n\n\n\n<div class=\"wp-block-columns is-layout-flex wp-container-core-columns-is-layout-9d6595d7 wp-block-columns-is-layout-flex\">\n<div class=\"wp-block-column is-layout-flow wp-block-column-is-layout-flow\">\n<figure class=\"wp-block-image size-large\"><img loading=\"lazy\" decoding=\"async\" width=\"643\" height=\"1024\" src=\"http:\/\/www.polstersbuchwelten.de\/wp-content\/uploads\/2025\/11\/Bild-6-643x1024.jpeg\" alt=\"\" class=\"wp-image-85\" srcset=\"https:\/\/www.polstersbuchwelten.de\/wp-content\/uploads\/2025\/11\/Bild-6-643x1024.jpeg 643w, https:\/\/www.polstersbuchwelten.de\/wp-content\/uploads\/2025\/11\/Bild-6-188x300.jpeg 188w, https:\/\/www.polstersbuchwelten.de\/wp-content\/uploads\/2025\/11\/Bild-6-768x1223.jpeg 768w, https:\/\/www.polstersbuchwelten.de\/wp-content\/uploads\/2025\/11\/Bild-6-964x1536.jpeg 964w, https:\/\/www.polstersbuchwelten.de\/wp-content\/uploads\/2025\/11\/Bild-6-1286x2048.jpeg 1286w, https:\/\/www.polstersbuchwelten.de\/wp-content\/uploads\/2025\/11\/Bild-6.jpeg 1594w\" sizes=\"auto, (max-width: 643px) 100vw, 643px\" \/><\/figure>\n<\/div>\n\n\n\n<div class=\"wp-block-column is-layout-flow wp-block-column-is-layout-flow\">\n<h4 class=\"wp-block-heading has-text-align-center\">Ich, als selbst langj\u00e4hriger Beschaffer und Vergabestelle im \u00f6ffentlichen Dienst, anschlie\u00dfend langj\u00e4hrig im Bereich Vergaberecht des f\u00fcr Vergaberecht zust\u00e4ndigen Fachministeriums in Sachsen-Anhalt sowie als Dozent f\u00fcr das Tariftreue- und Vergabegesetz, die Unterschwellenvergabe-<br>ordnung und die \u00f6ffentliche Beschaffung f\u00fcr das landeseigene Aus- und Fortbildungsinstitut t\u00e4tig, gebe hier mein umfangreiches Wissen weiter, um Vergabestellen und auch Auftragnehmer in das Rechtsgebiet in Sachsen-Anhalt einzuf\u00fchren. Als Autor gehe ich fachkundig auf die relevanten Rechtsvorschriften und Verfahrensweisen ein und erkl\u00e4re diese genauer und mit zahlreichen \u00dcbersichten und Beispielen. Dieser Ratgeber ist ein fach- und sachkundiges Sachbuch, der in keiner Vergabestelle fehlen sollte und auch f\u00fcr die Aus- und Fortbildung ein relevantes Werk. Es ist die 2. Auflage und beinhaltet die rechtlichen \u00c4nderungen vom November 2025.<\/h4>\n\n\n\n<p><\/p>\n<\/div>\n\n\n\n<div class=\"wp-block-column is-layout-flow wp-block-column-is-layout-flow\">\n<figure class=\"wp-block-image size-full\"><a href=\"https:\/\/buchshop.bod.de\/die-oeffentliche-beschaffung-und-vergabe-im-bereich-des-tariftreue-und-vergabegesetzes-und-der-unterschwellenvergabeordnung-in-sachsen-9783695195060\" target=\"_blank\" rel=\" noreferrer noopener\"><img loading=\"lazy\" decoding=\"async\" width=\"197\" height=\"32\" src=\"http:\/\/www.polstersbuchwelten.de\/wp-content\/uploads\/2025\/11\/Bild-1.jpeg\" alt=\"\" class=\"wp-image-84\"\/><\/a><\/figure>\n\n\n\n<figure class=\"wp-block-image size-full is-resized\"><a href=\"https:\/\/www.thalia.de\/shop\/home\/artikeldetails\/A1077531720\" target=\"_blank\" rel=\" noreferrer noopener\"><img loading=\"lazy\" decoding=\"async\" width=\"500\" height=\"159\" src=\"http:\/\/www.polstersbuchwelten.de\/wp-content\/uploads\/2025\/11\/IMG_0989.jpeg\" alt=\"\" class=\"wp-image-104\" style=\"width:191px;height:auto\" srcset=\"https:\/\/www.polstersbuchwelten.de\/wp-content\/uploads\/2025\/11\/IMG_0989.jpeg 500w, https:\/\/www.polstersbuchwelten.de\/wp-content\/uploads\/2025\/11\/IMG_0989-300x95.jpeg 300w\" sizes=\"auto, (max-width: 500px) 100vw, 500px\" \/><\/a><\/figure>\n\n\n\n<figure class=\"wp-block-image size-full is-resized\"><a href=\"https:\/\/www.amazon.de\/\u00f6ffentliche-Beschaffung-Vergabegesetzes-Unterschwellenvergabeordnung-Sachsen-Anhalt\/dp\/3695195061\/ref=sr_1_7_mod_primary_new?__mk_de_DE=\u00c5M\u00c5\u017d\u00d5\u00d1&amp;crid=29UWTE9WBPK2D&amp;dib=eyJ2IjoiMSJ9.XrlKY70N2cOwUcgNQhvCfgtr_GL3YWkTd-lxpyP3Iag-ZG8985-JPg8Birx-9AdLrZv-rg0FKZY_DiLbiW-rByl5ZtTTQP5wyV_-rtIdb0mL-otN9JUscqCf4shC12Uw4EMYTbJmLjAdVeq3vx3cty9GsWCwWacLQIa-oeve6xU2AeZ06U1ZcCr5JP7-5gv7vAIU1EFjkklfQQjhnLC3dKptElXiFM-9DUKiPyeg5ww.kvji1-GZxgfh2OfRxVjzsCwuLNd45PzW7Eqk1PglhU4&amp;dib_tag=se&amp;keywords=j\u00f6rg+polster&amp;qid=1764366657&amp;sbo=RZvfv%2F%2FHxDF%2BO5021pAnSA%3D%3D&amp;sprefix=j\u00f6rg+polster%2Caps%2C93&amp;sr=8-7\" target=\"_blank\" rel=\" noreferrer noopener\"><img loading=\"lazy\" decoding=\"async\" width=\"280\" height=\"120\" src=\"http:\/\/www.polstersbuchwelten.de\/wp-content\/uploads\/2025\/11\/IMG_0988.jpeg\" alt=\"\" class=\"wp-image-105\" style=\"width:180px;height:auto\"\/><\/a><\/figure>\n\n\n\n<figure class=\"wp-block-image size-full is-resized\"><a href=\"https:\/\/www.buecher.de\/artikel\/buch\/die-oeffentliche-beschaffung-und-vergabe-im-bereich-des-tariftreue-und-vergabegesetzes-und-der-unterschwellenvergabeordnung-in-sachsen-anhalt\/75966852\/\" target=\"_blank\" rel=\" noreferrer noopener\"><img loading=\"lazy\" decoding=\"async\" width=\"411\" height=\"128\" src=\"http:\/\/www.polstersbuchwelten.de\/wp-content\/uploads\/2025\/11\/IMG_0991.jpeg\" alt=\"\" class=\"wp-image-106\" style=\"width:188px;height:auto\" srcset=\"https:\/\/www.polstersbuchwelten.de\/wp-content\/uploads\/2025\/11\/IMG_0991.jpeg 411w, https:\/\/www.polstersbuchwelten.de\/wp-content\/uploads\/2025\/11\/IMG_0991-300x93.jpeg 300w\" sizes=\"auto, (max-width: 411px) 100vw, 411px\" \/><\/a><\/figure>\n\n\n\n<figure class=\"wp-block-image size-full is-resized\"><a href=\"https:\/\/www.hugendubel.de\/de\/buch_kartoniert\/joerg_polster-die_oeffentliche_beschaffung_und_vergabe_im_bereich_des_tariftreue_und_vergabegesetzes_und_der_unterschwellenvergabeordnung_in_sachsen_anhalt-52169568-produkt-details.html\" target=\"_blank\" rel=\" noreferrer noopener\"><img loading=\"lazy\" decoding=\"async\" width=\"404\" height=\"150\" src=\"http:\/\/www.polstersbuchwelten.de\/wp-content\/uploads\/2025\/11\/IMG_0990.jpeg\" alt=\"\" class=\"wp-image-103\" style=\"width:175px;height:auto\" srcset=\"https:\/\/www.polstersbuchwelten.de\/wp-content\/uploads\/2025\/11\/IMG_0990.jpeg 404w, https:\/\/www.polstersbuchwelten.de\/wp-content\/uploads\/2025\/11\/IMG_0990-300x111.jpeg 300w\" sizes=\"auto, (max-width: 404px) 100vw, 404px\" \/><\/a><\/figure>\n<\/div>\n<\/div>\n\n\n\n<p><\/p>\n","protected":false},"excerpt":{"rendered":"<p>In diesem Ratgeber gebe ich mein langj\u00e4hrig erworbenes und gesammeltes theoretisches und praktisches Wissen w\u00e4hrend meiner T\u00e4tigkeit als gew\u00e4hlte Hauptvertrauensperson der Menschen mit Behinderung (Hauptschwerbehinderten-vertretung) in einem Landesministerium in Sachsen-Anhalt sowie als als gew\u00e4hlte \u00f6rtliche Vertrauensperson f\u00fcr Menschen mit Behinderung in diesem Ministerium selbst in diesem kleinen Ratgeber weiter und hoffe dabei, dass meine Erfahrungen [&hellip;]<\/p>\n","protected":false},"author":1,"featured_media":0,"parent":0,"menu_order":0,"comment_status":"closed","ping_status":"closed","template":"","meta":{"footnotes":""},"class_list":["post-42","page","type-page","status-publish","hentry","entry"],"_links":{"self":[{"href":"https:\/\/www.polstersbuchwelten.de\/index.php\/wp-json\/wp\/v2\/pages\/42","targetHints":{"allow":["GET"]}}],"collection":[{"href":"https:\/\/www.polstersbuchwelten.de\/index.php\/wp-json\/wp\/v2\/pages"}],"about":[{"href":"https:\/\/www.polstersbuchwelten.de\/index.php\/wp-json\/wp\/v2\/types\/page"}],"author":[{"embeddable":true,"href":"https:\/\/www.polstersbuchwelten.de\/index.php\/wp-json\/wp\/v2\/users\/1"}],"replies":[{"embeddable":true,"href":"https:\/\/www.polstersbuchwelten.de\/index.php\/wp-json\/wp\/v2\/comments?post=42"}],"version-history":[{"count":6,"href":"https:\/\/www.polstersbuchwelten.de\/index.php\/wp-json\/wp\/v2\/pages\/42\/revisions"}],"predecessor-version":[{"id":141,"href":"https:\/\/www.polstersbuchwelten.de\/index.php\/wp-json\/wp\/v2\/pages\/42\/revisions\/141"}],"wp:attachment":[{"href":"https:\/\/www.polstersbuchwelten.de\/index.php\/wp-json\/wp\/v2\/media?parent=42"}],"curies":[{"name":"wp","href":"https:\/\/api.w.org\/{rel}","templated":true}]}}