{"id":40,"date":"2025-11-27T20:47:02","date_gmt":"2025-11-27T19:47:02","guid":{"rendered":"http:\/\/www.polstersbuchwelten.de\/?page_id=40"},"modified":"2026-04-15T18:39:18","modified_gmt":"2026-04-15T16:39:18","slug":"sachbuecher","status":"publish","type":"page","link":"https:\/\/www.polstersbuchwelten.de\/index.php\/sachbuecher\/","title":{"rendered":"Sachb\u00fccher"},"content":{"rendered":"\n<div class=\"wp-block-columns is-layout-flex wp-container-core-columns-is-layout-9d6595d7 wp-block-columns-is-layout-flex\">\n<div class=\"wp-block-column is-layout-flow wp-block-column-is-layout-flow\">\n<figure class=\"wp-block-image size-large\"><img loading=\"lazy\" decoding=\"async\" width=\"643\" height=\"1024\" src=\"http:\/\/www.polstersbuchwelten.de\/wp-content\/uploads\/2025\/11\/Bild-2-643x1024.jpeg\" alt=\"\" class=\"wp-image-89\" srcset=\"https:\/\/www.polstersbuchwelten.de\/wp-content\/uploads\/2025\/11\/Bild-2-643x1024.jpeg 643w, https:\/\/www.polstersbuchwelten.de\/wp-content\/uploads\/2025\/11\/Bild-2-188x300.jpeg 188w, https:\/\/www.polstersbuchwelten.de\/wp-content\/uploads\/2025\/11\/Bild-2-768x1223.jpeg 768w, https:\/\/www.polstersbuchwelten.de\/wp-content\/uploads\/2025\/11\/Bild-2-964x1536.jpeg 964w, https:\/\/www.polstersbuchwelten.de\/wp-content\/uploads\/2025\/11\/Bild-2-1286x2048.jpeg 1286w, https:\/\/www.polstersbuchwelten.de\/wp-content\/uploads\/2025\/11\/Bild-2.jpeg 1594w\" sizes=\"auto, (max-width: 643px) 100vw, 643px\" \/><\/figure>\n<\/div>\n\n\n\n<div class=\"wp-block-column is-layout-flow wp-block-column-is-layout-flow\">\n<h4 class=\"wp-block-heading has-text-align-center\">Als ich begann, mich mit der Figur des Judas Iskariot zu besch\u00e4ftigen, hatte ich zun\u00e4chst eine klare Vorstellung von ihm. Er war der Verr\u00e4ter, der Jesus mit einem Kuss an seine Verfolger auslieferte, eine der verhasstesten. Doch je mehr ich mich mit seiner Geschichte auseinandersetzte, desto mehr begann ich, die Widerspr\u00fcche und Schattierungen in diesem Mann zu sehen und gleichzeitig auch in meiner Person selbst, wie auch in jeder weiteren. Ich besch\u00e4ftigt mich in diesem Buch mit Judas selbst, mit der Psychologie des Verrats, des Betrugs und der L\u00fcge, dem daraus folgendem inneren Konflikt und des Gruppenzwangs im gesamten geschichtlichem Figuren der biblischen Erz\u00e4hlung. Person. Kontext bis in die heutige Zeit. Dabei stellten sich mir die Fragen: Ist Judas wirklich hinterlistig? und Ist in jedem Mensch ein Judas?<\/h4>\n<\/div>\n\n\n\n<div class=\"wp-block-column is-layout-flow wp-block-column-is-layout-flow\">\n<div class=\"wp-block-columns is-layout-flex wp-container-core-columns-is-layout-9d6595d7 wp-block-columns-is-layout-flex\">\n<div class=\"wp-block-column is-layout-flow wp-block-column-is-layout-flow\" style=\"flex-basis:100%\">\n<figure class=\"wp-block-gallery has-nested-images columns-default is-cropped wp-block-gallery-1 is-layout-flex wp-block-gallery-is-layout-flex\">\n<figure class=\"wp-block-image size-full\"><a href=\"https:\/\/buchshop.bod.de\/der-judas-effekt-der-verrat-durch-die-jahrhunderte-und-seine-auswirkungen-in-unserem-leben-joerg-polster-9783759712806\" target=\"_blank\" rel=\" noreferrer noopener\"><img loading=\"lazy\" decoding=\"async\" width=\"197\" height=\"32\" data-id=\"84\" src=\"https:\/\/www.polstersbuchwelten.de\/wp-content\/uploads\/2025\/11\/Bild-1.jpeg\" alt=\"\" class=\"wp-image-84\"\/><\/a><\/figure>\n<\/figure>\n\n\n\n<figure class=\"wp-block-image size-full is-resized\"><a href=\"https:\/\/www.thalia.de\/shop\/home\/artikeldetails\/A1074275407\" target=\"_blank\" rel=\" noreferrer noopener\"><img loading=\"lazy\" decoding=\"async\" width=\"500\" height=\"159\" src=\"http:\/\/www.polstersbuchwelten.de\/wp-content\/uploads\/2025\/11\/IMG_0989.jpeg\" alt=\"\" class=\"wp-image-104\" style=\"width:182px;height:auto\" srcset=\"https:\/\/www.polstersbuchwelten.de\/wp-content\/uploads\/2025\/11\/IMG_0989.jpeg 500w, https:\/\/www.polstersbuchwelten.de\/wp-content\/uploads\/2025\/11\/IMG_0989-300x95.jpeg 300w\" sizes=\"auto, (max-width: 500px) 100vw, 500px\" \/><\/a><\/figure>\n\n\n\n<figure class=\"wp-block-image size-full is-resized\"><a href=\"https:\/\/www.amazon.de\/Judas-Effekt-Jahrhunderte-Auswirkungen-Historische-laienpsychologische\/dp\/3759712800\/ref=sr_1_8?__mk_de_DE=\u00c5M\u00c5\u017d\u00d5\u00d1&amp;crid=29UWTE9WBPK2D&amp;dib=eyJ2IjoiMSJ9.XrlKY70N2cOwUcgNQhvCfgtr_GL3YWkTd-lxpyP3Iag-ZG8985-JPg8Birx-9AdLrZv-rg0FKZY_DiLbiW-rByl5ZtTTQP5wyV_-rtIdb0mL-otN9JUscqCf4shC12Uw4EMYTbJmLjAdVeq3vx3cty9GsWCwWacLQIa-oeve6xU2AeZ06U1ZcCr5JP7-5gv7vAIU1EFjkklfQQjhnLC3dKptElXiFM-9DUKiPyeg5ww.kvji1-GZxgfh2OfRxVjzsCwuLNd45PzW7Eqk1PglhU4&amp;dib_tag=se&amp;keywords=j\u00f6rg+polster&amp;qid=1764364655&amp;sprefix=j\u00f6rg+polster%2Caps%2C93&amp;sr=8-8\" target=\"_blank\" rel=\" noreferrer noopener\"><img loading=\"lazy\" decoding=\"async\" width=\"280\" height=\"120\" src=\"http:\/\/www.polstersbuchwelten.de\/wp-content\/uploads\/2025\/11\/IMG_0988.jpeg\" alt=\"\" class=\"wp-image-105\" style=\"width:179px;height:auto\"\/><\/a><\/figure>\n<\/div>\n\n\n\n<div class=\"wp-block-column is-layout-flow wp-block-column-is-layout-flow\"><\/div>\n<\/div>\n\n\n\n<figure class=\"wp-block-image size-full is-resized\"><a href=\"https:\/\/www.buecher.de\/artikel\/buch\/der-judas-effekt-der-verrat-durch-die-jahrhunderte-und-seine-auswirkungen-in-unserem-leben\/73191906\/\" target=\"_blank\" rel=\" noreferrer noopener\"><img loading=\"lazy\" decoding=\"async\" width=\"411\" height=\"128\" src=\"http:\/\/www.polstersbuchwelten.de\/wp-content\/uploads\/2025\/11\/IMG_0991.jpeg\" alt=\"\" class=\"wp-image-106\" style=\"width:195px;height:auto\" srcset=\"https:\/\/www.polstersbuchwelten.de\/wp-content\/uploads\/2025\/11\/IMG_0991.jpeg 411w, https:\/\/www.polstersbuchwelten.de\/wp-content\/uploads\/2025\/11\/IMG_0991-300x93.jpeg 300w\" sizes=\"auto, (max-width: 411px) 100vw, 411px\" \/><\/a><\/figure>\n\n\n\n<figure class=\"wp-block-image size-full is-resized\"><a href=\"https:\/\/www.hugendubel.de\/de\/buch_kartoniert\/joerg_polster-der_judas_effekt_der_verrat_durch_die_jahrhunderte_und_seine_auswirkungen_in_unserem_leben-49928953-produkt-details.html\" target=\"_blank\" rel=\" noreferrer noopener\"><img loading=\"lazy\" decoding=\"async\" width=\"404\" height=\"150\" src=\"http:\/\/www.polstersbuchwelten.de\/wp-content\/uploads\/2025\/11\/IMG_0990.jpeg\" alt=\"\" class=\"wp-image-103\" style=\"width:187px;height:auto\" srcset=\"https:\/\/www.polstersbuchwelten.de\/wp-content\/uploads\/2025\/11\/IMG_0990.jpeg 404w, https:\/\/www.polstersbuchwelten.de\/wp-content\/uploads\/2025\/11\/IMG_0990-300x111.jpeg 300w\" sizes=\"auto, (max-width: 404px) 100vw, 404px\" \/><\/a><\/figure>\n<\/div>\n<\/div>\n\n\n\n<hr class=\"wp-block-separator alignfull has-alpha-channel-opacity\"\/>\n\n\n\n<div class=\"wp-block-columns is-layout-flex wp-container-core-columns-is-layout-9d6595d7 wp-block-columns-is-layout-flex\">\n<div class=\"wp-block-column is-layout-flow wp-block-column-is-layout-flow\" style=\"flex-basis:100%\">\n<div class=\"wp-block-group\"><div class=\"wp-block-group__inner-container is-layout-constrained wp-block-group-is-layout-constrained\">\n<div class=\"wp-block-columns are-vertically-aligned-top is-layout-flex wp-container-core-columns-is-layout-9d6595d7 wp-block-columns-is-layout-flex\">\n<div class=\"wp-block-column is-vertically-aligned-top is-layout-flow wp-block-column-is-layout-flow\">\n<h4 class=\"wp-block-heading has-text-align-center\">Nach meinem Buch \u00fcber Judas habe ich mich nun in meinem neuesten Werk mit unserer st\u00e4ndigem Suche nach einem S\u00fcndenbock befasst. Als ehemaliger &#8222;Mobbing-\u00dcberlebender&#8220; zeige ich die psychischen und menschlichen Grundlagen unserer Schuldzuweisungen bzw. Schuldweitergabe auf und analysiere fachgerecht und betrachtend menschlich unsere st\u00e4ndige Suche nach dem S\u00fcndenbock und der Schuldzuweisung im Allgemeinen und von Mobbing und der Kraft der Liebe im Besonderen.<\/h4>\n<\/div>\n\n\n\n<div class=\"wp-block-column is-vertically-aligned-top is-layout-flow wp-block-column-is-layout-flow\">\n<figure class=\"wp-block-image size-large\"><img loading=\"lazy\" decoding=\"async\" width=\"643\" height=\"1024\" src=\"http:\/\/www.polstersbuchwelten.de\/wp-content\/uploads\/2025\/11\/Bild-3-643x1024.jpeg\" alt=\"\" class=\"wp-image-88\" srcset=\"https:\/\/www.polstersbuchwelten.de\/wp-content\/uploads\/2025\/11\/Bild-3-643x1024.jpeg 643w, https:\/\/www.polstersbuchwelten.de\/wp-content\/uploads\/2025\/11\/Bild-3-188x300.jpeg 188w, https:\/\/www.polstersbuchwelten.de\/wp-content\/uploads\/2025\/11\/Bild-3-768x1223.jpeg 768w, https:\/\/www.polstersbuchwelten.de\/wp-content\/uploads\/2025\/11\/Bild-3-964x1536.jpeg 964w, https:\/\/www.polstersbuchwelten.de\/wp-content\/uploads\/2025\/11\/Bild-3-1286x2048.jpeg 1286w, https:\/\/www.polstersbuchwelten.de\/wp-content\/uploads\/2025\/11\/Bild-3.jpeg 1594w\" sizes=\"auto, (max-width: 643px) 100vw, 643px\" \/><\/figure>\n<\/div>\n\n\n\n<div class=\"wp-block-column is-vertically-aligned-top is-layout-flow wp-block-column-is-layout-flow\">\n<figure class=\"wp-block-image size-full\"><a href=\"https:\/\/buchshop.bod.de\/die-suche-nach-dem-suendenbock-soziale-normen-mobbing-liebe-und-ihre-auswirkungen-joerg-polster-9783819295751\" target=\"_blank\" rel=\" noreferrer noopener\"><img loading=\"lazy\" decoding=\"async\" width=\"197\" height=\"32\" src=\"http:\/\/www.polstersbuchwelten.de\/wp-content\/uploads\/2025\/11\/Bild-1.jpeg\" alt=\"\" class=\"wp-image-84\"\/><\/a><\/figure>\n\n\n\n<figure class=\"wp-block-image size-full is-resized\"><a href=\"https:\/\/www.thalia.de\/shop\/home\/artikeldetails\/A1075107746\" target=\"_blank\" rel=\" noreferrer noopener\"><img loading=\"lazy\" decoding=\"async\" width=\"500\" height=\"159\" src=\"http:\/\/www.polstersbuchwelten.de\/wp-content\/uploads\/2025\/11\/IMG_0989.jpeg\" alt=\"\" class=\"wp-image-104\" style=\"width:189px;height:auto\" srcset=\"https:\/\/www.polstersbuchwelten.de\/wp-content\/uploads\/2025\/11\/IMG_0989.jpeg 500w, https:\/\/www.polstersbuchwelten.de\/wp-content\/uploads\/2025\/11\/IMG_0989-300x95.jpeg 300w\" sizes=\"auto, (max-width: 500px) 100vw, 500px\" \/><\/a><\/figure>\n\n\n\n<figure class=\"wp-block-image size-full is-resized\"><a href=\"https:\/\/www.amazon.de\/Die-Suche-nach-dem-S\u00fcndenbock\/dp\/3819295755\/ref=sr_1_17?__mk_de_DE=\u00c5M\u00c5\u017d\u00d5\u00d1&amp;crid=29UWTE9WBPK2D&amp;dib=eyJ2IjoiMSJ9.5704LT9bPKtH2BIyRJ1b7qQSH0dayDd6jT0TQY7oN69wWvK3La5e9GMdtdOZ-TZIIXymya8A97wn1JjQpuMyKrRgdnXMHoWXKD_VsAHXsk0H3BwPoVGN-bFTosmWsxwyxToArh_JOOrPc8Mm88WW_NKkNxmU77yVxciELnNCoefdLC_l1bhr6CB3NEqcruT-2rAsveWw7az4FKz8noAFqA.9M2pfZ244-dQzZMYzL1Vn-DP9_c05CBtU0Mw0Bd8cxc&amp;dib_tag=se&amp;keywords=j\u00f6rg+polster&amp;qid=1764366501&amp;sprefix=j\u00f6rg+polster%2Caps%2C93&amp;sr=8-17&amp;xpid=9gTgznBP9jxTZ\" target=\"_blank\" rel=\" noreferrer noopener\"><img loading=\"lazy\" decoding=\"async\" width=\"280\" height=\"120\" src=\"http:\/\/www.polstersbuchwelten.de\/wp-content\/uploads\/2025\/11\/IMG_0988.jpeg\" alt=\"\" class=\"wp-image-105\" style=\"width:174px;height:auto\"\/><\/a><\/figure>\n\n\n\n<figure class=\"wp-block-image size-full is-resized\"><a href=\"https:\/\/www.buecher.de\/artikel\/buch\/die-suche-nach-dem-suendenbock-soziale-normen-mobbing-liebe-und-ihre-auswirkungen\/73788593\/\" target=\"_blank\" rel=\" noreferrer noopener\"><img loading=\"lazy\" decoding=\"async\" width=\"411\" height=\"128\" src=\"http:\/\/www.polstersbuchwelten.de\/wp-content\/uploads\/2025\/11\/IMG_0991.jpeg\" alt=\"\" class=\"wp-image-106\" style=\"width:178px;height:auto\" srcset=\"https:\/\/www.polstersbuchwelten.de\/wp-content\/uploads\/2025\/11\/IMG_0991.jpeg 411w, https:\/\/www.polstersbuchwelten.de\/wp-content\/uploads\/2025\/11\/IMG_0991-300x93.jpeg 300w\" sizes=\"auto, (max-width: 411px) 100vw, 411px\" \/><\/a><\/figure>\n\n\n\n<figure class=\"wp-block-image size-full is-resized\"><a href=\"https:\/\/www.hugendubel.de\/de\/buch_kartoniert\/joerg_polster-die_suche_nach_dem_suendenbock_soziale_normen_mobbing_liebe_und_ihre_auswirkungen-50333888-produkt-details.html\" target=\"_blank\" rel=\" noreferrer noopener\"><img loading=\"lazy\" decoding=\"async\" width=\"404\" height=\"150\" src=\"http:\/\/www.polstersbuchwelten.de\/wp-content\/uploads\/2025\/11\/IMG_0990.jpeg\" alt=\"\" class=\"wp-image-103\" style=\"width:184px;height:auto\" srcset=\"https:\/\/www.polstersbuchwelten.de\/wp-content\/uploads\/2025\/11\/IMG_0990.jpeg 404w, https:\/\/www.polstersbuchwelten.de\/wp-content\/uploads\/2025\/11\/IMG_0990-300x111.jpeg 300w\" sizes=\"auto, (max-width: 404px) 100vw, 404px\" \/><\/a><figcaption class=\"wp-element-caption\"><br><\/figcaption><\/figure>\n<\/div>\n<\/div>\n<\/div><\/div>\n<\/div>\n<\/div>\n\n\n\n<hr class=\"wp-block-separator alignfull has-alpha-channel-opacity\"\/>\n\n\n\n<div class=\"wp-block-columns is-layout-flex wp-container-core-columns-is-layout-9d6595d7 wp-block-columns-is-layout-flex\">\n<div class=\"wp-block-column is-layout-flow wp-block-column-is-layout-flow\">\n<figure class=\"wp-block-image size-large\"><img loading=\"lazy\" decoding=\"async\" width=\"643\" height=\"1024\" src=\"http:\/\/www.polstersbuchwelten.de\/wp-content\/uploads\/2025\/11\/Bild-4-643x1024.jpeg\" alt=\"\" class=\"wp-image-87\" srcset=\"https:\/\/www.polstersbuchwelten.de\/wp-content\/uploads\/2025\/11\/Bild-4-643x1024.jpeg 643w, https:\/\/www.polstersbuchwelten.de\/wp-content\/uploads\/2025\/11\/Bild-4-188x300.jpeg 188w, https:\/\/www.polstersbuchwelten.de\/wp-content\/uploads\/2025\/11\/Bild-4-768x1223.jpeg 768w, https:\/\/www.polstersbuchwelten.de\/wp-content\/uploads\/2025\/11\/Bild-4-964x1536.jpeg 964w, https:\/\/www.polstersbuchwelten.de\/wp-content\/uploads\/2025\/11\/Bild-4-1286x2048.jpeg 1286w, https:\/\/www.polstersbuchwelten.de\/wp-content\/uploads\/2025\/11\/Bild-4.jpeg 1594w\" sizes=\"auto, (max-width: 643px) 100vw, 643px\" \/><\/figure>\n<\/div>\n\n\n\n<div class=\"wp-block-column is-layout-flow wp-block-column-is-layout-flow\">\n<h4 class=\"wp-block-heading has-text-align-center\">In diesem Buch werfe ich einen kritischen Blick auf die Umsetzung der Inklusion und Barrierefreiheit in Deutschland aus meiner Sicht, die ich \u00fcber jahrelange ehrenamtliche Arbeit f\u00fcr die Inklusion und f\u00fcr Menschen mit Behinderung erworben habe. Ebenso besch\u00e4ftige ich mich in dem Buch mit Ableismus und Partizipation. ich sch\u00f6pfe aus meiner aktiven ehrenamtlichen Arbeit f\u00fcr den Allgemeinen Behindertenverband Sachsen &#8211; Anhalt sowie als Pressesprecher f\u00fcr den dazugeh\u00f6rigen Bundesverband, dem Allgemeinen Behindertenverband in Deutschland, als Mitglied im Landesbehindertenbeirat und mehreren dazugeh\u00f6rigen Arbeitsgruppen, als Mitglied im Sozialrat Deutschland und als Mitglied bei der LIGA der politischen Interessen- und Selbstvertretung von Menschen mit Behinderungen in Sachsen-Anhalt e.V.. ich bin ebenso als zertifizierter Barriere-Scout unterwegs und bringe mein Wissen als Mitglied des Expertenbeirates der Landesfachstelle f\u00fcr Barrierefreiheit ein. Alle die dabei gemachten Erfahrungen f\u00fchrten mich dazu, diesen kritischen Blick zu ver\u00f6ffentlichen und dabei auch Vorschl\u00e4ge und Denkanst\u00f6\u00dfe aus meiner Sichtweise zu liefern.<\/h4>\n<\/div>\n\n\n\n<div class=\"wp-block-column is-layout-flow wp-block-column-is-layout-flow\">\n<figure class=\"wp-block-image size-full\"><a href=\"https:\/\/buchshop.bod.de\/wie-inklusiv-ist-deutschlando-joerg-polster-9783769315394\" target=\"_blank\" rel=\" noreferrer noopener\"><img loading=\"lazy\" decoding=\"async\" width=\"197\" height=\"32\" src=\"http:\/\/www.polstersbuchwelten.de\/wp-content\/uploads\/2025\/11\/Bild-1.jpeg\" alt=\"\" class=\"wp-image-84\"\/><\/a><\/figure>\n\n\n\n<figure class=\"wp-block-image size-full is-resized\"><a href=\"https:\/\/www.thalia.de\/shop\/home\/artikeldetails\/A1073634126\" target=\"_blank\" rel=\" noreferrer noopener\"><img loading=\"lazy\" decoding=\"async\" width=\"500\" height=\"159\" src=\"http:\/\/www.polstersbuchwelten.de\/wp-content\/uploads\/2025\/11\/IMG_0989.jpeg\" alt=\"\" class=\"wp-image-104\" style=\"width:189px;height:auto\" srcset=\"https:\/\/www.polstersbuchwelten.de\/wp-content\/uploads\/2025\/11\/IMG_0989.jpeg 500w, https:\/\/www.polstersbuchwelten.de\/wp-content\/uploads\/2025\/11\/IMG_0989-300x95.jpeg 300w\" sizes=\"auto, (max-width: 500px) 100vw, 500px\" \/><\/a><\/figure>\n\n\n\n<figure class=\"wp-block-image size-full is-resized\"><a href=\"https:\/\/www.amazon.de\/Wie-inklusiv-ist-Deutschland-kritischer\/dp\/3769315391\/ref=sr_1_11?__mk_de_DE=\u00c5M\u00c5\u017d\u00d5\u00d1&amp;crid=29UWTE9WBPK2D&amp;dib=eyJ2IjoiMSJ9.XrlKY70N2cOwUcgNQhvCfgtr_GL3YWkTd-lxpyP3Iag-ZG8985-JPg8Birx-9AdLrZv-rg0FKZY_DiLbiW-rByl5ZtTTQP5wyV_-rtIdb0mL-otN9JUscqCf4shC12Uw4EMYTbJmLjAdVeq3vx3cty9GsWCwWacLQIa-oeve6xU2AeZ06U1ZcCr5JP7-5gv7vAIU1EFjkklfQQjhnLC3dKptElXiFM-9DUKiPyeg5ww.kvji1-GZxgfh2OfRxVjzsCwuLNd45PzW7Eqk1PglhU4&amp;dib_tag=se&amp;keywords=j\u00f6rg+polster&amp;qid=1764366657&amp;sprefix=j\u00f6rg+polster%2Caps%2C93&amp;sr=8-11\" target=\"_blank\" rel=\" noreferrer noopener\"><img loading=\"lazy\" decoding=\"async\" width=\"280\" height=\"120\" src=\"http:\/\/www.polstersbuchwelten.de\/wp-content\/uploads\/2025\/11\/IMG_0988.jpeg\" alt=\"\" class=\"wp-image-105\" style=\"width:174px;height:auto\"\/><\/a><\/figure>\n\n\n\n<figure class=\"wp-block-image size-full is-resized\"><a href=\"https:\/\/www.buecher.de\/artikel\/buch\/wie-inklusiv-ist-deutschland\/72197134\/\" target=\"_blank\" rel=\" noreferrer noopener\"><img loading=\"lazy\" decoding=\"async\" width=\"411\" height=\"128\" src=\"http:\/\/www.polstersbuchwelten.de\/wp-content\/uploads\/2025\/11\/IMG_0991.jpeg\" alt=\"\" class=\"wp-image-106\" style=\"width:178px;height:auto\" srcset=\"https:\/\/www.polstersbuchwelten.de\/wp-content\/uploads\/2025\/11\/IMG_0991.jpeg 411w, https:\/\/www.polstersbuchwelten.de\/wp-content\/uploads\/2025\/11\/IMG_0991-300x93.jpeg 300w\" sizes=\"auto, (max-width: 411px) 100vw, 411px\" \/><\/a><\/figure>\n\n\n\n<figure class=\"wp-block-image size-full is-resized\"><a href=\"https:\/\/www.hugendubel.de\/de\/buch_kartoniert\/joerg_polster-wie_inklusiv_ist_deutschland_-49471108-produkt-details.html\" target=\"_blank\" rel=\" noreferrer noopener\"><img loading=\"lazy\" decoding=\"async\" width=\"404\" height=\"150\" src=\"http:\/\/www.polstersbuchwelten.de\/wp-content\/uploads\/2025\/11\/IMG_0990.jpeg\" alt=\"\" class=\"wp-image-103\" style=\"width:184px;height:auto\" srcset=\"https:\/\/www.polstersbuchwelten.de\/wp-content\/uploads\/2025\/11\/IMG_0990.jpeg 404w, https:\/\/www.polstersbuchwelten.de\/wp-content\/uploads\/2025\/11\/IMG_0990-300x111.jpeg 300w\" sizes=\"auto, (max-width: 404px) 100vw, 404px\" \/><\/a><figcaption class=\"wp-element-caption\"><br><\/figcaption><\/figure>\n<\/div>\n<\/div>\n\n\n\n<hr class=\"wp-block-separator alignfull has-alpha-channel-opacity\"\/>\n\n\n\n<div class=\"wp-block-columns is-layout-flex wp-container-core-columns-is-layout-9d6595d7 wp-block-columns-is-layout-flex\">\n<div class=\"wp-block-column is-layout-flow wp-block-column-is-layout-flow\">\n<h4 class=\"wp-block-heading has-text-align-center\">Was bedeutet es, mit einer Behinderung alt zu werden &#8211; in einem Sozialstaat, der Teilhabe verspricht, aber oft an Systemgrenzen scheitert?<br><br>Wenn Pflege dazukommt, Assistenz neu bewertet wird, Ersparnisse angerechnet werden und barrierefreier Wohnraum fehlt, wird aus einer abstrakten Reformdebatte schnell eine existenzielle Frage. Dieses Buch analysiert umfassend die rechtlichen, sozialen und politischen Herausforderungen des Alterns mit Behinderung &#8211; fundiert, verst\u00e4ndlich und praxisnah.<br><br>Es erkl\u00e4rt Pflege- und Teilhaberecht, Grundsicherung und Verm\u00f6gensanrechnung, beleuchtet Altersarmut und Wohnraumsituation und zeigt Schritt f\u00fcr Schritt, wie Widerspruchs- und Klageverfahren funktionieren. Zugleich verbindet es juristische Tiefensch\u00e4rfe mit realen Lebensgeschichten und einem klaren politischen Anspruch.<br><br>Denn es geht nicht nur um Paragrafen.<br>Es geht um W\u00fcrde.<br>Es geht um Lebensleistung.<br>Und es geht um die Frage, wie inklusiv unsere Gesellschaft wirklich ist.<br><br>J\u00f6rg Polster schreibt aus langj\u00e4hriger Erfahrung als Schwerbehindertenvertretung und Hauptschwerbehindertenvertretung eines Ministeriums in Sachsen-Anhalt sowie als Vorstandsmitglied und Pressesprecher des Allgemeinen Behindertenverbandes in Sachsen-Anhalt e. V. (ABiSA) und des Allgemeinen Behindertenverbandes in Deutschland e. V. (ABiD) und vielen anderen Ehren\u00e4mtern. Auf seiner Webseite, die er als Inkluencer betreibt, gibt er Ratschl\u00e4ge, Hinweise und Aufkl\u00e4rung. Seine Perspektive verbindet somit Praxis, Politik und pers\u00f6nliche \u00dcberzeugung.<br><br>Ein Fachbuch f\u00fcr Verwaltung und Politik.<br>Ein Leitfaden f\u00fcr Betroffene und Angeh\u00f6rige.<br>Ein engagiertes Pl\u00e4doyer f\u00fcr ein inklusives Altern.<\/h4>\n<\/div>\n\n\n\n<div class=\"wp-block-column is-layout-flow wp-block-column-is-layout-flow\">\n<figure class=\"wp-block-image size-large\"><img loading=\"lazy\" decoding=\"async\" width=\"683\" height=\"1024\" src=\"https:\/\/www.polstersbuchwelten.de\/wp-content\/uploads\/2026\/03\/Bild-683x1024.png\" alt=\"\" class=\"wp-image-298\" srcset=\"https:\/\/www.polstersbuchwelten.de\/wp-content\/uploads\/2026\/03\/Bild-683x1024.png 683w, https:\/\/www.polstersbuchwelten.de\/wp-content\/uploads\/2026\/03\/Bild-200x300.png 200w, https:\/\/www.polstersbuchwelten.de\/wp-content\/uploads\/2026\/03\/Bild-768x1152.png 768w, https:\/\/www.polstersbuchwelten.de\/wp-content\/uploads\/2026\/03\/Bild.png 1024w\" sizes=\"auto, (max-width: 683px) 100vw, 683px\" \/><\/figure>\n<\/div>\n\n\n\n<div class=\"wp-block-column is-layout-flow wp-block-column-is-layout-flow\">\n<figure class=\"wp-block-image size-full\"><a href=\"https:\/\/buchshop.bod.de\/in-wuerde-aelter-werden-mit-behinderung-joerg-polster-9783695732067\" target=\"_blank\" rel=\" noreferrer noopener\"><img loading=\"lazy\" decoding=\"async\" width=\"197\" height=\"32\" src=\"http:\/\/www.polstersbuchwelten.de\/wp-content\/uploads\/2025\/11\/Bild-1.jpeg\" alt=\"\" class=\"wp-image-84\"\/><\/a><\/figure>\n\n\n\n<figure class=\"wp-block-image size-full is-resized\"><a href=\"https:\/\/www.thalia.de\/shop\/home\/artikeldetails\/A1078484083\" target=\"_blank\" rel=\" noreferrer noopener\"><img loading=\"lazy\" decoding=\"async\" width=\"500\" height=\"159\" src=\"http:\/\/www.polstersbuchwelten.de\/wp-content\/uploads\/2025\/11\/IMG_0989.jpeg\" alt=\"\" class=\"wp-image-104\" style=\"width:189px;height:auto\" srcset=\"https:\/\/www.polstersbuchwelten.de\/wp-content\/uploads\/2025\/11\/IMG_0989.jpeg 500w, https:\/\/www.polstersbuchwelten.de\/wp-content\/uploads\/2025\/11\/IMG_0989-300x95.jpeg 300w\" sizes=\"auto, (max-width: 500px) 100vw, 500px\" \/><\/a><\/figure>\n\n\n\n<figure class=\"wp-block-image size-full is-resized\"><a href=\"https:\/\/www.amazon.de\/dp\/3695732067\/ref=sr_1_4?__mk_de_DE=\u00c5M\u00c5\u017d\u00d5\u00d1&amp;crid=1WINS3BOKTS01&amp;dib=eyJ2IjoiMSJ9.KFDuHx2_CgA8ObJJte60-gnP8CP-KZ6_H7zCefR7QG8oxq9hOTMmK4666_BUMHpST3MnFmoZbKcwwrAmw2sEb2uAUguhVmMQppLNjMmooXrg9Md9TB-hUekxg0qhAsMrXOQ5kh6e-WMVsyegnHZo7aaZ0UZUb_aqGF122JfIeWj4iMiJ_7LoNrQsGjI88K825hg6coJOhbO4k-B1FIF7nbTrJWQJ99_do_Ag-0Elwq0.4FKyBvhFKINjjdC4oKtR2Hv1ghGl71EVpDwxCOLgzQI&amp;dib_tag=se&amp;keywords=In+w\u00fcrde+\u00e4lter&amp;qid=1772805925&amp;sprefix=in+w\u00fcrde+\u00e4lter%2Caps%2C176&amp;sr=8-4\" target=\"_blank\" rel=\" noreferrer noopener\"><img loading=\"lazy\" decoding=\"async\" width=\"280\" height=\"120\" src=\"http:\/\/www.polstersbuchwelten.de\/wp-content\/uploads\/2025\/11\/IMG_0988.jpeg\" alt=\"\" class=\"wp-image-105\" style=\"width:174px;height:auto\"\/><\/a><\/figure>\n\n\n\n<figure class=\"wp-block-image size-full is-resized\"><a href=\"https:\/\/www.buecher.de\/shop\/home\/artikeldetails\/A1078484083\" target=\"_blank\" rel=\" noreferrer noopener\"><img loading=\"lazy\" decoding=\"async\" width=\"411\" height=\"128\" src=\"http:\/\/www.polstersbuchwelten.de\/wp-content\/uploads\/2025\/11\/IMG_0991.jpeg\" alt=\"\" class=\"wp-image-106\" style=\"width:178px;height:auto\" srcset=\"https:\/\/www.polstersbuchwelten.de\/wp-content\/uploads\/2025\/11\/IMG_0991.jpeg 411w, https:\/\/www.polstersbuchwelten.de\/wp-content\/uploads\/2025\/11\/IMG_0991-300x93.jpeg 300w\" sizes=\"auto, (max-width: 411px) 100vw, 411px\" \/><\/a><\/figure>\n\n\n\n<figure class=\"wp-block-image size-full is-resized\"><a href=\"https:\/\/www.hugendubel.de\/de\/taschenbuch\/joerg_polster-in_wuerde_aelter_werden_mit_behinderung-52704110-produkt-details.html\" target=\"_blank\" rel=\" noreferrer noopener\"><img loading=\"lazy\" decoding=\"async\" width=\"404\" height=\"150\" src=\"http:\/\/www.polstersbuchwelten.de\/wp-content\/uploads\/2025\/11\/IMG_0990.jpeg\" alt=\"\" class=\"wp-image-103\" style=\"width:184px;height:auto\" srcset=\"https:\/\/www.polstersbuchwelten.de\/wp-content\/uploads\/2025\/11\/IMG_0990.jpeg 404w, https:\/\/www.polstersbuchwelten.de\/wp-content\/uploads\/2025\/11\/IMG_0990-300x111.jpeg 300w\" sizes=\"auto, (max-width: 404px) 100vw, 404px\" \/><\/a><figcaption class=\"wp-element-caption\"><br><\/figcaption><\/figure>\n<\/div>\n<\/div>\n\n\n\n<hr class=\"wp-block-separator alignfull has-alpha-channel-opacity\"\/>\n\n\n\n<div class=\"wp-block-columns is-layout-flex wp-container-core-columns-is-layout-9d6595d7 wp-block-columns-is-layout-flex\">\n<div class=\"wp-block-column is-layout-flow wp-block-column-is-layout-flow\">\n<figure class=\"wp-block-image size-large\"><img loading=\"lazy\" decoding=\"async\" width=\"643\" height=\"1024\" src=\"https:\/\/www.polstersbuchwelten.de\/wp-content\/uploads\/2026\/03\/IMG_1512-643x1024.jpeg\" alt=\"\" class=\"wp-image-314\" srcset=\"https:\/\/www.polstersbuchwelten.de\/wp-content\/uploads\/2026\/03\/IMG_1512-643x1024.jpeg 643w, https:\/\/www.polstersbuchwelten.de\/wp-content\/uploads\/2026\/03\/IMG_1512-188x300.jpeg 188w, https:\/\/www.polstersbuchwelten.de\/wp-content\/uploads\/2026\/03\/IMG_1512-768x1223.jpeg 768w, https:\/\/www.polstersbuchwelten.de\/wp-content\/uploads\/2026\/03\/IMG_1512-964x1536.jpeg 964w, https:\/\/www.polstersbuchwelten.de\/wp-content\/uploads\/2026\/03\/IMG_1512-1286x2048.jpeg 1286w, https:\/\/www.polstersbuchwelten.de\/wp-content\/uploads\/2026\/03\/IMG_1512.jpeg 1594w\" sizes=\"auto, (max-width: 643px) 100vw, 643px\" \/><\/figure>\n<\/div>\n\n\n\n<div class=\"wp-block-column is-layout-flow wp-block-column-is-layout-flow\">\n<h4 class=\"wp-block-heading has-text-align-center\">Inklusion ist in Deutschland l\u00e4ngst ein politisches Versprechen. Sie steht in Gesetzen, Programmen und Sonntagsreden. Doch wer genauer hinsieht, entdeckt im Alltag noch immer viele Barrieren &#8211; in Geb\u00e4uden, in digitalen Systemen, in Strukturen und manchmal auch in unseren K\u00f6pfen. Dieses Buch l\u00e4dt dazu ein, genauer hinzusehen. J\u00f6rg Polster verbindet in seiner Analyse gesellschaftliche Beobachtung mit pers\u00f6nlicher Erfahrung. Seit vielen Jahren engagiert er sich f\u00fcr die Rechte von Menschen mit Behinderungen &#8211; als Schwerbehindertenvertretung und Hauptschwerbehindertenvertreter in einem Ministerium, als Barrierescout, Inkluenzer sowie als aktives Mitglied in verschiedenen Gremien der Behindertenpolitik. Aus dieser Perspektive beschreibt er, warum Inklusion trotz vieler Fortschritte oft noch an Strukturen, Gewohnheiten und fehlender Barrierefreiheit scheitert. Gleichzeitig zeigt er, dass Ver\u00e4nderung m\u00f6glich ist &#8211; wenn wir bereit sind, genauer hinzusehen und unsere gesellschaftlichen Selbstverst\u00e4ndlichkeiten zu hinterfragen. &#8222;Inklusion ist kein Gefallen&#8220; ist ein nachdenkliches, kritisches und zugleich hoffnungsvolles Buch \u00fcber Teilhabe, Verantwortung und die Frage, wie eine Gesellschaft wirklich f\u00fcr alle zug\u00e4nglich werden kann.<\/h4>\n<\/div>\n\n\n\n<div class=\"wp-block-column is-layout-flow wp-block-column-is-layout-flow\">\n<figure class=\"wp-block-image size-full\"><a href=\"https:\/\/buchshop.bod.de\/inklusion-ist-kein-gefallen-joerg-polster-9783695717033\" target=\"_blank\" rel=\" noreferrer noopener\"><img loading=\"lazy\" decoding=\"async\" width=\"197\" height=\"32\" src=\"http:\/\/www.polstersbuchwelten.de\/wp-content\/uploads\/2025\/11\/Bild-1.jpeg\" alt=\"\" class=\"wp-image-84\"\/><\/a><\/figure>\n\n\n\n<figure class=\"wp-block-image size-full is-resized\"><a href=\"https:\/\/www.thalia.de\/shop\/home\/artikeldetails\/A1078514914\" target=\"_blank\" rel=\" noreferrer noopener\"><img loading=\"lazy\" decoding=\"async\" width=\"500\" height=\"159\" src=\"http:\/\/www.polstersbuchwelten.de\/wp-content\/uploads\/2025\/11\/IMG_0989.jpeg\" alt=\"\" class=\"wp-image-104\" style=\"width:189px;height:auto\" srcset=\"https:\/\/www.polstersbuchwelten.de\/wp-content\/uploads\/2025\/11\/IMG_0989.jpeg 500w, https:\/\/www.polstersbuchwelten.de\/wp-content\/uploads\/2025\/11\/IMG_0989-300x95.jpeg 300w\" sizes=\"auto, (max-width: 500px) 100vw, 500px\" \/><\/a><\/figure>\n\n\n\n<figure class=\"wp-block-image size-full is-resized\"><a href=\"https:\/\/www.amazon.de\/dp\/3695717033\/ref=sr_1_1?__mk_de_DE=\u00c5M\u00c5\u017d\u00d5\u00d1&amp;crid=3ESEJLF4B076K&amp;dib=eyJ2IjoiMSJ9.KWaFeGjcv0HMRlthPdQQUfXA3DSMY4fTcI0jU5yWTdAu3k7qZRbLkPtQHSo2RAlCrjGPCdZkOrmF_hY2MAlhX9MYQD9TAgLIFeW6oqQcxlU7SeBDZwF3zLsjFNFnMSkZzdc6_tbbrCo2V03raSlh1n9Ht3XlyZ01t2-MWIgarIysTwyZzJ111JUsx8Vp_yHPW_9n-jo3q4vcvwFXcOhB7lcUkr1Uxxm8pRg06ytt2WQ.-M9n-_tTMP3wWUUA5-ILlKEjfllNZse6Duzuj7f_Q_k&amp;dib_tag=se&amp;keywords=Inklusion+ist+kein+Gefallen&amp;qid=1773206899&amp;sprefix=inklusion+ist+kein+gefallen%2Caps%2C108&amp;sr=8-1\" target=\"_blank\" rel=\" noreferrer noopener\"><img loading=\"lazy\" decoding=\"async\" width=\"280\" height=\"120\" src=\"http:\/\/www.polstersbuchwelten.de\/wp-content\/uploads\/2025\/11\/IMG_0988.jpeg\" alt=\"\" class=\"wp-image-105\" style=\"width:174px;height:auto\"\/><\/a><\/figure>\n\n\n\n<figure class=\"wp-block-image size-full is-resized\"><a href=\"https:\/\/www.buecher.de\/shop\/home\/artikeldetails\/A1078514914\" target=\"_blank\" rel=\" noreferrer noopener\"><img loading=\"lazy\" decoding=\"async\" width=\"411\" height=\"128\" src=\"http:\/\/www.polstersbuchwelten.de\/wp-content\/uploads\/2025\/11\/IMG_0991.jpeg\" alt=\"\" class=\"wp-image-106\" style=\"width:178px;height:auto\" srcset=\"https:\/\/www.polstersbuchwelten.de\/wp-content\/uploads\/2025\/11\/IMG_0991.jpeg 411w, https:\/\/www.polstersbuchwelten.de\/wp-content\/uploads\/2025\/11\/IMG_0991-300x93.jpeg 300w\" sizes=\"auto, (max-width: 411px) 100vw, 411px\" \/><\/a><\/figure>\n\n\n\n<figure class=\"wp-block-image size-full is-resized\"><a href=\"https:\/\/www.hugendubel.de\/de\/taschenbuch\/joerg_polster-inklusion_ist_kein_gefallen-52720641-produkt-details.html\" target=\"_blank\" rel=\" noreferrer noopener\"><img loading=\"lazy\" decoding=\"async\" width=\"404\" height=\"150\" src=\"http:\/\/www.polstersbuchwelten.de\/wp-content\/uploads\/2025\/11\/IMG_0990.jpeg\" alt=\"\" class=\"wp-image-103\" style=\"width:184px;height:auto\" srcset=\"https:\/\/www.polstersbuchwelten.de\/wp-content\/uploads\/2025\/11\/IMG_0990.jpeg 404w, https:\/\/www.polstersbuchwelten.de\/wp-content\/uploads\/2025\/11\/IMG_0990-300x111.jpeg 300w\" sizes=\"auto, (max-width: 404px) 100vw, 404px\" \/><\/a><figcaption class=\"wp-element-caption\"><br><\/figcaption><\/figure>\n<\/div>\n<\/div>\n\n\n\n<hr class=\"wp-block-separator alignfull has-alpha-channel-opacity\"\/>\n\n\n\n<div class=\"wp-block-columns is-layout-flex wp-container-core-columns-is-layout-9d6595d7 wp-block-columns-is-layout-flex\">\n<div class=\"wp-block-column is-layout-flow wp-block-column-is-layout-flow\">\n<h4 class=\"wp-block-heading has-text-align-center\">Nach \u00fcber 25 Jahren in unterschiedlichen F\u00fchrungsrollen zeigt sich: Gute F\u00fchrung l\u00e4sst sich nicht auf Modelle oder Methoden reduzieren. Sie entsteht im t\u00e4glichen Umgang mit Menschen &#8211; in Gespr\u00e4chen, in Entscheidungen, in Konflikten und in der Art, Verantwortung zu tragen. Dieses Buch verbindet psychologische Erkenntnisse mit gelebter Praxis und beschreibt F\u00fchrung so, wie sie tats\u00e4chlich ist: komplex, widerspr\u00fcchlich und zutiefst menschlich. Es geht um Vertrauen, um Zuh\u00f6ren, um Haltung und um die F\u00e4higkeit, auch in unsicheren Situationen Orientierung zu geben, ohne einfache Antworten vorzut\u00e4uschen. Dabei wird deutlich, dass gute F\u00fchrung nicht immer belohnt wird und nicht immer sofort sichtbar ist &#8211; und dennoch eine Wirkung entfaltet, die weit \u00fcber den Moment hinausreicht. Ein ruhiges, ehrliches Buch \u00fcber F\u00fchrung &#8211; und \u00fcber das, was am Ende wirklich z\u00e4hlt: die Art, wie wir mit Menschen umgehen. <\/h4>\n<\/div>\n\n\n\n<div class=\"wp-block-column is-layout-flow wp-block-column-is-layout-flow\">\n<figure class=\"wp-block-image size-large\"><img loading=\"lazy\" decoding=\"async\" width=\"643\" height=\"1024\" src=\"https:\/\/www.polstersbuchwelten.de\/wp-content\/uploads\/2026\/04\/IMG_1534-643x1024.jpeg\" alt=\"\" class=\"wp-image-326\" srcset=\"https:\/\/www.polstersbuchwelten.de\/wp-content\/uploads\/2026\/04\/IMG_1534-643x1024.jpeg 643w, https:\/\/www.polstersbuchwelten.de\/wp-content\/uploads\/2026\/04\/IMG_1534-188x300.jpeg 188w, https:\/\/www.polstersbuchwelten.de\/wp-content\/uploads\/2026\/04\/IMG_1534-768x1223.jpeg 768w, https:\/\/www.polstersbuchwelten.de\/wp-content\/uploads\/2026\/04\/IMG_1534-964x1536.jpeg 964w, https:\/\/www.polstersbuchwelten.de\/wp-content\/uploads\/2026\/04\/IMG_1534-1286x2048.jpeg 1286w, https:\/\/www.polstersbuchwelten.de\/wp-content\/uploads\/2026\/04\/IMG_1534.jpeg 1594w\" sizes=\"auto, (max-width: 643px) 100vw, 643px\" \/><\/figure>\n<\/div>\n\n\n\n<div class=\"wp-block-column is-layout-flow wp-block-column-is-layout-flow\">\n<figure class=\"wp-block-image size-full\"><a href=\"https:\/\/buchshop.bod.de\/der-mensch-als-vorgesetzter-was-macht-gute-fuehrung-wirklich-auso-joerg-polster-9783695751785\" target=\"_blank\" rel=\" noreferrer noopener\"><img loading=\"lazy\" decoding=\"async\" width=\"197\" height=\"32\" src=\"http:\/\/www.polstersbuchwelten.de\/wp-content\/uploads\/2025\/11\/Bild-1.jpeg\" alt=\"\" class=\"wp-image-84\"\/><\/a><\/figure>\n\n\n\n<figure class=\"wp-block-image size-full is-resized\"><a href=\"https:\/\/www.thalia.de\/shop\/home\/artikeldetails\/A1078905447\" target=\"_blank\" rel=\" noreferrer noopener\"><img loading=\"lazy\" decoding=\"async\" width=\"500\" height=\"159\" src=\"http:\/\/www.polstersbuchwelten.de\/wp-content\/uploads\/2025\/11\/IMG_0989.jpeg\" alt=\"\" class=\"wp-image-104\" style=\"width:189px;height:auto\" srcset=\"https:\/\/www.polstersbuchwelten.de\/wp-content\/uploads\/2025\/11\/IMG_0989.jpeg 500w, https:\/\/www.polstersbuchwelten.de\/wp-content\/uploads\/2025\/11\/IMG_0989-300x95.jpeg 300w\" sizes=\"auto, (max-width: 500px) 100vw, 500px\" \/><\/a><\/figure>\n\n\n\n<figure class=\"wp-block-image size-full is-resized\"><a href=\"https:\/\/www.amazon.de\/Mensch-als-Vorgesetzter-Verstehen-Verantwortung\/dp\/3695751789\/ref=sr_1_1?__mk_de_DE=\u00c5M\u00c5\u017d\u00d5\u00d1&amp;crid=27GRFSM9075UN&amp;dib=eyJ2IjoiMSJ9.UcAfKp1Ql4YClM5GYQkoGX8MkgJFIL1wcdrM1lORkWT7fzNRvwWdqgh4luLIWnYPFW_JqVpLKUrOc93kHQpx1djuxXxVqJfgG8pI9rcHjpE-30vi1m3x4Pll1Gt1rg2cYhPMscxHeZuYuNzxjgBzURDf4WBYOBYCuAzHFh6xVf0dKz3eRNoZjLyMxsghLFs0Oa_PvhVyfbHykF9lyCuZMpPd2bmFKo_4zTcgTup71MY.cqPw4npFt4jcnRjMWV_ZZOGMxg51u8_Dh5latqpFyd8&amp;dib_tag=se&amp;keywords=Der+Mensch+als+Vorgesetzter&amp;qid=1775116580&amp;sprefix=der+mensch+als+vorgesetzter%2Caps%2C115&amp;sr=8-1\" target=\"_blank\" rel=\" noreferrer noopener\"><img loading=\"lazy\" decoding=\"async\" width=\"280\" height=\"120\" src=\"http:\/\/www.polstersbuchwelten.de\/wp-content\/uploads\/2025\/11\/IMG_0988.jpeg\" alt=\"\" class=\"wp-image-105\" style=\"width:174px;height:auto\"\/><\/a><\/figure>\n\n\n\n<figure class=\"wp-block-image size-full is-resized\"><a href=\"https:\/\/www.buecher.de\/shop\/home\/artikeldetails\/A1078905447\" target=\"_blank\" rel=\" noreferrer noopener\"><img loading=\"lazy\" decoding=\"async\" width=\"411\" height=\"128\" src=\"http:\/\/www.polstersbuchwelten.de\/wp-content\/uploads\/2025\/11\/IMG_0991.jpeg\" alt=\"\" class=\"wp-image-106\" style=\"width:178px;height:auto\" srcset=\"https:\/\/www.polstersbuchwelten.de\/wp-content\/uploads\/2025\/11\/IMG_0991.jpeg 411w, https:\/\/www.polstersbuchwelten.de\/wp-content\/uploads\/2025\/11\/IMG_0991-300x93.jpeg 300w\" sizes=\"auto, (max-width: 411px) 100vw, 411px\" \/><\/a><\/figure>\n\n\n\n<figure class=\"wp-block-image size-full is-resized\"><a href=\"https:\/\/www.hugendubel.de\/de\/taschenbuch\/joerg_polster-der_mensch_als_vorgesetzter_was_macht_gute_fuehrung_wirklich_aus_-52870178-produkt-details.html\" target=\"_blank\" rel=\" noreferrer noopener\"><img loading=\"lazy\" decoding=\"async\" width=\"404\" height=\"150\" src=\"http:\/\/www.polstersbuchwelten.de\/wp-content\/uploads\/2025\/11\/IMG_0990.jpeg\" alt=\"\" class=\"wp-image-103\" style=\"width:184px;height:auto\" srcset=\"https:\/\/www.polstersbuchwelten.de\/wp-content\/uploads\/2025\/11\/IMG_0990.jpeg 404w, https:\/\/www.polstersbuchwelten.de\/wp-content\/uploads\/2025\/11\/IMG_0990-300x111.jpeg 300w\" sizes=\"auto, (max-width: 404px) 100vw, 404px\" \/><\/a><figcaption class=\"wp-element-caption\"><br><\/figcaption><\/figure>\n<\/div>\n<\/div>\n\n\n\n<hr class=\"wp-block-separator alignfull has-alpha-channel-opacity\"\/>\n\n\n\n<div class=\"wp-block-columns is-layout-flex wp-container-core-columns-is-layout-9d6595d7 wp-block-columns-is-layout-flex\">\n<div class=\"wp-block-column is-layout-flow wp-block-column-is-layout-flow\">\n<figure class=\"wp-block-image size-large\"><img loading=\"lazy\" decoding=\"async\" width=\"643\" height=\"1024\" src=\"https:\/\/www.polstersbuchwelten.de\/wp-content\/uploads\/2026\/04\/Bild-1-643x1024.jpeg\" alt=\"\" class=\"wp-image-332\" srcset=\"https:\/\/www.polstersbuchwelten.de\/wp-content\/uploads\/2026\/04\/Bild-1-643x1024.jpeg 643w, https:\/\/www.polstersbuchwelten.de\/wp-content\/uploads\/2026\/04\/Bild-1-188x300.jpeg 188w, https:\/\/www.polstersbuchwelten.de\/wp-content\/uploads\/2026\/04\/Bild-1-768x1223.jpeg 768w, https:\/\/www.polstersbuchwelten.de\/wp-content\/uploads\/2026\/04\/Bild-1-964x1536.jpeg 964w, https:\/\/www.polstersbuchwelten.de\/wp-content\/uploads\/2026\/04\/Bild-1-1286x2048.jpeg 1286w, https:\/\/www.polstersbuchwelten.de\/wp-content\/uploads\/2026\/04\/Bild-1.jpeg 1594w\" sizes=\"auto, (max-width: 643px) 100vw, 643px\" \/><\/figure>\n<\/div>\n\n\n\n<div class=\"wp-block-column is-layout-flow wp-block-column-is-layout-flow\">\n<h4 class=\"wp-block-heading has-text-align-center\">Einsamkeit geh\u00f6rt zu den stillen Herausforderungen unserer Zeit. Viele Menschen erleben sie &#8211; besonders im Alter oder im Zusammenhang mit einer Behinderung. Oft bleibt sie unsichtbar, wird selten offen angesprochen und wirkt dennoch tief in das Leben der Betroffenen hinein. J\u00f6rg Polster verbindet in diesem Buch wissenschaftliche Erkenntnisse aus Psychologie, Medizin und Sozialforschung mit Erfahrungen aus seiner beruflichen und ehrenamtlichen Arbeit. Verst\u00e4ndlich und einf\u00fchlsam zeigt er, warum Einsamkeit entsteht, welche Folgen sie haben kann und welche Rolle gesellschaftliche Strukturen dabei spielen. Dabei wird deutlich: Einsamkeit ist kein individuelles Versagen, sondern Ausdruck eines komplexen Zusammenspiels aus Lebensumst\u00e4nden, Beziehungen und gesellschaftlichen Bedingungen. Ein fundiertes und zugleich menschliches Buch \u00fcber ein Thema, das Millionen Menschen betrifft &#8211; und \u00fcber die Frage, wie wir als Gesellschaft wieder st\u00e4rker miteinander verbunden leben k\u00f6nnen.<\/h4>\n<\/div>\n\n\n\n<div class=\"wp-block-column is-layout-flow wp-block-column-is-layout-flow\">\n<figure class=\"wp-block-image size-full\"><a href=\"https:\/\/buchshop.bod.de\/einsamkeit-verstehen-joerg-polster-9783819262425\" target=\"_blank\" rel=\" noreferrer noopener\"><img loading=\"lazy\" decoding=\"async\" width=\"197\" height=\"32\" src=\"http:\/\/www.polstersbuchwelten.de\/wp-content\/uploads\/2025\/11\/Bild-1.jpeg\" alt=\"\" class=\"wp-image-84\"\/><\/a><\/figure>\n\n\n\n<figure class=\"wp-block-image size-full is-resized\"><a href=\"https:\/\/www.thalia.de\/shop\/home\/artikeldetails\/A1079019486\" target=\"_blank\" rel=\" noreferrer noopener\"><img loading=\"lazy\" decoding=\"async\" width=\"500\" height=\"159\" src=\"http:\/\/www.polstersbuchwelten.de\/wp-content\/uploads\/2025\/11\/IMG_0989.jpeg\" alt=\"\" class=\"wp-image-104\" style=\"width:189px;height:auto\" srcset=\"https:\/\/www.polstersbuchwelten.de\/wp-content\/uploads\/2025\/11\/IMG_0989.jpeg 500w, https:\/\/www.polstersbuchwelten.de\/wp-content\/uploads\/2025\/11\/IMG_0989-300x95.jpeg 300w\" sizes=\"auto, (max-width: 500px) 100vw, 500px\" \/><\/a><\/figure>\n\n\n\n<figure class=\"wp-block-image size-full is-resized\"><a href=\"https:\/\/www.amazon.de\/dp\/3819262423\/ref=sr_1_6?__mk_de_DE=\u00c5M\u00c5\u017d\u00d5\u00d1&amp;crid=ENP9SPJVGRWW&amp;dib=eyJ2IjoiMSJ9.D7n1C4NdEcgXhfuwag3tXfJlTy1Q1N_3wgJwF_ke5n9L_JBgJTpIPQx77kGGqwZJQRz3T_nDgJPRSjjwk6gAUavgaCprKZHxJLtdgtmGvGQwzYPKD9RBOFHnnW36KUmGolEc3jkOoWlIEGn93M12rTe90PXHtvMFiS4eBBqk1GnsIRbjdmSuIW6nkxe9Rsdo4bTVH_xk2gsq1uwVr7F32hygsa19SJoMDPqIlukVtkw.OjLgR7hlhP9PEN-ULkkox0zm2oWSp_qtT_8IsghjApE&amp;dib_tag=se&amp;keywords=Einsamkeit+verstehen&amp;qid=1775379851&amp;sprefix=einsamkeit+verstehen%2Caps%2C118&amp;sr=8-6\" target=\"_blank\" rel=\" noreferrer noopener\"><img loading=\"lazy\" decoding=\"async\" width=\"280\" height=\"120\" src=\"http:\/\/www.polstersbuchwelten.de\/wp-content\/uploads\/2025\/11\/IMG_0988.jpeg\" alt=\"\" class=\"wp-image-105\" style=\"width:174px;height:auto\"\/><\/a><\/figure>\n\n\n\n<figure class=\"wp-block-image size-full is-resized\"><a href=\"https:\/\/www.buecher.de\/shop\/home\/artikeldetails\/A1079019486\" target=\"_blank\" rel=\" noreferrer noopener\"><img loading=\"lazy\" decoding=\"async\" width=\"411\" height=\"128\" src=\"http:\/\/www.polstersbuchwelten.de\/wp-content\/uploads\/2025\/11\/IMG_0991.jpeg\" alt=\"\" class=\"wp-image-106\" style=\"width:178px;height:auto\" srcset=\"https:\/\/www.polstersbuchwelten.de\/wp-content\/uploads\/2025\/11\/IMG_0991.jpeg 411w, https:\/\/www.polstersbuchwelten.de\/wp-content\/uploads\/2025\/11\/IMG_0991-300x93.jpeg 300w\" sizes=\"auto, (max-width: 411px) 100vw, 411px\" \/><\/a><\/figure>\n\n\n\n<figure class=\"wp-block-image size-full is-resized\"><a href=\"https:\/\/www.hugendubel.de\/de\/buch_kartoniert\/joerg_polster-einsamkeit_verstehen-52924592-produkt-details.html\" target=\"_blank\" rel=\" noreferrer noopener\"><img loading=\"lazy\" decoding=\"async\" width=\"404\" height=\"150\" src=\"http:\/\/www.polstersbuchwelten.de\/wp-content\/uploads\/2025\/11\/IMG_0990.jpeg\" alt=\"\" class=\"wp-image-103\" style=\"width:184px;height:auto\" srcset=\"https:\/\/www.polstersbuchwelten.de\/wp-content\/uploads\/2025\/11\/IMG_0990.jpeg 404w, https:\/\/www.polstersbuchwelten.de\/wp-content\/uploads\/2025\/11\/IMG_0990-300x111.jpeg 300w\" sizes=\"auto, (max-width: 404px) 100vw, 404px\" \/><\/a><figcaption class=\"wp-element-caption\"><br><\/figcaption><\/figure>\n<\/div>\n<\/div>\n\n\n\n<hr class=\"wp-block-separator alignfull has-alpha-channel-opacity\"\/>\n\n\n\n<div class=\"wp-block-columns is-layout-flex wp-container-core-columns-is-layout-9d6595d7 wp-block-columns-is-layout-flex\">\n<div class=\"wp-block-column is-layout-flow wp-block-column-is-layout-flow\">\n<h4 class=\"wp-block-heading has-text-align-center\">Es beginnt oft leise. Mit einem Gef\u00fchl, das sich nicht richtig einordnen l\u00e4sst. Mit Gespr\u00e4chen, die nachwirken. Mit einer Unsicherheit, die sich langsam ausbreitet. Viele Menschen erleben Beziehungen, in denen sie sich selbst zunehmend hinterfragen, sich anpassen und versuchen zu verstehen, was eigentlich geschieht &#8211; ohne eine klare Antwort zu finden. Dieses Buch macht sichtbar, was oft verborgen bleibt. Es erkl\u00e4rt verst\u00e4ndlich und wissenschaftlich fundiert, wie narzisstische Dynamiken entstehen, wie sie wirken und warum sie unser Denken, F\u00fchlen und unseren Selbstwert so tief beeinflussen. Dabei verbindet es pers\u00f6nliche Erfahrung, psychologische Einordnung und gesellschaftliche Perspektiven zu einem ruhigen, klaren Gesamtbild. Doch es geht um mehr als nur um das Erkennen. Es geht um das Verstehen dessen, was in uns geschieht. Und um den Weg zur\u00fcck. Zur eigenen Wahrnehmung. Zu innerer Stabilit\u00e4t. Und zu der F\u00e4higkeit, sich selbst auch in schwierigen Beziehungen nicht zu verlieren &#8211; im privaten Leben ebenso wie im beruflichen Alltag. Ein Buch f\u00fcr Menschen, die verstehen wollen. Und f\u00fcr diejenigen, die sp\u00fcren, dass es Zeit ist, sich selbst wieder zu vertrauen.<\/h4>\n<\/div>\n\n\n\n<div class=\"wp-block-column is-layout-flow wp-block-column-is-layout-flow\">\n<figure class=\"wp-block-image size-large\"><img loading=\"lazy\" decoding=\"async\" width=\"643\" height=\"1024\" src=\"https:\/\/www.polstersbuchwelten.de\/wp-content\/uploads\/2026\/04\/IMG_1533-643x1024.jpeg\" alt=\"\" class=\"wp-image-335\" srcset=\"https:\/\/www.polstersbuchwelten.de\/wp-content\/uploads\/2026\/04\/IMG_1533-643x1024.jpeg 643w, https:\/\/www.polstersbuchwelten.de\/wp-content\/uploads\/2026\/04\/IMG_1533-188x300.jpeg 188w, https:\/\/www.polstersbuchwelten.de\/wp-content\/uploads\/2026\/04\/IMG_1533-768x1223.jpeg 768w, https:\/\/www.polstersbuchwelten.de\/wp-content\/uploads\/2026\/04\/IMG_1533-964x1536.jpeg 964w, https:\/\/www.polstersbuchwelten.de\/wp-content\/uploads\/2026\/04\/IMG_1533-1286x2048.jpeg 1286w, https:\/\/www.polstersbuchwelten.de\/wp-content\/uploads\/2026\/04\/IMG_1533.jpeg 1594w\" sizes=\"auto, (max-width: 643px) 100vw, 643px\" \/><\/figure>\n<\/div>\n\n\n\n<div class=\"wp-block-column is-layout-flow wp-block-column-is-layout-flow\">\n<figure class=\"wp-block-image size-full\"><a href=\"https:\/\/buchshop.bod.de\/narzissmus-verstehen-joerg-polster-9783819293870\" target=\"_blank\" rel=\" noreferrer noopener\"><img loading=\"lazy\" decoding=\"async\" width=\"197\" height=\"32\" src=\"http:\/\/www.polstersbuchwelten.de\/wp-content\/uploads\/2025\/11\/Bild-1.jpeg\" alt=\"\" class=\"wp-image-84\"\/><\/a><\/figure>\n\n\n\n<figure class=\"wp-block-image size-full is-resized\"><a href=\"https:\/\/www.thalia.de\/shop\/home\/artikeldetails\/A1078795123\" target=\"_blank\" rel=\" noreferrer noopener\"><img loading=\"lazy\" decoding=\"async\" width=\"500\" height=\"159\" src=\"http:\/\/www.polstersbuchwelten.de\/wp-content\/uploads\/2025\/11\/IMG_0989.jpeg\" alt=\"\" class=\"wp-image-104\" style=\"width:189px;height:auto\" srcset=\"https:\/\/www.polstersbuchwelten.de\/wp-content\/uploads\/2025\/11\/IMG_0989.jpeg 500w, https:\/\/www.polstersbuchwelten.de\/wp-content\/uploads\/2025\/11\/IMG_0989-300x95.jpeg 300w\" sizes=\"auto, (max-width: 500px) 100vw, 500px\" \/><\/a><\/figure>\n\n\n\n<figure class=\"wp-block-image size-full is-resized\"><a href=\"https:\/\/www.amazon.de\/Narzissmus-verstehen-Dynamiken-Beziehungen-geschieht\/dp\/3819293876\/ref=sr_1_1?__mk_de_DE=\u00c5M\u00c5\u017d\u00d5\u00d1&amp;crid=Y8JWL8A2YI3N&amp;dib=eyJ2IjoiMSJ9.eGxaIGDt0r88U6Dizi5Sqooqj93gdu0GnHZiEA5lu8NrrVsPuZrXAf043_G8LivWuaE0RYiZBy2eiMk5EpRSccRPlUULVihjIbeVFRhme4j8ARdJ7M6cWc-F6HwnqASh5Pe3xgGa6Tj3-ddF1AyRCN6SgLyhpgAd8XcOpfqbKZnH5Q0jyKtxRR9bkuwZpjGYUesCRLYvQsmIztjUR5cF5WfCTwE62UpRhv9_RKlvMCk.lViiKi8LSikI0xvRwrrzORNgotAcx5jhaAkoLhQaODI&amp;dib_tag=se&amp;keywords=Narzissmus+verstehen+Polster&amp;qid=1775411493&amp;sprefix=narzissmus+verstehen+polster%2Caps%2C169&amp;sr=8-1\" target=\"_blank\" rel=\" noreferrer noopener\"><img loading=\"lazy\" decoding=\"async\" width=\"280\" height=\"120\" src=\"http:\/\/www.polstersbuchwelten.de\/wp-content\/uploads\/2025\/11\/IMG_0988.jpeg\" alt=\"\" class=\"wp-image-105\" style=\"width:174px;height:auto\"\/><\/a><\/figure>\n\n\n\n<figure class=\"wp-block-image size-full is-resized\"><a href=\"https:\/\/www.buecher.de\/shop\/home\/artikeldetails\/A1078795123\" target=\"_blank\" rel=\" noreferrer noopener\"><img loading=\"lazy\" decoding=\"async\" width=\"411\" height=\"128\" src=\"http:\/\/www.polstersbuchwelten.de\/wp-content\/uploads\/2025\/11\/IMG_0991.jpeg\" alt=\"\" class=\"wp-image-106\" style=\"width:178px;height:auto\" srcset=\"https:\/\/www.polstersbuchwelten.de\/wp-content\/uploads\/2025\/11\/IMG_0991.jpeg 411w, https:\/\/www.polstersbuchwelten.de\/wp-content\/uploads\/2025\/11\/IMG_0991-300x93.jpeg 300w\" sizes=\"auto, (max-width: 411px) 100vw, 411px\" \/><\/a><\/figure>\n\n\n\n<figure class=\"wp-block-image size-full is-resized\"><a href=\"https:\/\/www.hugendubel.de\/de\/taschenbuch\/joerg_polster-narzissmus_verstehen-52848644-produkt-details.html\" target=\"_blank\" rel=\" noreferrer noopener\"><img loading=\"lazy\" decoding=\"async\" width=\"404\" height=\"150\" src=\"http:\/\/www.polstersbuchwelten.de\/wp-content\/uploads\/2025\/11\/IMG_0990.jpeg\" alt=\"\" class=\"wp-image-103\" style=\"width:184px;height:auto\" srcset=\"https:\/\/www.polstersbuchwelten.de\/wp-content\/uploads\/2025\/11\/IMG_0990.jpeg 404w, https:\/\/www.polstersbuchwelten.de\/wp-content\/uploads\/2025\/11\/IMG_0990-300x111.jpeg 300w\" sizes=\"auto, (max-width: 404px) 100vw, 404px\" \/><\/a><figcaption class=\"wp-element-caption\"><br><\/figcaption><\/figure>\n<\/div>\n<\/div>\n\n\n\n<hr class=\"wp-block-separator alignfull has-alpha-channel-opacity\"\/>\n\n\n\n<div class=\"wp-block-columns is-layout-flex wp-container-core-columns-is-layout-9d6595d7 wp-block-columns-is-layout-flex\">\n<div class=\"wp-block-column is-layout-flow wp-block-column-is-layout-flow\">\n<figure class=\"wp-block-image size-large\"><img loading=\"lazy\" decoding=\"async\" width=\"643\" height=\"1024\" src=\"https:\/\/www.polstersbuchwelten.de\/wp-content\/uploads\/2026\/04\/psyche-643x1024.jpg\" alt=\"\" class=\"wp-image-338\" srcset=\"https:\/\/www.polstersbuchwelten.de\/wp-content\/uploads\/2026\/04\/psyche-643x1024.jpg 643w, https:\/\/www.polstersbuchwelten.de\/wp-content\/uploads\/2026\/04\/psyche-188x300.jpg 188w, https:\/\/www.polstersbuchwelten.de\/wp-content\/uploads\/2026\/04\/psyche-768x1223.jpg 768w, https:\/\/www.polstersbuchwelten.de\/wp-content\/uploads\/2026\/04\/psyche-964x1536.jpg 964w, https:\/\/www.polstersbuchwelten.de\/wp-content\/uploads\/2026\/04\/psyche-1286x2048.jpg 1286w, https:\/\/www.polstersbuchwelten.de\/wp-content\/uploads\/2026\/04\/psyche.jpg 1594w\" sizes=\"auto, (max-width: 643px) 100vw, 643px\" \/><\/figure>\n<\/div>\n\n\n\n<div class=\"wp-block-column is-layout-flow wp-block-column-is-layout-flow\">\n<h4 class=\"wp-block-heading has-text-align-center\">Was geschieht, wenn das eigene Denken sich ver\u00e4ndert, Gef\u00fchle nicht mehr greifbar sind oder innere Anspannung zum dauerhaften Begleiter wird? Psychische St\u00f6rungen geh\u00f6ren zu den h\u00e4ufigsten Erkrankungen unserer Zeit &#8211; und doch bleiben sie f\u00fcr viele schwer verst\u00e4ndlich. Sie zeigen sich nicht immer deutlich, sondern entwickeln sich oft leise, in Gedanken, Gef\u00fchlen und Verhaltensmustern, die sich schrittweise ver\u00e4ndern und das innere Gleichgewicht ins Wanken bringen. Dieses Buch er\u00f6ffnet einen verst\u00e4ndlichen und zugleich fundierten Zugang zu den vielf\u00e4ltigen Formen psychischer St\u00f6rungen. Es zeigt, wie Depressionen, Angstst\u00f6rungen, Pers\u00f6nlichkeitsst\u00f6rungen, Traumafolgest\u00f6rungen und andere Erkrankungen entstehen, wie sie zusammenh\u00e4ngen und warum sie h\u00e4ufig nicht isoliert auftreten, sondern sich gegenseitig beeinflussen. Anhand anschaulicher Beispiele und klar erkl\u00e4rter Zusammenh\u00e4nge wird sichtbar, dass psychische St\u00f6rungen keine Zuf\u00e4lle sind, sondern Ausdruck innerer Prozesse, die nachvollziehbar sind &#8211; und ver\u00e4nderbar. Ein besonderes Augenmerk liegt dabei auf der Multimorbidit\u00e4t, dem Zusammenspiel verschiedener St\u00f6rungen, das im Alltag vieler Betroffener eine zentrale Rolle spielt, jedoch oft unzureichend verstanden wird. Dieses Buch richtet sich an Betroffene, Angeh\u00f6rige und alle, die verstehen m\u00f6chten, was im Inneren eines Menschen geschieht, wenn die Seele aus dem Gleichgewicht ger\u00e4t &#8211; und welche Wege es geben kann, wieder Stabilit\u00e4t zu finden.<\/h4>\n<\/div>\n\n\n\n<div class=\"wp-block-column is-layout-flow wp-block-column-is-layout-flow\">\n<figure class=\"wp-block-image size-full\"><a href=\"https:\/\/buchshop.bod.de\/wenn-die-seele-aus-dem-gleichgewicht-geraet-joerg-polster-9783842390478\" target=\"_blank\" rel=\" noreferrer noopener\"><img loading=\"lazy\" decoding=\"async\" width=\"197\" height=\"32\" src=\"http:\/\/www.polstersbuchwelten.de\/wp-content\/uploads\/2025\/11\/Bild-1.jpeg\" alt=\"\" class=\"wp-image-84\"\/><\/a><\/figure>\n\n\n\n<figure class=\"wp-block-image size-full is-resized\"><a href=\"https:\/\/www.thalia.de\/shop\/home\/artikeldetails\/A1079082173\" target=\"_blank\" rel=\" noreferrer noopener\"><img loading=\"lazy\" decoding=\"async\" width=\"500\" height=\"159\" src=\"http:\/\/www.polstersbuchwelten.de\/wp-content\/uploads\/2025\/11\/IMG_0989.jpeg\" alt=\"\" class=\"wp-image-104\" style=\"width:189px;height:auto\" srcset=\"https:\/\/www.polstersbuchwelten.de\/wp-content\/uploads\/2025\/11\/IMG_0989.jpeg 500w, https:\/\/www.polstersbuchwelten.de\/wp-content\/uploads\/2025\/11\/IMG_0989-300x95.jpeg 300w\" sizes=\"auto, (max-width: 500px) 100vw, 500px\" \/><\/a><\/figure>\n\n\n\n<figure class=\"wp-block-image size-full is-resized\"><a href=\"https:\/\/www.amazon.de\/dp\/3842390475\/ref=sr_1_1?__mk_de_DE=%C3%85M%C3%85%C5%BD%C3%95%C3%91&amp;crid=2PMCFN8XC1G9W&amp;dib=eyJ2IjoiMSJ9.QcgK2noIIyuYSNjAIcyN0BIbBaDNv6IGaTEPuuoe9f4.-GQNeVRG1lctVuzz0F_i05p9RDXI62A5le1_3CrMpyM&amp;dib_tag=se&amp;keywords=wenn+die+seele+aus+dem+Gleichgewicht+ger%C3%A4t&amp;qid=1775726158&amp;sprefix=wenn+die+seele+aus+dem+gleichgewicht+ger%C3%A4t+%2Caps%2C80&amp;sr=8-1\" target=\"_blank\" rel=\" noreferrer noopener\"><img loading=\"lazy\" decoding=\"async\" width=\"280\" height=\"120\" src=\"http:\/\/www.polstersbuchwelten.de\/wp-content\/uploads\/2025\/11\/IMG_0988.jpeg\" alt=\"\" class=\"wp-image-105\" style=\"width:174px;height:auto\"\/><\/a><\/figure>\n\n\n\n<figure class=\"wp-block-image size-full is-resized\"><a href=\"https:\/\/www.buecher.de\/shop\/home\/artikeldetails\/A1079082173\" target=\"_blank\" rel=\" noreferrer noopener\"><img loading=\"lazy\" decoding=\"async\" width=\"411\" height=\"128\" src=\"http:\/\/www.polstersbuchwelten.de\/wp-content\/uploads\/2025\/11\/IMG_0991.jpeg\" alt=\"\" class=\"wp-image-106\" style=\"width:178px;height:auto\" srcset=\"https:\/\/www.polstersbuchwelten.de\/wp-content\/uploads\/2025\/11\/IMG_0991.jpeg 411w, https:\/\/www.polstersbuchwelten.de\/wp-content\/uploads\/2025\/11\/IMG_0991-300x93.jpeg 300w\" sizes=\"auto, (max-width: 411px) 100vw, 411px\" \/><\/a><\/figure>\n\n\n\n<figure class=\"wp-block-image size-full is-resized\"><a href=\"https:\/\/www.hugendubel.de\/de\/taschenbuch\/joerg_polster-wenn_die_seele_aus_dem_gleichgewicht_geraet-52973725-produkt-details.html?_gl=1*13z0tcd*_up*MQ..*_gs*MQ..&amp;gclid=EAIaIQobChMIwIf4trjgkwMVmctEBx3M0hwIEAAYASAAEgLM0vD_BwE&amp;gbraid=0AAAABCEM4_VVQK0IoFJH09UWcjKL_Uq4-\" target=\"_blank\" rel=\" noreferrer noopener\"><img loading=\"lazy\" decoding=\"async\" width=\"404\" height=\"150\" src=\"http:\/\/www.polstersbuchwelten.de\/wp-content\/uploads\/2025\/11\/IMG_0990.jpeg\" alt=\"\" class=\"wp-image-103\" style=\"width:184px;height:auto\" srcset=\"https:\/\/www.polstersbuchwelten.de\/wp-content\/uploads\/2025\/11\/IMG_0990.jpeg 404w, https:\/\/www.polstersbuchwelten.de\/wp-content\/uploads\/2025\/11\/IMG_0990-300x111.jpeg 300w\" sizes=\"auto, (max-width: 404px) 100vw, 404px\" \/><\/a><figcaption class=\"wp-element-caption\"><br><\/figcaption><\/figure>\n<\/div>\n<\/div>\n\n\n\n<hr class=\"wp-block-separator alignfull has-alpha-channel-opacity\"\/>\n\n\n\n<div class=\"wp-block-columns is-layout-flex wp-container-core-columns-is-layout-9d6595d7 wp-block-columns-is-layout-flex\">\n<div class=\"wp-block-column is-layout-flow wp-block-column-is-layout-flow\">\n<h4 class=\"wp-block-heading has-text-align-center\">Wie kann Kommunikation mit Menschen mit Behinderung im Berufs- und Beh\u00f6rdenalltag wirklich gelingen?<br>Respektvoll, verst\u00e4ndlich, klar und auf Augenh\u00f6he.&nbsp;<br>In diesem praxisnahen und zugleich menschlich geschriebenen Buch zeigt J\u00f6rg Polster, wie entscheidend Sprache, Haltung und Kommunikationskultur f\u00fcr Teilhabe und W\u00fcrde sind. Ob H\u00f6r- oder Sehbeeintr\u00e4chtigung, Lernschwierigkeiten, psychische Belastungen, Neurodivergenz, chronische Erkrankungen oder unsichtbare Behinderungen &#8211; dieses Buch macht sichtbar, wo Kommunikation im Alltag scheitert und wie sie besser gelingen kann.&nbsp;<br>Mit Beispielen, Reflexionsfragen, \u00dcbungen<br>und Checklisten ist es ein wertvoller Begleiter f\u00fcr F\u00fchrungskr\u00e4fte, Personalstellen, Schwerbehindertenvertretungen, Inklusionsbeauftragte, Kolleginnen und Kollegen &#8211; und f\u00fcr alle, die Menschen nicht nur korrekt, sondern wirklich menschlich begegnen wollen.<br>Ein Buch \u00fcber Sprache.<br>Ein Buch \u00fcber Respekt.<br>Ein Buch \u00fcber gelebte Teilhabe.<\/h4>\n<\/div>\n\n\n\n<div class=\"wp-block-column is-layout-flow wp-block-column-is-layout-flow\">\n<figure class=\"wp-block-image size-large\"><img loading=\"lazy\" decoding=\"async\" width=\"643\" height=\"1024\" src=\"https:\/\/www.polstersbuchwelten.de\/wp-content\/uploads\/2026\/04\/IMG_1551-1-643x1024.jpeg\" alt=\"\" class=\"wp-image-348\" srcset=\"https:\/\/www.polstersbuchwelten.de\/wp-content\/uploads\/2026\/04\/IMG_1551-1-643x1024.jpeg 643w, https:\/\/www.polstersbuchwelten.de\/wp-content\/uploads\/2026\/04\/IMG_1551-1-188x300.jpeg 188w, https:\/\/www.polstersbuchwelten.de\/wp-content\/uploads\/2026\/04\/IMG_1551-1-768x1223.jpeg 768w, https:\/\/www.polstersbuchwelten.de\/wp-content\/uploads\/2026\/04\/IMG_1551-1-964x1536.jpeg 964w, https:\/\/www.polstersbuchwelten.de\/wp-content\/uploads\/2026\/04\/IMG_1551-1-1286x2048.jpeg 1286w, https:\/\/www.polstersbuchwelten.de\/wp-content\/uploads\/2026\/04\/IMG_1551-1.jpeg 1594w\" sizes=\"auto, (max-width: 643px) 100vw, 643px\" \/><\/figure>\n<\/div>\n\n\n\n<div class=\"wp-block-column is-layout-flow wp-block-column-is-layout-flow\">\n<figure class=\"wp-block-image size-full\"><a href=\"https:\/\/buchshop.bod.de\/besser-verstehen-barrierefrei-kommunizieren-joerg-polster-9783695759958\" target=\"_blank\" rel=\" noreferrer noopener\"><img loading=\"lazy\" decoding=\"async\" width=\"197\" height=\"32\" src=\"http:\/\/www.polstersbuchwelten.de\/wp-content\/uploads\/2025\/11\/Bild-1.jpeg\" alt=\"\" class=\"wp-image-84\"\/><\/a><\/figure>\n\n\n\n<figure class=\"wp-block-image size-full is-resized\"><a href=\"https:\/\/www.thalia.de\/shop\/home\/artikeldetails\/A1079214758\" target=\"_blank\" rel=\" noreferrer noopener\"><img loading=\"lazy\" decoding=\"async\" width=\"500\" height=\"159\" src=\"http:\/\/www.polstersbuchwelten.de\/wp-content\/uploads\/2025\/11\/IMG_0989.jpeg\" alt=\"\" class=\"wp-image-104\" style=\"width:189px;height:auto\" srcset=\"https:\/\/www.polstersbuchwelten.de\/wp-content\/uploads\/2025\/11\/IMG_0989.jpeg 500w, https:\/\/www.polstersbuchwelten.de\/wp-content\/uploads\/2025\/11\/IMG_0989-300x95.jpeg 300w\" sizes=\"auto, (max-width: 500px) 100vw, 500px\" \/><\/a><\/figure>\n\n\n\n<figure class=\"wp-block-image size-full is-resized\"><a href=\"https:\/\/www.amazon.de\/dp\/369575995X\/ref=sr_1_1?__mk_de_DE=\u00c5M\u00c5\u017d\u00d5\u00d1&amp;crid=J60TTTN13KS4&amp;dib=eyJ2IjoiMSJ9.TEpxu0-ywNQKmOhsfh7WBabJ8xX8gTQZK8PwXDNZ1yv0JofKRR7f3zrl4DEtGKilEElToiEXX92DUyxMzUTmO1Qr61R5xS7Ngu16-SFW07qW0odze8tUUMRUfDLTmhrkLARQ8xHRnaP2A_Zy_WGaKkpUQTWtxuoHlWPxkberAVBL5539rMNMFhkp_m4WqrZBuYhWBdfMKw0UKaoWs2J1befuYdY7gvrGLD-T_cDyjxZQ9qQgv3UjlWWaAFxPJ6mS8SrSu_jujef32RDYTu-9lXiOQKMzI7zHlAx9DzWlALw.UIZOgSwoqsNy39XmLGC5pTnMn6BBfLYVdSfMIuGDIKc&amp;dib_tag=se&amp;keywords=Besser+verstehen+Polster&amp;qid=1776267170&amp;sprefix=besser+verstehen+polster%2Caps%2C112&amp;sr=8-1\" target=\"_blank\" rel=\" noreferrer noopener\"><img loading=\"lazy\" decoding=\"async\" width=\"280\" height=\"120\" src=\"http:\/\/www.polstersbuchwelten.de\/wp-content\/uploads\/2025\/11\/IMG_0988.jpeg\" alt=\"\" class=\"wp-image-105\" style=\"width:174px;height:auto\"\/><\/a><\/figure>\n\n\n\n<figure class=\"wp-block-image size-full is-resized\"><a href=\"https:\/\/www.buecher.de\/shop\/home\/artikeldetails\/A1079214758\" target=\"_blank\" rel=\" noreferrer noopener\"><img loading=\"lazy\" decoding=\"async\" width=\"411\" height=\"128\" src=\"http:\/\/www.polstersbuchwelten.de\/wp-content\/uploads\/2025\/11\/IMG_0991.jpeg\" alt=\"\" class=\"wp-image-106\" style=\"width:178px;height:auto\" srcset=\"https:\/\/www.polstersbuchwelten.de\/wp-content\/uploads\/2025\/11\/IMG_0991.jpeg 411w, https:\/\/www.polstersbuchwelten.de\/wp-content\/uploads\/2025\/11\/IMG_0991-300x93.jpeg 300w\" sizes=\"auto, (max-width: 411px) 100vw, 411px\" \/><\/a><\/figure>\n\n\n\n<figure class=\"wp-block-image size-full is-resized\"><a href=\"https:\/\/www.hugendubel.de\/de\/taschenbuch\/joerg_polster-besser_verstehen_barrierefrei_kommunizieren-53020306-produkt-details.html\" target=\"_blank\" rel=\" noreferrer noopener\"><img loading=\"lazy\" decoding=\"async\" width=\"404\" height=\"150\" src=\"http:\/\/www.polstersbuchwelten.de\/wp-content\/uploads\/2025\/11\/IMG_0990.jpeg\" alt=\"\" class=\"wp-image-103\" style=\"width:184px;height:auto\" srcset=\"https:\/\/www.polstersbuchwelten.de\/wp-content\/uploads\/2025\/11\/IMG_0990.jpeg 404w, https:\/\/www.polstersbuchwelten.de\/wp-content\/uploads\/2025\/11\/IMG_0990-300x111.jpeg 300w\" sizes=\"auto, (max-width: 404px) 100vw, 404px\" \/><\/a><figcaption class=\"wp-element-caption\"><br><\/figcaption><\/figure>\n<\/div>\n<\/div>\n\n\n\n<hr class=\"wp-block-separator alignfull has-alpha-channel-opacity\"\/>\n","protected":false},"excerpt":{"rendered":"<p>Als ich begann, mich mit der Figur des Judas Iskariot zu besch\u00e4ftigen, hatte ich zun\u00e4chst eine klare Vorstellung von ihm. Er war der Verr\u00e4ter, der Jesus mit einem Kuss an seine Verfolger auslieferte, eine der verhasstesten. Doch je mehr ich mich mit seiner Geschichte auseinandersetzte, desto mehr begann ich, die Widerspr\u00fcche und Schattierungen in diesem [&hellip;]<\/p>\n","protected":false},"author":1,"featured_media":0,"parent":0,"menu_order":0,"comment_status":"closed","ping_status":"closed","template":"","meta":{"footnotes":""},"class_list":["post-40","page","type-page","status-publish","hentry","entry"],"_links":{"self":[{"href":"https:\/\/www.polstersbuchwelten.de\/index.php\/wp-json\/wp\/v2\/pages\/40","targetHints":{"allow":["GET"]}}],"collection":[{"href":"https:\/\/www.polstersbuchwelten.de\/index.php\/wp-json\/wp\/v2\/pages"}],"about":[{"href":"https:\/\/www.polstersbuchwelten.de\/index.php\/wp-json\/wp\/v2\/types\/page"}],"author":[{"embeddable":true,"href":"https:\/\/www.polstersbuchwelten.de\/index.php\/wp-json\/wp\/v2\/users\/1"}],"replies":[{"embeddable":true,"href":"https:\/\/www.polstersbuchwelten.de\/index.php\/wp-json\/wp\/v2\/comments?post=40"}],"version-history":[{"count":29,"href":"https:\/\/www.polstersbuchwelten.de\/index.php\/wp-json\/wp\/v2\/pages\/40\/revisions"}],"predecessor-version":[{"id":350,"href":"https:\/\/www.polstersbuchwelten.de\/index.php\/wp-json\/wp\/v2\/pages\/40\/revisions\/350"}],"wp:attachment":[{"href":"https:\/\/www.polstersbuchwelten.de\/index.php\/wp-json\/wp\/v2\/media?parent=40"}],"curies":[{"name":"wp","href":"https:\/\/api.w.org\/{rel}","templated":true}]}}