{"id":191,"date":"2025-11-30T15:45:54","date_gmt":"2025-11-30T14:45:54","guid":{"rendered":"https:\/\/www.polstersbuchwelten.de\/?page_id=191"},"modified":"2025-11-30T19:59:03","modified_gmt":"2025-11-30T18:59:03","slug":"impressum","status":"publish","type":"page","link":"https:\/\/www.polstersbuchwelten.de\/index.php\/impressum\/","title":{"rendered":"Impressum"},"content":{"rendered":"\n<div class=\"wp-block-columns is-layout-flex wp-container-core-columns-is-layout-9d6595d7 wp-block-columns-is-layout-flex\">\n<div class=\"wp-block-column is-layout-flow wp-block-column-is-layout-flow\">\n<div class=\"wp-block-columns is-layout-flex wp-container-core-columns-is-layout-9d6595d7 wp-block-columns-is-layout-flex\">\n<div class=\"wp-block-column is-layout-flow wp-block-column-is-layout-flow\" style=\"flex-basis:100%\">\n<h1 data-start=\"357\" data-end=\"406\">\ud83d\udcda <strong data-start=\"362\" data-end=\"406\">Impressum<\/strong><\/h1>\n<p data-start=\"408\" data-end=\"433\"><strong data-start=\"408\" data-end=\"433\">Angaben gem\u00e4\u00df \u00a7 5 TMG<\/strong><\/p>\n<p data-start=\"435\" data-end=\"527\"><strong data-start=\"435\" data-end=\"463\">J\u00f6rg Polster<\/strong><br data-start=\"463\" data-end=\"466\" \/><strong data-start=\"466\" data-end=\"493\">Erich-K\u00e4stner-Str. 35<\/strong><br data-start=\"493\" data-end=\"496\" \/><strong data-start=\"496\" data-end=\"509\">39114 Magdeburg<\/strong><br data-start=\"509\" data-end=\"512\" \/><strong data-start=\"512\" data-end=\"527\">Deutschland<\/strong><\/p>\n<p data-start=\"529\" data-end=\"626\"><strong data-start=\"529\" data-end=\"541\">Kontakt:<\/strong><br data-start=\"541\" data-end=\"544\" \/>Telefon: <strong>+49 173 754 7514<\/strong><br data-start=\"589\" data-end=\"592\" \/>E-Mail:\u00a0<strong>autor[at]md-lsa.de<\/strong><\/p>\n<hr data-start=\"628\" data-end=\"631\" \/>\n<h2 data-start=\"633\" data-end=\"691\"><strong data-start=\"636\" data-end=\"691\">Verantwortlich f\u00fcr den Inhalt nach \u00a7 55 Abs. 2 RStV<\/strong><\/h2>\n<p data-start=\"693\" data-end=\"748\"><strong data-start=\"693\" data-end=\"721\">J\u00f6rg Polster<\/strong><br data-start=\"721\" data-end=\"724\" \/><strong data-start=\"724\" data-end=\"748\">[Anschrift wie oben]<\/strong><\/p>\n<hr data-start=\"750\" data-end=\"753\" \/>\n<h2 data-start=\"755\" data-end=\"793\"><strong data-start=\"758\" data-end=\"793\">Haftungsausschluss (Disclaimer)<\/strong><\/h2>\n<h3 data-start=\"795\" data-end=\"822\"><strong data-start=\"799\" data-end=\"822\">Haftung f\u00fcr Inhalte<\/strong><\/h3>\n<p data-start=\"823\" data-end=\"1154\">Als Dienstanbieter bin ich gem\u00e4\u00df \u00a7 7 Abs. 1 TMG f\u00fcr eigene Inhalte auf diesen Seiten nach den allgemeinen Gesetzen verantwortlich.<br data-start=\"953\" data-end=\"956\" \/>Nach \u00a7\u00a7 8\u201310 TMG bin ich jedoch nicht verpflichtet, \u00fcbermittelte oder gespeicherte fremde Informationen zu \u00fcberwachen oder nach Umst\u00e4nden zu forschen, die auf eine rechtswidrige T\u00e4tigkeit hinweisen.<\/p>\n<p data-start=\"1156\" data-end=\"1502\">Verpflichtungen zur Entfernung oder Sperrung der Nutzung von Informationen nach den allgemeinen Gesetzen bleiben hiervon unber\u00fchrt. Eine diesbez\u00fcgliche Haftung ist jedoch erst ab dem Zeitpunkt der Kenntnis einer konkreten Rechtsverletzung m\u00f6glich.<br data-start=\"1403\" data-end=\"1406\" \/>Bei Bekanntwerden solcher Rechtsverletzungen werde ich entsprechende Inhalte umgehend entfernen.<\/p>\n<h3 data-start=\"1504\" data-end=\"1529\"><strong data-start=\"1508\" data-end=\"1529\">Haftung f\u00fcr Links<\/strong><\/h3>\n<p data-start=\"1530\" data-end=\"1807\">Mein Angebot enth\u00e4lt Links zu externen Websites Dritter, auf deren Inhalte ich keinen Einfluss habe. Deshalb kann ich f\u00fcr diese fremden Inhalte auch keine Gew\u00e4hr \u00fcbernehmen.<br data-start=\"1703\" data-end=\"1706\" \/>F\u00fcr die Inhalte der verlinkten Seiten ist stets der jeweilige Anbieter oder Betreiber verantwortlich.<\/p>\n<p data-start=\"1809\" data-end=\"2185\">Zum Zeitpunkt der Verlinkung wurden die Seiten auf m\u00f6gliche Rechtsverst\u00f6\u00dfe \u00fcberpr\u00fcft. Rechtswidrige Inhalte waren zu diesem Zeitpunkt nicht erkennbar.<br data-start=\"1959\" data-end=\"1962\" \/>Eine permanente inhaltliche Kontrolle der verlinkten Seiten ist jedoch ohne konkrete Anhaltspunkte einer Rechtsverletzung nicht zumutbar.<br data-start=\"2099\" data-end=\"2102\" \/>Bei Bekanntwerden von Rechtsverletzungen werde ich solche Links umgehend entfernen.<\/p>\n<hr data-start=\"2187\" data-end=\"2190\" \/>\n<h2 data-start=\"2192\" data-end=\"2211\"><strong data-start=\"2195\" data-end=\"2211\">Urheberrecht<\/strong><\/h2>\n<p data-start=\"2212\" data-end=\"2365\">Die durch mich erstellten Inhalte und Werke auf dieser Website unterliegen dem deutschen Urheberrecht.<br data-start=\"2314\" data-end=\"2317\" \/>Beitr\u00e4ge Dritter sind als solche gekennzeichnet.<\/p>\n<p data-start=\"2367\" data-end=\"2626\">Die Vervielf\u00e4ltigung, Bearbeitung, Verbreitung und jede Art der Verwertung au\u00dferhalb der Grenzen des Urheberrechts bed\u00fcrfen meiner schriftlichen Zustimmung.<br data-start=\"2523\" data-end=\"2526\" \/>Downloads und Kopien dieser Seite sind nur f\u00fcr den privaten, nicht kommerziellen Gebrauch gestattet.<\/p>\n<hr data-start=\"2766\" data-end=\"2769\" \/>\n<h2 data-start=\"2771\" data-end=\"2795\"><strong data-start=\"2774\" data-end=\"2795\">Streitschlichtung<\/strong><\/h2>\n<p data-start=\"2796\" data-end=\"2923\">Die Europ\u00e4ische Kommission stellt eine Plattform zur Online-Streitbeilegung (OS) bereit:<br data-start=\"2884\" data-end=\"2887\" \/><a class=\"decorated-link cursor-pointer\" href=\"https:\/\/ec.europa.eu\/consumers\/odr\" target=\"_new\" rel=\"noopener\" data-start=\"2887\" data-end=\"2921\">https:\/\/ec.europa.eu\/consumers\/odr<\/a><\/p>\n<p data-start=\"2925\" data-end=\"3058\">Ich bin nicht verpflichtet und nicht bereit, an einem Streitbeilegungsverfahren vor einer Verbraucherschlichtungsstelle teilzunehmen.<\/p>\n<\/div>\n<\/div>\n<\/div>\n<\/div>\n","protected":false},"excerpt":{"rendered":"<p>\ud83d\udcda Impressum Angaben gem\u00e4\u00df \u00a7 5 TMG J\u00f6rg PolsterErich-K\u00e4stner-Str. 3539114 MagdeburgDeutschland Kontakt:Telefon: +49 173 754 7514E-Mail:\u00a0autor[at]md-lsa.de Verantwortlich f\u00fcr den Inhalt nach \u00a7 55 Abs. 2 RStV J\u00f6rg Polster[Anschrift wie oben] Haftungsausschluss (Disclaimer) Haftung f\u00fcr Inhalte Als Dienstanbieter bin ich gem\u00e4\u00df \u00a7 7 Abs. 1 TMG f\u00fcr eigene Inhalte auf diesen Seiten nach den allgemeinen Gesetzen [&hellip;]<\/p>\n","protected":false},"author":1,"featured_media":0,"parent":0,"menu_order":0,"comment_status":"closed","ping_status":"closed","template":"","meta":{"footnotes":""},"class_list":["post-191","page","type-page","status-publish","hentry","entry"],"_links":{"self":[{"href":"https:\/\/www.polstersbuchwelten.de\/index.php\/wp-json\/wp\/v2\/pages\/191","targetHints":{"allow":["GET"]}}],"collection":[{"href":"https:\/\/www.polstersbuchwelten.de\/index.php\/wp-json\/wp\/v2\/pages"}],"about":[{"href":"https:\/\/www.polstersbuchwelten.de\/index.php\/wp-json\/wp\/v2\/types\/page"}],"author":[{"embeddable":true,"href":"https:\/\/www.polstersbuchwelten.de\/index.php\/wp-json\/wp\/v2\/users\/1"}],"replies":[{"embeddable":true,"href":"https:\/\/www.polstersbuchwelten.de\/index.php\/wp-json\/wp\/v2\/comments?post=191"}],"version-history":[{"count":6,"href":"https:\/\/www.polstersbuchwelten.de\/index.php\/wp-json\/wp\/v2\/pages\/191\/revisions"}],"predecessor-version":[{"id":222,"href":"https:\/\/www.polstersbuchwelten.de\/index.php\/wp-json\/wp\/v2\/pages\/191\/revisions\/222"}],"wp:attachment":[{"href":"https:\/\/www.polstersbuchwelten.de\/index.php\/wp-json\/wp\/v2\/media?parent=191"}],"curies":[{"name":"wp","href":"https:\/\/api.w.org\/{rel}","templated":true}]}}